{"id":1071,"date":"2023-09-05T22:15:00","date_gmt":"2023-09-05T20:15:00","guid":{"rendered":"https:\/\/martin.armentierois.fr\/?page_id=1071"},"modified":"2023-09-05T22:15:00","modified_gmt":"2023-09-05T20:15:00","slug":"les-autels","status":"publish","type":"page","link":"https:\/\/vaast.armentierois.fr\/?page_id=1071","title":{"rendered":"Les autels"},"content":{"rendered":"\n<p>Dans l&#8217;\u00e9glise, on retrouve deux autels lat\u00e9raux, un \u00e0 gauche d\u00e9di\u00e9 \u00e0 la Vierge Marie, un second \u00e0 droite d\u00e9di\u00e9 \u00e0 St-Joseph, puis au centre l&#8217;Autel conciliaire, et derri\u00e8re le ma\u00eetre Autel avec le tabernacle o\u00f9 repose le Saint Sacrement. Le ch\u0153ur est ainsi comme une cr\u00e8che avec \u00e0 gauche la Vierge Marie, \u00e0 droite Saint Joseph et au centre l&#8217;enfant J\u00e9sus que nous attendons dans le pain de l&#8217;eucharistie.<\/p>\n","protected":false},"excerpt":{"rendered":"<p>Dans l&#8217;\u00e9glise, on retrouve deux autels lat\u00e9raux, un \u00e0 gauche d\u00e9di\u00e9 \u00e0 la Vierge Marie, un second \u00e0 droite d\u00e9di\u00e9 &hellip; <\/p>\n","protected":false},"author":1,"featured_media":0,"parent":0,"menu_order":0,"comment_status":"closed","ping_status":"closed","template":"","meta":{"footnotes":""},"class_list":["post-1071","page","type-page","status-publish","hentry"],"_links":{"self":[{"href":"https:\/\/vaast.armentierois.fr\/index.php?rest_route=\/wp\/v2\/pages\/1071","targetHints":{"allow":["GET"]}}],"collection":[{"href":"https:\/\/vaast.armentierois.fr\/index.php?rest_route=\/wp\/v2\/pages"}],"about":[{"href":"https:\/\/vaast.armentierois.fr\/index.php?rest_route=\/wp\/v2\/types\/page"}],"author":[{"embeddable":true,"href":"https:\/\/vaast.armentierois.fr\/index.php?rest_route=\/wp\/v2\/users\/1"}],"replies":[{"embeddable":true,"href":"https:\/\/vaast.armentierois.fr\/index.php?rest_route=%2Fwp%2Fv2%2Fcomments&post=1071"}],"version-history":[{"count":0,"href":"https:\/\/vaast.armentierois.fr\/index.php?rest_route=\/wp\/v2\/pages\/1071\/revisions"}],"wp:attachment":[{"href":"https:\/\/vaast.armentierois.fr\/index.php?rest_route=%2Fwp%2Fv2%2Fmedia&parent=1071"}],"curies":[{"name":"wp","href":"https:\/\/api.w.org\/{rel}","templated":true}]}}