{"id":1076,"date":"2023-09-05T22:21:03","date_gmt":"2023-09-05T20:21:03","guid":{"rendered":"https:\/\/martin.armentierois.fr\/?page_id=1076"},"modified":"2023-09-13T15:59:52","modified_gmt":"2023-09-13T13:59:52","slug":"autel-dedie-a-la-sainte-vierge","status":"publish","type":"page","link":"https:\/\/vaast.armentierois.fr\/?page_id=1076","title":{"rendered":"Autel d\u00e9di\u00e9 \u00e0 la Sainte Vierge"},"content":{"rendered":"\n<figure class=\"wp-block-image size-large\"><img loading=\"lazy\" decoding=\"async\" width=\"640\" height=\"853\" src=\"https:\/\/i0.wp.com\/vaast.armentierois.fr\/wp-content\/uploads\/2023\/09\/aa8a261b-23d6-479e-883f-357d889b64a2-4064-00000317d9b81fac_file.jpg?resize=640%2C853&#038;ssl=1\" alt=\"\" class=\"wp-image-1832\" srcset=\"https:\/\/i0.wp.com\/vaast.armentierois.fr\/wp-content\/uploads\/2023\/09\/aa8a261b-23d6-479e-883f-357d889b64a2-4064-00000317d9b81fac_file-scaled.jpg?resize=768%2C1024&amp;ssl=1 768w, https:\/\/i0.wp.com\/vaast.armentierois.fr\/wp-content\/uploads\/2023\/09\/aa8a261b-23d6-479e-883f-357d889b64a2-4064-00000317d9b81fac_file-scaled.jpg?resize=225%2C300&amp;ssl=1 225w, https:\/\/i0.wp.com\/vaast.armentierois.fr\/wp-content\/uploads\/2023\/09\/aa8a261b-23d6-479e-883f-357d889b64a2-4064-00000317d9b81fac_file-scaled.jpg?resize=1152%2C1536&amp;ssl=1 1152w, https:\/\/i0.wp.com\/vaast.armentierois.fr\/wp-content\/uploads\/2023\/09\/aa8a261b-23d6-479e-883f-357d889b64a2-4064-00000317d9b81fac_file-scaled.jpg?resize=1536%2C2048&amp;ssl=1 1536w, https:\/\/i0.wp.com\/vaast.armentierois.fr\/wp-content\/uploads\/2023\/09\/aa8a261b-23d6-479e-883f-357d889b64a2-4064-00000317d9b81fac_file-scaled.jpg?w=1920&amp;ssl=1 1920w, https:\/\/i0.wp.com\/vaast.armentierois.fr\/wp-content\/uploads\/2023\/09\/aa8a261b-23d6-479e-883f-357d889b64a2-4064-00000317d9b81fac_file-scaled.jpg?w=1280&amp;ssl=1 1280w\" sizes=\"auto, (max-width: 640px) 100vw, 640px\" data-recalc-dims=\"1\" \/><\/figure>\n\n\n\n<p>A gauche du ch\u0153ur est situ\u00e9e la chapelle Notre Dame. Une vierge au sceptre portant l\u2019enfant J\u00e9sus est dat\u00e9e du 18\u00e8me si\u00e8cle. Celle-ci fut sauv\u00e9e de la p\u00e9riode r\u00e9volutionnaire et \u00e9chappa aux bombardements de 1917. Derri\u00e8re la statue, on aper\u00e7oit un vitrail de l\u2019Annonciation r\u00e9alis\u00e9 par Paul Pruvost (1889-1968), pr\u00eatre et artiste.<\/p>\n\n\n\n<p>La R\u00e9volution fran\u00e7aise a \u00e9touff\u00e9 le culte public mais au fond du c\u0153ur la plupart des Nieppois gard\u00e8rent intacte la foi en Dieu et leur pi\u00e9t\u00e9 envers la Vierge nous dit l\u2019abb\u00e9 Meauxsoone.<\/p>\n\n\n\n<p>Les statues furent \u00e9galement br\u00fbl\u00e9es en cette p\u00e9riode troubl\u00e9e.<\/p>\n\n\n\n<p>D\u00e8s la r\u00e9ouverture de l\u2019\u00e9glise St Martin et le r\u00e9tablissement du culte, la Vierge eut \u00e0 nouveau sa statue au-dessus de l\u2019autel dans la chapelle Notre-Dame, restaur\u00e9e et une autre statue pour les processions&nbsp;: \u00ab&nbsp;la Vierge au sceptre&nbsp;\u00bb<\/p>\n\n\n\n<p>Cette statue de la Vierge \u00e0 l\u2019Enfant en bois dor\u00e9 fut sauv\u00e9e providentiellement en 1917.<\/p>\n\n\n\n<p>Elle est dat\u00e9e du XVIII<sup>e<\/sup> si\u00e8cle. Elle a \u00e9t\u00e9 un temps, plac\u00e9e \u00e0 c\u00f4t\u00e9 d\u2019un pilier et depuis une vingtaine d\u2019ann\u00e9es, a trouv\u00e9 sa place et se trouve bien mise en valeur..<\/p>\n\n\n\n<p>Elle a \u00e9t\u00e9 inscrite \u00e0 l\u2019inventaire suppl\u00e9mentaire des monuments historiques en octobre 2006\u2026 la m\u00eame ann\u00e9e que l\u2019assembl\u00e9e g\u00e9n\u00e9rale du Comit\u00e9 Flamand de France \u00e0 Nieppe.<\/p>\n\n\n\n<p>Y aurait-il eu un lien de cause \u00e0 effet&nbsp;? On peut se le demander&nbsp;!<\/p>\n\n\n\n<p>Petite anecdote, la couronne dont elle est ceinte, fut un temps, voyageuse\u2026et avait \u00e9migr\u00e9, si l&#8217;on peut dire sur le front de l\u2019enfant J\u00e9sus de la Vierge Bleue\u2026 des rivalit\u00e9s statuaires couronn\u00e9es !<\/p>\n\n\n\n<p>La Vierge bleue a \u00e9t\u00e9 donn\u00e9e par l\u2019abb\u00e9 Robert Meauxsoone\u2026\u00e0 la paroisse !<\/p>\n\n\n\n<figure class=\"wp-block-image size-large\"><img loading=\"lazy\" decoding=\"async\" width=\"640\" height=\"853\" src=\"https:\/\/i0.wp.com\/vaast.armentierois.fr\/wp-content\/uploads\/2023\/09\/147101b6-be93-4ba3-81ce-268a5e2f62f7-4064-000003182a25ba6c_file.jpg?resize=640%2C853&#038;ssl=1\" alt=\"\" class=\"wp-image-1833\" srcset=\"https:\/\/i0.wp.com\/vaast.armentierois.fr\/wp-content\/uploads\/2023\/09\/147101b6-be93-4ba3-81ce-268a5e2f62f7-4064-000003182a25ba6c_file-scaled.jpg?resize=768%2C1024&amp;ssl=1 768w, https:\/\/i0.wp.com\/vaast.armentierois.fr\/wp-content\/uploads\/2023\/09\/147101b6-be93-4ba3-81ce-268a5e2f62f7-4064-000003182a25ba6c_file-scaled.jpg?resize=225%2C300&amp;ssl=1 225w, https:\/\/i0.wp.com\/vaast.armentierois.fr\/wp-content\/uploads\/2023\/09\/147101b6-be93-4ba3-81ce-268a5e2f62f7-4064-000003182a25ba6c_file-scaled.jpg?resize=1152%2C1536&amp;ssl=1 1152w, https:\/\/i0.wp.com\/vaast.armentierois.fr\/wp-content\/uploads\/2023\/09\/147101b6-be93-4ba3-81ce-268a5e2f62f7-4064-000003182a25ba6c_file-scaled.jpg?resize=1536%2C2048&amp;ssl=1 1536w, https:\/\/i0.wp.com\/vaast.armentierois.fr\/wp-content\/uploads\/2023\/09\/147101b6-be93-4ba3-81ce-268a5e2f62f7-4064-000003182a25ba6c_file-scaled.jpg?w=1920&amp;ssl=1 1920w, https:\/\/i0.wp.com\/vaast.armentierois.fr\/wp-content\/uploads\/2023\/09\/147101b6-be93-4ba3-81ce-268a5e2f62f7-4064-000003182a25ba6c_file-scaled.jpg?w=1280&amp;ssl=1 1280w\" sizes=\"auto, (max-width: 640px) 100vw, 640px\" data-recalc-dims=\"1\" \/><\/figure>\n\n\n\n<p>Le M de Marie est dans une mandorle en foRome d\u2019amande, il est entour\u00e9 de roses, parfum de la bonne odeur du Christ.<\/p>\n\n\n\n<p>Un tabernacle est sur cet Autel o\u00f9 le Christ roi est repr\u00e9sent\u00e9.<\/p>\n\n\n\n<figure class=\"wp-block-image size-large\"><img loading=\"lazy\" decoding=\"async\" width=\"640\" height=\"853\" src=\"https:\/\/i0.wp.com\/vaast.armentierois.fr\/wp-content\/uploads\/2023\/09\/19199c09-e10c-4cb8-97bb-b2565c7112d6-4064-000003185d4e2121_file.jpg?resize=640%2C853&#038;ssl=1\" alt=\"\" class=\"wp-image-1834\" srcset=\"https:\/\/i0.wp.com\/vaast.armentierois.fr\/wp-content\/uploads\/2023\/09\/19199c09-e10c-4cb8-97bb-b2565c7112d6-4064-000003185d4e2121_file-scaled.jpg?resize=768%2C1024&amp;ssl=1 768w, https:\/\/i0.wp.com\/vaast.armentierois.fr\/wp-content\/uploads\/2023\/09\/19199c09-e10c-4cb8-97bb-b2565c7112d6-4064-000003185d4e2121_file-scaled.jpg?resize=225%2C300&amp;ssl=1 225w, https:\/\/i0.wp.com\/vaast.armentierois.fr\/wp-content\/uploads\/2023\/09\/19199c09-e10c-4cb8-97bb-b2565c7112d6-4064-000003185d4e2121_file-scaled.jpg?resize=1152%2C1536&amp;ssl=1 1152w, https:\/\/i0.wp.com\/vaast.armentierois.fr\/wp-content\/uploads\/2023\/09\/19199c09-e10c-4cb8-97bb-b2565c7112d6-4064-000003185d4e2121_file-scaled.jpg?resize=1536%2C2048&amp;ssl=1 1536w, https:\/\/i0.wp.com\/vaast.armentierois.fr\/wp-content\/uploads\/2023\/09\/19199c09-e10c-4cb8-97bb-b2565c7112d6-4064-000003185d4e2121_file-scaled.jpg?w=1920&amp;ssl=1 1920w, https:\/\/i0.wp.com\/vaast.armentierois.fr\/wp-content\/uploads\/2023\/09\/19199c09-e10c-4cb8-97bb-b2565c7112d6-4064-000003185d4e2121_file-scaled.jpg?w=1280&amp;ssl=1 1280w\" sizes=\"auto, (max-width: 640px) 100vw, 640px\" data-recalc-dims=\"1\" \/><\/figure>\n\n\n\n<figure class=\"wp-block-image size-large\"><img loading=\"lazy\" decoding=\"async\" width=\"640\" height=\"480\" src=\"https:\/\/i0.wp.com\/vaast.armentierois.fr\/wp-content\/uploads\/2023\/09\/f11bc0e7-0098-4134-8964-5e226babba37-4064-000003188989519d_file.jpg?resize=640%2C480&#038;ssl=1\" alt=\"\" class=\"wp-image-1835\" srcset=\"https:\/\/i0.wp.com\/vaast.armentierois.fr\/wp-content\/uploads\/2023\/09\/f11bc0e7-0098-4134-8964-5e226babba37-4064-000003188989519d_file-scaled.jpg?resize=1024%2C768&amp;ssl=1 1024w, https:\/\/i0.wp.com\/vaast.armentierois.fr\/wp-content\/uploads\/2023\/09\/f11bc0e7-0098-4134-8964-5e226babba37-4064-000003188989519d_file-scaled.jpg?resize=300%2C225&amp;ssl=1 300w, https:\/\/i0.wp.com\/vaast.armentierois.fr\/wp-content\/uploads\/2023\/09\/f11bc0e7-0098-4134-8964-5e226babba37-4064-000003188989519d_file-scaled.jpg?resize=768%2C576&amp;ssl=1 768w, https:\/\/i0.wp.com\/vaast.armentierois.fr\/wp-content\/uploads\/2023\/09\/f11bc0e7-0098-4134-8964-5e226babba37-4064-000003188989519d_file-scaled.jpg?resize=1536%2C1152&amp;ssl=1 1536w, https:\/\/i0.wp.com\/vaast.armentierois.fr\/wp-content\/uploads\/2023\/09\/f11bc0e7-0098-4134-8964-5e226babba37-4064-000003188989519d_file-scaled.jpg?resize=2048%2C1536&amp;ssl=1 2048w, https:\/\/i0.wp.com\/vaast.armentierois.fr\/wp-content\/uploads\/2023\/09\/f11bc0e7-0098-4134-8964-5e226babba37-4064-000003188989519d_file-scaled.jpg?w=1280&amp;ssl=1 1280w, https:\/\/i0.wp.com\/vaast.armentierois.fr\/wp-content\/uploads\/2023\/09\/f11bc0e7-0098-4134-8964-5e226babba37-4064-000003188989519d_file-scaled.jpg?w=1920&amp;ssl=1 1920w\" sizes=\"auto, (max-width: 640px) 100vw, 640px\" data-recalc-dims=\"1\" \/><figcaption class=\"wp-element-caption\">L\u2019Annonciation<\/figcaption><\/figure>\n\n\n\n<figure class=\"wp-block-image size-large\"><img loading=\"lazy\" decoding=\"async\" width=\"640\" height=\"480\" src=\"https:\/\/i0.wp.com\/vaast.armentierois.fr\/wp-content\/uploads\/2023\/09\/c13b0d2c-b256-44b5-813a-57fd05e725a0-4064-00000318ab8d16c7_file.jpg?resize=640%2C480&#038;ssl=1\" alt=\"\" class=\"wp-image-1836\" srcset=\"https:\/\/i0.wp.com\/vaast.armentierois.fr\/wp-content\/uploads\/2023\/09\/c13b0d2c-b256-44b5-813a-57fd05e725a0-4064-00000318ab8d16c7_file-scaled.jpg?resize=1024%2C768&amp;ssl=1 1024w, https:\/\/i0.wp.com\/vaast.armentierois.fr\/wp-content\/uploads\/2023\/09\/c13b0d2c-b256-44b5-813a-57fd05e725a0-4064-00000318ab8d16c7_file-scaled.jpg?resize=300%2C225&amp;ssl=1 300w, https:\/\/i0.wp.com\/vaast.armentierois.fr\/wp-content\/uploads\/2023\/09\/c13b0d2c-b256-44b5-813a-57fd05e725a0-4064-00000318ab8d16c7_file-scaled.jpg?resize=768%2C576&amp;ssl=1 768w, https:\/\/i0.wp.com\/vaast.armentierois.fr\/wp-content\/uploads\/2023\/09\/c13b0d2c-b256-44b5-813a-57fd05e725a0-4064-00000318ab8d16c7_file-scaled.jpg?resize=1536%2C1152&amp;ssl=1 1536w, https:\/\/i0.wp.com\/vaast.armentierois.fr\/wp-content\/uploads\/2023\/09\/c13b0d2c-b256-44b5-813a-57fd05e725a0-4064-00000318ab8d16c7_file-scaled.jpg?resize=2048%2C1536&amp;ssl=1 2048w, https:\/\/i0.wp.com\/vaast.armentierois.fr\/wp-content\/uploads\/2023\/09\/c13b0d2c-b256-44b5-813a-57fd05e725a0-4064-00000318ab8d16c7_file-scaled.jpg?w=1280&amp;ssl=1 1280w, https:\/\/i0.wp.com\/vaast.armentierois.fr\/wp-content\/uploads\/2023\/09\/c13b0d2c-b256-44b5-813a-57fd05e725a0-4064-00000318ab8d16c7_file-scaled.jpg?w=1920&amp;ssl=1 1920w\" sizes=\"auto, (max-width: 640px) 100vw, 640px\" data-recalc-dims=\"1\" \/><figcaption class=\"wp-element-caption\">La visitation<\/figcaption><\/figure>\n\n\n\n<p>Il figure sur le bas de la porte du tabernacle, l\u2019inscription latine \u00bb je suis le chemin, la v\u00e9rit\u00e9, la vie * je suis le pain de vie \u00bb<\/p>\n\n\n\n<figure class=\"wp-block-image size-large\"><img loading=\"lazy\" decoding=\"async\" width=\"640\" height=\"853\" src=\"https:\/\/i0.wp.com\/vaast.armentierois.fr\/wp-content\/uploads\/2023\/09\/905f1395-a3d9-4c15-a8d1-b196cb5c0edb-4064-00000319224ec2e3_file.jpg?resize=640%2C853&#038;ssl=1\" alt=\"\" class=\"wp-image-1838\" srcset=\"https:\/\/i0.wp.com\/vaast.armentierois.fr\/wp-content\/uploads\/2023\/09\/905f1395-a3d9-4c15-a8d1-b196cb5c0edb-4064-00000319224ec2e3_file-scaled.jpg?resize=768%2C1024&amp;ssl=1 768w, https:\/\/i0.wp.com\/vaast.armentierois.fr\/wp-content\/uploads\/2023\/09\/905f1395-a3d9-4c15-a8d1-b196cb5c0edb-4064-00000319224ec2e3_file-scaled.jpg?resize=225%2C300&amp;ssl=1 225w, https:\/\/i0.wp.com\/vaast.armentierois.fr\/wp-content\/uploads\/2023\/09\/905f1395-a3d9-4c15-a8d1-b196cb5c0edb-4064-00000319224ec2e3_file-scaled.jpg?resize=1152%2C1536&amp;ssl=1 1152w, https:\/\/i0.wp.com\/vaast.armentierois.fr\/wp-content\/uploads\/2023\/09\/905f1395-a3d9-4c15-a8d1-b196cb5c0edb-4064-00000319224ec2e3_file-scaled.jpg?resize=1536%2C2048&amp;ssl=1 1536w, https:\/\/i0.wp.com\/vaast.armentierois.fr\/wp-content\/uploads\/2023\/09\/905f1395-a3d9-4c15-a8d1-b196cb5c0edb-4064-00000319224ec2e3_file-scaled.jpg?w=1920&amp;ssl=1 1920w, https:\/\/i0.wp.com\/vaast.armentierois.fr\/wp-content\/uploads\/2023\/09\/905f1395-a3d9-4c15-a8d1-b196cb5c0edb-4064-00000319224ec2e3_file-scaled.jpg?w=1280&amp;ssl=1 1280w\" sizes=\"auto, (max-width: 640px) 100vw, 640px\" data-recalc-dims=\"1\" \/><\/figure>\n","protected":false},"excerpt":{"rendered":"<p>A gauche du ch\u0153ur est situ\u00e9e la chapelle Notre Dame. Une vierge au sceptre portant l\u2019enfant J\u00e9sus est dat\u00e9e du &hellip; <\/p>\n","protected":false},"author":1,"featured_media":1833,"parent":0,"menu_order":0,"comment_status":"closed","ping_status":"closed","template":"","meta":{"footnotes":""},"class_list":["post-1076","page","type-page","status-publish","has-post-thumbnail","hentry"],"_links":{"self":[{"href":"https:\/\/vaast.armentierois.fr\/index.php?rest_route=\/wp\/v2\/pages\/1076","targetHints":{"allow":["GET"]}}],"collection":[{"href":"https:\/\/vaast.armentierois.fr\/index.php?rest_route=\/wp\/v2\/pages"}],"about":[{"href":"https:\/\/vaast.armentierois.fr\/index.php?rest_route=\/wp\/v2\/types\/page"}],"author":[{"embeddable":true,"href":"https:\/\/vaast.armentierois.fr\/index.php?rest_route=\/wp\/v2\/users\/1"}],"replies":[{"embeddable":true,"href":"https:\/\/vaast.armentierois.fr\/index.php?rest_route=%2Fwp%2Fv2%2Fcomments&post=1076"}],"version-history":[{"count":3,"href":"https:\/\/vaast.armentierois.fr\/index.php?rest_route=\/wp\/v2\/pages\/1076\/revisions"}],"predecessor-version":[{"id":1840,"href":"https:\/\/vaast.armentierois.fr\/index.php?rest_route=\/wp\/v2\/pages\/1076\/revisions\/1840"}],"wp:featuredmedia":[{"embeddable":true,"href":"https:\/\/vaast.armentierois.fr\/index.php?rest_route=\/wp\/v2\/media\/1833"}],"wp:attachment":[{"href":"https:\/\/vaast.armentierois.fr\/index.php?rest_route=%2Fwp%2Fv2%2Fmedia&parent=1076"}],"curies":[{"name":"wp","href":"https:\/\/api.w.org\/{rel}","templated":true}]}}