{"id":1079,"date":"2023-09-05T22:21:36","date_gmt":"2023-09-05T20:21:36","guid":{"rendered":"https:\/\/martin.armentierois.fr\/?page_id=1079"},"modified":"2023-09-13T15:54:34","modified_gmt":"2023-09-13T13:54:34","slug":"autel-dedie-a-saint-joseph","status":"publish","type":"page","link":"https:\/\/vaast.armentierois.fr\/?page_id=1079","title":{"rendered":"Autel d\u00e9di\u00e9 \u00e0 Saint Joseph"},"content":{"rendered":"\n<p>L\u2019autel d\u00e9di\u00e9 \u00e0 Saint Joseph se situe \u00e0 la droite du ch\u0153ur. En fait, on a en quelque sorte dans le ch\u0153ur de l\u2019\u00e9glise Saint Martin, la sainte famille : La bienheureuse Vierge Marie \u00e0 gauche, J\u00e9sus avec le St-Sacrement au centre du ch\u0153ur et St-Joseph \u00e0 la droite du ch\u0153ur.<\/p>\n\n\n\n<figure class=\"wp-block-image size-large\"><img loading=\"lazy\" decoding=\"async\" width=\"640\" height=\"853\" src=\"https:\/\/i0.wp.com\/vaast.armentierois.fr\/wp-content\/uploads\/2023\/09\/d238dbce-0992-426c-842e-224c6d37f75f-4064-00000316d7d78433_file.jpg?resize=640%2C853&#038;ssl=1\" alt=\"\" class=\"wp-image-1827\" srcset=\"https:\/\/i0.wp.com\/vaast.armentierois.fr\/wp-content\/uploads\/2023\/09\/d238dbce-0992-426c-842e-224c6d37f75f-4064-00000316d7d78433_file-scaled.jpg?resize=768%2C1024&amp;ssl=1 768w, https:\/\/i0.wp.com\/vaast.armentierois.fr\/wp-content\/uploads\/2023\/09\/d238dbce-0992-426c-842e-224c6d37f75f-4064-00000316d7d78433_file-scaled.jpg?resize=225%2C300&amp;ssl=1 225w, https:\/\/i0.wp.com\/vaast.armentierois.fr\/wp-content\/uploads\/2023\/09\/d238dbce-0992-426c-842e-224c6d37f75f-4064-00000316d7d78433_file-scaled.jpg?resize=1152%2C1536&amp;ssl=1 1152w, https:\/\/i0.wp.com\/vaast.armentierois.fr\/wp-content\/uploads\/2023\/09\/d238dbce-0992-426c-842e-224c6d37f75f-4064-00000316d7d78433_file-scaled.jpg?resize=1536%2C2048&amp;ssl=1 1536w, https:\/\/i0.wp.com\/vaast.armentierois.fr\/wp-content\/uploads\/2023\/09\/d238dbce-0992-426c-842e-224c6d37f75f-4064-00000316d7d78433_file-scaled.jpg?w=1920&amp;ssl=1 1920w, https:\/\/i0.wp.com\/vaast.armentierois.fr\/wp-content\/uploads\/2023\/09\/d238dbce-0992-426c-842e-224c6d37f75f-4064-00000316d7d78433_file-scaled.jpg?w=1280&amp;ssl=1 1280w\" sizes=\"auto, (max-width: 640px) 100vw, 640px\" data-recalc-dims=\"1\" \/><\/figure>\n\n\n\n<p>Sous l\u2019autel, on voit aux c\u00f4t\u00e9s du symbole du Christ des lys, rappelant la virginit\u00e9 de Joseph.<\/p>\n\n\n\n<figure class=\"wp-block-image size-large\"><img loading=\"lazy\" decoding=\"async\" width=\"640\" height=\"853\" src=\"https:\/\/i0.wp.com\/vaast.armentierois.fr\/wp-content\/uploads\/2023\/09\/7768d737-6a2f-492d-867a-a317c883dfbc-4064-000003172e9849e4_file.jpg?resize=640%2C853&#038;ssl=1\" alt=\"\" class=\"wp-image-1828\" srcset=\"https:\/\/i0.wp.com\/vaast.armentierois.fr\/wp-content\/uploads\/2023\/09\/7768d737-6a2f-492d-867a-a317c883dfbc-4064-000003172e9849e4_file-scaled.jpg?resize=768%2C1024&amp;ssl=1 768w, https:\/\/i0.wp.com\/vaast.armentierois.fr\/wp-content\/uploads\/2023\/09\/7768d737-6a2f-492d-867a-a317c883dfbc-4064-000003172e9849e4_file-scaled.jpg?resize=225%2C300&amp;ssl=1 225w, https:\/\/i0.wp.com\/vaast.armentierois.fr\/wp-content\/uploads\/2023\/09\/7768d737-6a2f-492d-867a-a317c883dfbc-4064-000003172e9849e4_file-scaled.jpg?resize=1152%2C1536&amp;ssl=1 1152w, https:\/\/i0.wp.com\/vaast.armentierois.fr\/wp-content\/uploads\/2023\/09\/7768d737-6a2f-492d-867a-a317c883dfbc-4064-000003172e9849e4_file-scaled.jpg?resize=1536%2C2048&amp;ssl=1 1536w, https:\/\/i0.wp.com\/vaast.armentierois.fr\/wp-content\/uploads\/2023\/09\/7768d737-6a2f-492d-867a-a317c883dfbc-4064-000003172e9849e4_file-scaled.jpg?w=1920&amp;ssl=1 1920w, https:\/\/i0.wp.com\/vaast.armentierois.fr\/wp-content\/uploads\/2023\/09\/7768d737-6a2f-492d-867a-a317c883dfbc-4064-000003172e9849e4_file-scaled.jpg?w=1280&amp;ssl=1 1280w\" sizes=\"auto, (max-width: 640px) 100vw, 640px\" data-recalc-dims=\"1\" \/><\/figure>\n\n\n\n<figure class=\"wp-block-image size-large\"><img loading=\"lazy\" decoding=\"async\" width=\"640\" height=\"853\" src=\"https:\/\/i0.wp.com\/vaast.armentierois.fr\/wp-content\/uploads\/2023\/09\/07b17e74-a4f7-4fc0-b71e-d1d5e0e61ba4-4064-0000031779424b06_file.jpg?resize=640%2C853&#038;ssl=1\" alt=\"\" class=\"wp-image-1829\" srcset=\"https:\/\/i0.wp.com\/vaast.armentierois.fr\/wp-content\/uploads\/2023\/09\/07b17e74-a4f7-4fc0-b71e-d1d5e0e61ba4-4064-0000031779424b06_file-scaled.jpg?resize=768%2C1024&amp;ssl=1 768w, https:\/\/i0.wp.com\/vaast.armentierois.fr\/wp-content\/uploads\/2023\/09\/07b17e74-a4f7-4fc0-b71e-d1d5e0e61ba4-4064-0000031779424b06_file-scaled.jpg?resize=225%2C300&amp;ssl=1 225w, https:\/\/i0.wp.com\/vaast.armentierois.fr\/wp-content\/uploads\/2023\/09\/07b17e74-a4f7-4fc0-b71e-d1d5e0e61ba4-4064-0000031779424b06_file-scaled.jpg?resize=1152%2C1536&amp;ssl=1 1152w, https:\/\/i0.wp.com\/vaast.armentierois.fr\/wp-content\/uploads\/2023\/09\/07b17e74-a4f7-4fc0-b71e-d1d5e0e61ba4-4064-0000031779424b06_file-scaled.jpg?resize=1536%2C2048&amp;ssl=1 1536w, https:\/\/i0.wp.com\/vaast.armentierois.fr\/wp-content\/uploads\/2023\/09\/07b17e74-a4f7-4fc0-b71e-d1d5e0e61ba4-4064-0000031779424b06_file-scaled.jpg?w=1920&amp;ssl=1 1920w, https:\/\/i0.wp.com\/vaast.armentierois.fr\/wp-content\/uploads\/2023\/09\/07b17e74-a4f7-4fc0-b71e-d1d5e0e61ba4-4064-0000031779424b06_file-scaled.jpg?w=1280&amp;ssl=1 1280w\" sizes=\"auto, (max-width: 640px) 100vw, 640px\" data-recalc-dims=\"1\" \/><\/figure>\n\n\n\n<h2 class=\"wp-block-heading\" id=\"vie-de-saint-joseph\">Vie de saint Joseph<\/h2>\n\n\n\n<p>Saint Joseph est le p\u00e8re adoptif de J\u00e9sus Christ et l\u2019\u00e9poux de la Vierge Marie. La principale source d\u2019information le concernant est la Bible o\u00f9 il appara\u00eet dans le Nouveau Testament, dans les&nbsp;\u00e9vangiles de saint Luc&nbsp;et&nbsp;de saint Matthieu. Joseph est un descendant du roi David, il&nbsp;habite \u00e0 Nazareth&nbsp;en Palestine, o\u00f9&nbsp;<strong>il exerce le m\u00e9tier de charpentier.&nbsp;Joseph est appel\u00e9 \u201cle Juste\u201d<\/strong>&nbsp;car c\u2019est le qualificatif que donne de lui&nbsp;l\u2019evang\u00e9liste Matthieu. La tradition rapporte que Joseph avait un temp\u00e9rament humble et doux et \u00e9tait dou\u00e9 de grands talents. Il est le fils de Jacob et troisi\u00e8me de six fr\u00e8res, l\u2019un d\u2019eux, Alph\u00e9e, est le p\u00e8re des ap\u00f4tres Jacques et Jude que l\u2019\u00e9vangile appelle \u201cfr\u00e8res de J\u00e9sus\u201d et qui ne sont autres que ses cousins germains.&nbsp;<\/p>\n\n\n\n<p>A l\u2019\u00e2ge d\u2019environ trente ans, Joseph est convoqu\u00e9 par les pr\u00eatres du temple, avec d\u2019autres c\u00e9libataires de la tribu de David, pour d\u00e9signer parmi eux lequel \u00e9pousera la jeune vierge ayant grandi au Temple de J\u00e9rusalem,&nbsp;Marie de Nazareth. Arriv\u00e9s au temple, les pr\u00eatres pr\u00e9sentent \u00e0 chacun des pr\u00e9tendants une branche leur expliquant que la jeune Vierge Marie marierait le premier dont la branche aurait germ\u00e9. Cela fait \u00e9cho \u00e0 la proph\u00e9tie d\u2019Isa\u00efe : \u201c<em>De la racine de Jess\u00e9 sortira une branche, et sur laquelle na\u00eetra une fleur<\/em>\u201c. Seule la branche de Joseph fut fleurie et il fut reconnu l\u2019\u00e9poux destin\u00e9 par le Seigneur \u00e0 la Sainte Vierge. Saint Joseph est fianc\u00e9 \u00e0 Marie qui avant-m\u00eame d\u2019avoir habit\u00e9 avec son \u00e9poux re\u00e7oit la visite de l\u2019archange Gabriel, lors de l\u2019Annonciation (Lc 1, 38), et devient enceinte du Sauveur.&nbsp;Joseph est originaire de Bethl\u00e9em en Jud\u00e9e, o\u00f9 il se rend lors du recensement ordonn\u00e9 par C\u00e9sar. C\u2019est l\u00e0 que Marie met au monde J\u00e9sus (Lc 2, 1-7).<\/p>\n\n\n\n<p>Durant les \u00e9v\u00e9nements, entourant la&nbsp;venue au monde du Messie,&nbsp;saint Joseph est guid\u00e9 par un ange&nbsp;qui lui rend visite \u00e0 plusieurs reprises au cours de&nbsp;songes. L\u2019ange l\u2019encourage \u00e0 prendre Marie chez lui, lui r\u00e9v\u00e9lant que l\u2019Enfant qu\u2019elle porte vient de Dieu (Mt 1, 20-21), puis l\u2019ange revient apr\u00e8s la&nbsp;Nativit\u00e9, le pressant de mettre la m\u00e8re et l\u2019enfant \u00e0 l\u2019abri de la furie d\u2019H\u00e9rode (Mt 2, 13), c\u2019est la&nbsp;fuite en Egypte. Enfin, l\u2019ange vient une derni\u00e8re fois pr\u00e9venir Joseph que la menace est \u00e9cart\u00e9e (Mt 2, 19), la Sainte Famille peut rentrer \u00e0 Nazareth. Joseph meurt peu de temps avant le d\u00e9but de la&nbsp;vie publique de J\u00e9sus, il rend l\u2019\u00e2me entre les bras de Marie et J\u00e9sus ce qui fait de lui le&nbsp;patron de la bonne mort.&nbsp;<\/p>\n\n\n\n<p>L\u2019Eglise Catholique c\u00e9l\u00e8bre saint Joseph&nbsp;le 19 mars, sa&nbsp;f\u00eate<strong>&nbsp;<\/strong>est pr\u00e9par\u00e9e par une&nbsp;neuvaine.&nbsp;Tout le mois de mars est consacr\u00e9 \u00e0 saint Joseph, c\u2019est notamment l\u2019occasion de lui pr\u00e9senter notre cons\u00e9cration personnelle.&nbsp;Beaucoup de&nbsp;patronages sont confi\u00e9s \u00e0 saint Joseph&nbsp;par l\u2019Eglise :&nbsp;la famille, le travail, l\u2019Eglise Universelle,&nbsp;&#8230;<\/p>\n\n\n\n<p><strong><em>&nbsp;<\/em>Patronages de saint Joseph<\/strong><\/p>\n\n\n\n<p>Les&nbsp;patronages de saint Joseph&nbsp;sont nombreux : il est le&nbsp;saint patron de la famille,&nbsp;des p\u00e8res de famille, des travailleurs, des artisans&nbsp;(sp\u00e9cialement les charpentiers et menuisiers) et de la \u201cbonne mort\u201d. Saint Joseph est \u00e9galement le&nbsp;patron de l\u2019Eglise universelle&nbsp;depuis la proclamation du bienheureux pape Pie IX le 8 d\u00e9cembre 1870. De nombreuses villes et pays sont plac\u00e9s sous le patronage de saint Joseph. En g\u00e9n\u00e9ral,&nbsp;les chr\u00e9tiens confient \u00e0 saint Joseph toutes leurs pr\u00e9occupations mat\u00e9rielles, sp\u00e9cialement concernant le travail, le logement et la famille.<\/p>\n\n\n\n<p><strong>Pourquoi confier sa pri\u00e8re \u00e0 l\u2019intercession de St-Joseph ?<\/strong><\/p>\n\n\n\n<p>Saint Joseph est un homme exemplaire,&nbsp;mod\u00e8le des p\u00e8res de famille, il est aussi un exemple de travailleur et dot\u00e9 de grandes vertus (justice, chastet\u00e9, puret\u00e9, humilit\u00e9, bont\u00e9, et tant d\u2019autres). C\u2019est pourquoi les chr\u00e9tiens ont autant recours \u00e0 lui par de&nbsp;nombreuses pri\u00e8res. La<strong>&nbsp;<\/strong>d\u00e9votion \u00e0 saint Joseph<strong>&nbsp;<\/strong>s\u2019est d\u00e9velopp\u00e9e au fil des si\u00e8cles et beaucoup de&nbsp;miracles&nbsp;ont manifest\u00e9 son intercession concr\u00e8te et efficace.&nbsp;On le prie pour tous les probl\u00e8mes mat\u00e9riels&nbsp;:&nbsp;travail,&nbsp;logement, recherche d\u2019un conjoint, probl\u00e8me de sant\u00e9. Le saint patron des familles est invoqu\u00e9 pour solutionner tous les divers<strong>&nbsp;<\/strong>probl\u00e8mes familiaux<strong>&nbsp;<\/strong>: crise de couple, difficult\u00e9 \u00e0 avoir un enfant, \u00e9ducation des enfants, et toute&nbsp;cause difficile.&nbsp;Joseph est le saint patron des travailleurs, il interc\u00e8de pour tous les&nbsp;artisans.&nbsp;<\/p>\n\n\n\n<p>Dans les&nbsp;litanies de saint Joseph, il est appel\u00e9 \u201c<strong><em>Terreur des d\u00e9mons<\/em><\/strong>\u201d, saint Joseph en effet poss\u00e8de une puissance sp\u00e9ciale pour&nbsp;prot\u00e9ger du Mal.<\/p>\n\n\n\n<p><strong>Pri\u00e8re d\u2019intercession \u00e0 St-Joseph<\/strong><\/p>\n\n\n\n<p><em>Je vous salue, Joseph,<\/em><\/p>\n\n\n\n<p><em>Vous que la gr\u00e2ce divine a combl\u00e9.<\/em><\/p>\n\n\n\n<p><em>Le sauveur a repos\u00e9 dans vos bras et grandi sous vos yeux.<\/em><\/p>\n\n\n\n<p><em>Vous \u00eates b\u00e9ni entre tous les hommes,<\/em><\/p>\n\n\n\n<p><em>et J\u00e9sus, l\u2019enfant divin de votre virginale \u00e9pouse, est b\u00e9ni.<\/em><\/p>\n\n\n\n<p><em>Saint Joseph, donn\u00e9 pour p\u00e8re au Fils de Dieu,<\/em><\/p>\n\n\n\n<p><em>priez pour nous, dans nos soucis de famille, de sant\u00e9 et de travail, jusqu\u2019\u00e0 nos derniers jours,<\/em><\/p>\n\n\n\n<p><em>et daignez nous secourir \u00e0 l\u2019heure de notre mort.&nbsp;<\/em><\/p>\n\n\n\n<p><em>Amen.<\/em><\/p>\n","protected":false},"excerpt":{"rendered":"<p>L\u2019autel d\u00e9di\u00e9 \u00e0 Saint Joseph se situe \u00e0 la droite du ch\u0153ur. En fait, on a en quelque sorte dans &hellip; <\/p>\n","protected":false},"author":1,"featured_media":1827,"parent":0,"menu_order":0,"comment_status":"closed","ping_status":"closed","template":"","meta":{"footnotes":""},"class_list":["post-1079","page","type-page","status-publish","has-post-thumbnail","hentry"],"_links":{"self":[{"href":"https:\/\/vaast.armentierois.fr\/index.php?rest_route=\/wp\/v2\/pages\/1079","targetHints":{"allow":["GET"]}}],"collection":[{"href":"https:\/\/vaast.armentierois.fr\/index.php?rest_route=\/wp\/v2\/pages"}],"about":[{"href":"https:\/\/vaast.armentierois.fr\/index.php?rest_route=\/wp\/v2\/types\/page"}],"author":[{"embeddable":true,"href":"https:\/\/vaast.armentierois.fr\/index.php?rest_route=\/wp\/v2\/users\/1"}],"replies":[{"embeddable":true,"href":"https:\/\/vaast.armentierois.fr\/index.php?rest_route=%2Fwp%2Fv2%2Fcomments&post=1079"}],"version-history":[{"count":2,"href":"https:\/\/vaast.armentierois.fr\/index.php?rest_route=\/wp\/v2\/pages\/1079\/revisions"}],"predecessor-version":[{"id":1831,"href":"https:\/\/vaast.armentierois.fr\/index.php?rest_route=\/wp\/v2\/pages\/1079\/revisions\/1831"}],"wp:featuredmedia":[{"embeddable":true,"href":"https:\/\/vaast.armentierois.fr\/index.php?rest_route=\/wp\/v2\/media\/1827"}],"wp:attachment":[{"href":"https:\/\/vaast.armentierois.fr\/index.php?rest_route=%2Fwp%2Fv2%2Fmedia&parent=1079"}],"curies":[{"name":"wp","href":"https:\/\/api.w.org\/{rel}","templated":true}]}}