{"id":110,"date":"2023-07-16T17:12:51","date_gmt":"2023-07-16T15:12:51","guid":{"rendered":"http:\/\/www.nds.armentierois.fr\/?page_id=110"},"modified":"2023-09-13T16:01:21","modified_gmt":"2023-09-13T14:01:21","slug":"st-sacrement","status":"publish","type":"page","link":"https:\/\/vaast.armentierois.fr\/?page_id=110","title":{"rendered":"St-Sacrement"},"content":{"rendered":"\n<p>Le Saint Sacrement est la pr\u00e9sence r\u00e9elle de notre Seigneur J\u00e9sus-Christ sous l&#8217;apparence du pain de l&#8217;hostie. Elle demeure pr\u00e9sente apr\u00e8s la c\u00e9l\u00e9bration de la messe, c&#8217;est la raison pour laquelle les catholiques la conservent pr\u00e9cieusement dans un ciboire que l&#8217;on retrouve dans le tabernacle (derri\u00e8re la porte ferm\u00e9e \u00e0 cl\u00e9 se trouve le tr\u00e9sor des chr\u00e9tiens : J\u00e9sus vivant sous une hostie !). Souvent une lumi\u00e8re rouge indique la pr\u00e9sence r\u00e9elle, elle nous dit que le tabernacle n&#8217;est pas vide, que J\u00e9sus est bien pr\u00e9sent dans l&#8217;Eglise.<\/p>\n\n\n\n<figure class=\"wp-block-image size-large\"><img loading=\"lazy\" decoding=\"async\" width=\"640\" height=\"853\" src=\"https:\/\/i0.wp.com\/vaast.armentierois.fr\/wp-content\/uploads\/2023\/09\/26991a7b-b3ca-4681-97e2-1f15ad3418ed-4064-00000319b76a824e_file.jpg?resize=640%2C853&#038;ssl=1\" alt=\"\" class=\"wp-image-1841\" srcset=\"https:\/\/i0.wp.com\/vaast.armentierois.fr\/wp-content\/uploads\/2023\/09\/26991a7b-b3ca-4681-97e2-1f15ad3418ed-4064-00000319b76a824e_file-scaled.jpg?resize=768%2C1024&amp;ssl=1 768w, https:\/\/i0.wp.com\/vaast.armentierois.fr\/wp-content\/uploads\/2023\/09\/26991a7b-b3ca-4681-97e2-1f15ad3418ed-4064-00000319b76a824e_file-scaled.jpg?resize=225%2C300&amp;ssl=1 225w, https:\/\/i0.wp.com\/vaast.armentierois.fr\/wp-content\/uploads\/2023\/09\/26991a7b-b3ca-4681-97e2-1f15ad3418ed-4064-00000319b76a824e_file-scaled.jpg?resize=1152%2C1536&amp;ssl=1 1152w, https:\/\/i0.wp.com\/vaast.armentierois.fr\/wp-content\/uploads\/2023\/09\/26991a7b-b3ca-4681-97e2-1f15ad3418ed-4064-00000319b76a824e_file-scaled.jpg?resize=1536%2C2048&amp;ssl=1 1536w, https:\/\/i0.wp.com\/vaast.armentierois.fr\/wp-content\/uploads\/2023\/09\/26991a7b-b3ca-4681-97e2-1f15ad3418ed-4064-00000319b76a824e_file-scaled.jpg?w=1920&amp;ssl=1 1920w, https:\/\/i0.wp.com\/vaast.armentierois.fr\/wp-content\/uploads\/2023\/09\/26991a7b-b3ca-4681-97e2-1f15ad3418ed-4064-00000319b76a824e_file-scaled.jpg?w=1280&amp;ssl=1 1280w\" sizes=\"auto, (max-width: 640px) 100vw, 640px\" data-recalc-dims=\"1\" \/><\/figure>\n\n\n\n<p>Au dessus de la porte du tabernacle, on retrouve les lettres alpha et om\u00e9ga qui nous rappellent que le Christ est \u00e0 l\u2019origine et \u00e0 la fin de tout. Elles entourent le X (Christ) et le P (Pax) sculpt\u00e9s entre les lettre alpha et om\u00e9ga. J\u00e9sus est le Christ et il donne la paix.<\/p>\n\n\n\n<figure class=\"wp-block-image size-large\"><img decoding=\"async\" src=\"https:\/\/i0.wp.com\/martin.armentierois.fr\/wp-content\/uploads\/2023\/09\/aad29b6d-227c-4a5c-be6f-efe7b05dc282-3077-00000258d7a31347_file-1-1024x768.jpg?resize=640%2C480&#038;ssl=1\" alt=\"\" class=\"wp-image-1606\" data-recalc-dims=\"1\"\/><figcaption class=\"wp-element-caption\">D\u00e9tail du tabernacle <\/figcaption><\/figure>\n","protected":false},"excerpt":{"rendered":"<p>Le Saint Sacrement est la pr\u00e9sence r\u00e9elle de notre Seigneur J\u00e9sus-Christ sous l&#8217;apparence du pain de l&#8217;hostie. Elle demeure pr\u00e9sente &hellip; <\/p>\n","protected":false},"author":1,"featured_media":1841,"parent":0,"menu_order":0,"comment_status":"closed","ping_status":"closed","template":"","meta":{"footnotes":""},"class_list":["post-110","page","type-page","status-publish","has-post-thumbnail","hentry"],"_links":{"self":[{"href":"https:\/\/vaast.armentierois.fr\/index.php?rest_route=\/wp\/v2\/pages\/110","targetHints":{"allow":["GET"]}}],"collection":[{"href":"https:\/\/vaast.armentierois.fr\/index.php?rest_route=\/wp\/v2\/pages"}],"about":[{"href":"https:\/\/vaast.armentierois.fr\/index.php?rest_route=\/wp\/v2\/types\/page"}],"author":[{"embeddable":true,"href":"https:\/\/vaast.armentierois.fr\/index.php?rest_route=\/wp\/v2\/users\/1"}],"replies":[{"embeddable":true,"href":"https:\/\/vaast.armentierois.fr\/index.php?rest_route=%2Fwp%2Fv2%2Fcomments&post=110"}],"version-history":[{"count":2,"href":"https:\/\/vaast.armentierois.fr\/index.php?rest_route=\/wp\/v2\/pages\/110\/revisions"}],"predecessor-version":[{"id":1843,"href":"https:\/\/vaast.armentierois.fr\/index.php?rest_route=\/wp\/v2\/pages\/110\/revisions\/1843"}],"wp:featuredmedia":[{"embeddable":true,"href":"https:\/\/vaast.armentierois.fr\/index.php?rest_route=\/wp\/v2\/media\/1841"}],"wp:attachment":[{"href":"https:\/\/vaast.armentierois.fr\/index.php?rest_route=%2Fwp%2Fv2%2Fmedia&parent=110"}],"curies":[{"name":"wp","href":"https:\/\/api.w.org\/{rel}","templated":true}]}}