{"id":135,"date":"2023-07-16T17:48:47","date_gmt":"2023-07-16T15:48:47","guid":{"rendered":"http:\/\/www.nds.armentierois.fr\/?page_id=135"},"modified":"2023-09-17T09:55:13","modified_gmt":"2023-09-17T07:55:13","slug":"les-vitraux","status":"publish","type":"page","link":"https:\/\/vaast.armentierois.fr\/?page_id=135","title":{"rendered":"Les vitraux de l\u2019abside"},"content":{"rendered":"\n<p>Trois vitraux ornent le ch\u0153ur de l&#8217;abside, le principal repr\u00e9sente le Christ en croix. <\/p>\n\n\n\n<figure class=\"wp-block-image size-large\"><img loading=\"lazy\" decoding=\"async\" width=\"640\" height=\"480\" src=\"https:\/\/i0.wp.com\/vaast.armentierois.fr\/wp-content\/uploads\/2023\/09\/dfe32343-3212-4b30-b70d-fd2c85f81373-4064-0000031a944b5212_file.jpg?resize=640%2C480&#038;ssl=1\" alt=\"\" class=\"wp-image-1845\" srcset=\"https:\/\/i0.wp.com\/vaast.armentierois.fr\/wp-content\/uploads\/2023\/09\/dfe32343-3212-4b30-b70d-fd2c85f81373-4064-0000031a944b5212_file-scaled.jpg?resize=1024%2C768&amp;ssl=1 1024w, https:\/\/i0.wp.com\/vaast.armentierois.fr\/wp-content\/uploads\/2023\/09\/dfe32343-3212-4b30-b70d-fd2c85f81373-4064-0000031a944b5212_file-scaled.jpg?resize=300%2C225&amp;ssl=1 300w, https:\/\/i0.wp.com\/vaast.armentierois.fr\/wp-content\/uploads\/2023\/09\/dfe32343-3212-4b30-b70d-fd2c85f81373-4064-0000031a944b5212_file-scaled.jpg?resize=768%2C576&amp;ssl=1 768w, https:\/\/i0.wp.com\/vaast.armentierois.fr\/wp-content\/uploads\/2023\/09\/dfe32343-3212-4b30-b70d-fd2c85f81373-4064-0000031a944b5212_file-scaled.jpg?resize=1536%2C1152&amp;ssl=1 1536w, https:\/\/i0.wp.com\/vaast.armentierois.fr\/wp-content\/uploads\/2023\/09\/dfe32343-3212-4b30-b70d-fd2c85f81373-4064-0000031a944b5212_file-scaled.jpg?resize=2048%2C1536&amp;ssl=1 2048w, https:\/\/i0.wp.com\/vaast.armentierois.fr\/wp-content\/uploads\/2023\/09\/dfe32343-3212-4b30-b70d-fd2c85f81373-4064-0000031a944b5212_file-scaled.jpg?w=1280&amp;ssl=1 1280w, https:\/\/i0.wp.com\/vaast.armentierois.fr\/wp-content\/uploads\/2023\/09\/dfe32343-3212-4b30-b70d-fd2c85f81373-4064-0000031a944b5212_file-scaled.jpg?w=1920&amp;ssl=1 1920w\" sizes=\"auto, (max-width: 640px) 100vw, 640px\" data-recalc-dims=\"1\" \/><\/figure>\n\n\n\n<p>On y retrouve au dessus l&#8217;inscription INRI (J\u00e9sus Nazar\u00e9en Roi des Juifs). Sous le Christ, au pied de la croix, il y a la Vierge Marie, sa m\u00e8re et Jean. Nous nous souvenons que J\u00e9sus a confi\u00e9 \u00e0 Marie l&#8217;Ap\u00f4tre Jean et \u00e0 l&#8217;ap\u00f4tre Jean a \u00e9t\u00e9 confi\u00e9 Marie. &#8220;Femme, voici ton fils&#8221; &#8220;Fils, voici ta m\u00e8re&#8221;. J\u00e9sus donne \u00e0 chacun de nous Marie pour M\u00e8re. Nous pouvons nous confier \u00e0 Marie, tel un fils ou une fille \u00e0 sa m\u00e8re. Un c\u0153ur de m\u00e8re comprend tout.<\/p>\n\n\n\n<figure class=\"wp-block-image size-large\"><img loading=\"lazy\" decoding=\"async\" width=\"640\" height=\"853\" src=\"https:\/\/i0.wp.com\/vaast.armentierois.fr\/wp-content\/uploads\/2023\/09\/b51b65e2-353a-4616-9f67-be9455e95c2f-4064-0000031ac9a3764d_file.jpg?resize=640%2C853&#038;ssl=1\" alt=\"\" class=\"wp-image-1846\" srcset=\"https:\/\/i0.wp.com\/vaast.armentierois.fr\/wp-content\/uploads\/2023\/09\/b51b65e2-353a-4616-9f67-be9455e95c2f-4064-0000031ac9a3764d_file-scaled.jpg?resize=768%2C1024&amp;ssl=1 768w, https:\/\/i0.wp.com\/vaast.armentierois.fr\/wp-content\/uploads\/2023\/09\/b51b65e2-353a-4616-9f67-be9455e95c2f-4064-0000031ac9a3764d_file-scaled.jpg?resize=225%2C300&amp;ssl=1 225w, https:\/\/i0.wp.com\/vaast.armentierois.fr\/wp-content\/uploads\/2023\/09\/b51b65e2-353a-4616-9f67-be9455e95c2f-4064-0000031ac9a3764d_file-scaled.jpg?resize=1152%2C1536&amp;ssl=1 1152w, https:\/\/i0.wp.com\/vaast.armentierois.fr\/wp-content\/uploads\/2023\/09\/b51b65e2-353a-4616-9f67-be9455e95c2f-4064-0000031ac9a3764d_file-scaled.jpg?resize=1536%2C2048&amp;ssl=1 1536w, https:\/\/i0.wp.com\/vaast.armentierois.fr\/wp-content\/uploads\/2023\/09\/b51b65e2-353a-4616-9f67-be9455e95c2f-4064-0000031ac9a3764d_file-scaled.jpg?w=1920&amp;ssl=1 1920w, https:\/\/i0.wp.com\/vaast.armentierois.fr\/wp-content\/uploads\/2023\/09\/b51b65e2-353a-4616-9f67-be9455e95c2f-4064-0000031ac9a3764d_file-scaled.jpg?w=1280&amp;ssl=1 1280w\" sizes=\"auto, (max-width: 640px) 100vw, 640px\" data-recalc-dims=\"1\" \/><\/figure>\n\n\n\n<p>Le vitrail de gauche repr\u00e9sente la nativit\u00e9 de J\u00e9sus. En haut, l&#8217;\u00e9toile de David indique Bethl\u00e9em, le lieu de la nativit\u00e9. Marie, Joseph, un mage, les bergers, l&#8217;\u00e2ne et le b\u0153uf sont repr\u00e9sent\u00e9s. Ils adorent le nouveau n\u00e9, l&#8217;enfant J\u00e9sus. &#8220;Aujourd&#8217;hui, vous est n\u00e9 un sauveur&#8221;. Lorsqu&#8217;on accueille J\u00e9sus dans sa vie, on accueille son Salut, on est sauv\u00e9.<\/p>\n\n\n\n<figure class=\"wp-block-image size-large\"><img loading=\"lazy\" decoding=\"async\" width=\"640\" height=\"853\" src=\"https:\/\/i0.wp.com\/vaast.armentierois.fr\/wp-content\/uploads\/2023\/09\/ae6ef77e-c4c0-4dbb-893a-48897410568b-4064-0000031ae8ae5a91_file.jpg?resize=640%2C853&#038;ssl=1\" alt=\"\" class=\"wp-image-1847\" srcset=\"https:\/\/i0.wp.com\/vaast.armentierois.fr\/wp-content\/uploads\/2023\/09\/ae6ef77e-c4c0-4dbb-893a-48897410568b-4064-0000031ae8ae5a91_file-scaled.jpg?resize=768%2C1024&amp;ssl=1 768w, https:\/\/i0.wp.com\/vaast.armentierois.fr\/wp-content\/uploads\/2023\/09\/ae6ef77e-c4c0-4dbb-893a-48897410568b-4064-0000031ae8ae5a91_file-scaled.jpg?resize=225%2C300&amp;ssl=1 225w, https:\/\/i0.wp.com\/vaast.armentierois.fr\/wp-content\/uploads\/2023\/09\/ae6ef77e-c4c0-4dbb-893a-48897410568b-4064-0000031ae8ae5a91_file-scaled.jpg?resize=1152%2C1536&amp;ssl=1 1152w, https:\/\/i0.wp.com\/vaast.armentierois.fr\/wp-content\/uploads\/2023\/09\/ae6ef77e-c4c0-4dbb-893a-48897410568b-4064-0000031ae8ae5a91_file-scaled.jpg?resize=1536%2C2048&amp;ssl=1 1536w, https:\/\/i0.wp.com\/vaast.armentierois.fr\/wp-content\/uploads\/2023\/09\/ae6ef77e-c4c0-4dbb-893a-48897410568b-4064-0000031ae8ae5a91_file-scaled.jpg?w=1920&amp;ssl=1 1920w, https:\/\/i0.wp.com\/vaast.armentierois.fr\/wp-content\/uploads\/2023\/09\/ae6ef77e-c4c0-4dbb-893a-48897410568b-4064-0000031ae8ae5a91_file-scaled.jpg?w=1280&amp;ssl=1 1280w\" sizes=\"auto, (max-width: 640px) 100vw, 640px\" data-recalc-dims=\"1\" \/><\/figure>\n\n\n\n<p>Le troisi\u00e8me vitrail, celui de droite est celui de l&#8217;institution de l&#8217;Eucharistie, du dernier repas de J\u00e9sus. J\u00e9sus se donne aux douze ap\u00f4tres sous le pain et le vin de l&#8217;eucharistie. &#8220;Prenez et mangez en tous ceci est mon corps. Prenez et buvez en tous, ceci est mon sang&#8221;. L&#8217;ap\u00f4tre Judas est repr\u00e9sent\u00e9 la bourse \u00e0 la main.  Saint Jean a sa t\u00eate pench\u00e9 sur la poitrine de J\u00e9sus.<\/p>\n\n\n\n<figure class=\"wp-block-image size-large\"><img loading=\"lazy\" decoding=\"async\" width=\"640\" height=\"853\" src=\"https:\/\/i0.wp.com\/vaast.armentierois.fr\/wp-content\/uploads\/2023\/09\/5db33b16-2eef-4e46-a7a3-6f1d2c986b64-4064-0000031b0935320f_file.jpg?resize=640%2C853&#038;ssl=1\" alt=\"\" class=\"wp-image-1848\" srcset=\"https:\/\/i0.wp.com\/vaast.armentierois.fr\/wp-content\/uploads\/2023\/09\/5db33b16-2eef-4e46-a7a3-6f1d2c986b64-4064-0000031b0935320f_file-scaled.jpg?resize=768%2C1024&amp;ssl=1 768w, https:\/\/i0.wp.com\/vaast.armentierois.fr\/wp-content\/uploads\/2023\/09\/5db33b16-2eef-4e46-a7a3-6f1d2c986b64-4064-0000031b0935320f_file-scaled.jpg?resize=225%2C300&amp;ssl=1 225w, https:\/\/i0.wp.com\/vaast.armentierois.fr\/wp-content\/uploads\/2023\/09\/5db33b16-2eef-4e46-a7a3-6f1d2c986b64-4064-0000031b0935320f_file-scaled.jpg?resize=1152%2C1536&amp;ssl=1 1152w, https:\/\/i0.wp.com\/vaast.armentierois.fr\/wp-content\/uploads\/2023\/09\/5db33b16-2eef-4e46-a7a3-6f1d2c986b64-4064-0000031b0935320f_file-scaled.jpg?resize=1536%2C2048&amp;ssl=1 1536w, https:\/\/i0.wp.com\/vaast.armentierois.fr\/wp-content\/uploads\/2023\/09\/5db33b16-2eef-4e46-a7a3-6f1d2c986b64-4064-0000031b0935320f_file-scaled.jpg?w=1920&amp;ssl=1 1920w, https:\/\/i0.wp.com\/vaast.armentierois.fr\/wp-content\/uploads\/2023\/09\/5db33b16-2eef-4e46-a7a3-6f1d2c986b64-4064-0000031b0935320f_file-scaled.jpg?w=1280&amp;ssl=1 1280w\" sizes=\"auto, (max-width: 640px) 100vw, 640px\" data-recalc-dims=\"1\" \/><\/figure>\n\n\n\n<p>Au-dessus de l\u2019autel de la Vierge, on observe une petite rosace, install\u00e9e en 1932.<\/p>\n\n\n\n<p>Cette rosace repr\u00e9sente les sept dons du Saint-Esprit&nbsp;: La pi\u00e9t\u00e9 au centre, entour\u00e9e de la sagesse, la science, la crainte, l\u2019intelligence, le conseil et le courage. Comme les autres vitraux nord, la couleur dominante y est le bleu<\/p>\n\n\n\n<figure class=\"wp-block-image size-large\"><img loading=\"lazy\" decoding=\"async\" width=\"640\" height=\"480\" src=\"https:\/\/i0.wp.com\/vaast.armentierois.fr\/wp-content\/uploads\/2023\/09\/5b4366a6-ce3a-4319-a489-9d9d7a541c4c-4064-0000031b60787058_file.jpg?resize=640%2C480&#038;ssl=1\" alt=\"\" class=\"wp-image-1849\" srcset=\"https:\/\/i0.wp.com\/vaast.armentierois.fr\/wp-content\/uploads\/2023\/09\/5b4366a6-ce3a-4319-a489-9d9d7a541c4c-4064-0000031b60787058_file-scaled.jpg?resize=1024%2C768&amp;ssl=1 1024w, https:\/\/i0.wp.com\/vaast.armentierois.fr\/wp-content\/uploads\/2023\/09\/5b4366a6-ce3a-4319-a489-9d9d7a541c4c-4064-0000031b60787058_file-scaled.jpg?resize=300%2C225&amp;ssl=1 300w, https:\/\/i0.wp.com\/vaast.armentierois.fr\/wp-content\/uploads\/2023\/09\/5b4366a6-ce3a-4319-a489-9d9d7a541c4c-4064-0000031b60787058_file-scaled.jpg?resize=768%2C576&amp;ssl=1 768w, https:\/\/i0.wp.com\/vaast.armentierois.fr\/wp-content\/uploads\/2023\/09\/5b4366a6-ce3a-4319-a489-9d9d7a541c4c-4064-0000031b60787058_file-scaled.jpg?resize=1536%2C1152&amp;ssl=1 1536w, https:\/\/i0.wp.com\/vaast.armentierois.fr\/wp-content\/uploads\/2023\/09\/5b4366a6-ce3a-4319-a489-9d9d7a541c4c-4064-0000031b60787058_file-scaled.jpg?resize=2048%2C1536&amp;ssl=1 2048w, https:\/\/i0.wp.com\/vaast.armentierois.fr\/wp-content\/uploads\/2023\/09\/5b4366a6-ce3a-4319-a489-9d9d7a541c4c-4064-0000031b60787058_file-scaled.jpg?w=1280&amp;ssl=1 1280w, https:\/\/i0.wp.com\/vaast.armentierois.fr\/wp-content\/uploads\/2023\/09\/5b4366a6-ce3a-4319-a489-9d9d7a541c4c-4064-0000031b60787058_file-scaled.jpg?w=1920&amp;ssl=1 1920w\" sizes=\"auto, (max-width: 640px) 100vw, 640px\" data-recalc-dims=\"1\" \/><\/figure>\n\n\n\n<p>Au-dessus de l\u2019autel de Saint Joseph, on observe une petite rosace, install\u00e9e en 1932.<\/p>\n\n\n\n<p>Cette rosace repr\u00e9sente les vertus cardinales et th\u00e9ologales : La justice au centre, entour\u00e9e de la prudence, la mod\u00e9ration et la force pour les vertus cardinales, et de la foi, l\u2019esp\u00e9rance et la charit\u00e9 pour les vertus th\u00e9ologales.<\/p>\n\n\n\n<p>Comme les autres vitraux sud, la couleur dominante y est le rouge.<\/p>\n\n\n\n<figure class=\"wp-block-image size-large\"><img loading=\"lazy\" decoding=\"async\" width=\"640\" height=\"480\" src=\"https:\/\/i0.wp.com\/vaast.armentierois.fr\/wp-content\/uploads\/2023\/09\/6a9b512e-1c67-4af1-8985-33643c808b49-4064-0000031b9f3eaa53_file.jpg?resize=640%2C480&#038;ssl=1\" alt=\"\" class=\"wp-image-1850\" srcset=\"https:\/\/i0.wp.com\/vaast.armentierois.fr\/wp-content\/uploads\/2023\/09\/6a9b512e-1c67-4af1-8985-33643c808b49-4064-0000031b9f3eaa53_file-scaled.jpg?resize=1024%2C768&amp;ssl=1 1024w, https:\/\/i0.wp.com\/vaast.armentierois.fr\/wp-content\/uploads\/2023\/09\/6a9b512e-1c67-4af1-8985-33643c808b49-4064-0000031b9f3eaa53_file-scaled.jpg?resize=300%2C225&amp;ssl=1 300w, https:\/\/i0.wp.com\/vaast.armentierois.fr\/wp-content\/uploads\/2023\/09\/6a9b512e-1c67-4af1-8985-33643c808b49-4064-0000031b9f3eaa53_file-scaled.jpg?resize=768%2C576&amp;ssl=1 768w, https:\/\/i0.wp.com\/vaast.armentierois.fr\/wp-content\/uploads\/2023\/09\/6a9b512e-1c67-4af1-8985-33643c808b49-4064-0000031b9f3eaa53_file-scaled.jpg?resize=1536%2C1152&amp;ssl=1 1536w, https:\/\/i0.wp.com\/vaast.armentierois.fr\/wp-content\/uploads\/2023\/09\/6a9b512e-1c67-4af1-8985-33643c808b49-4064-0000031b9f3eaa53_file-scaled.jpg?resize=2048%2C1536&amp;ssl=1 2048w, https:\/\/i0.wp.com\/vaast.armentierois.fr\/wp-content\/uploads\/2023\/09\/6a9b512e-1c67-4af1-8985-33643c808b49-4064-0000031b9f3eaa53_file-scaled.jpg?w=1280&amp;ssl=1 1280w, https:\/\/i0.wp.com\/vaast.armentierois.fr\/wp-content\/uploads\/2023\/09\/6a9b512e-1c67-4af1-8985-33643c808b49-4064-0000031b9f3eaa53_file-scaled.jpg?w=1920&amp;ssl=1 1920w\" sizes=\"auto, (max-width: 640px) 100vw, 640px\" data-recalc-dims=\"1\" \/><\/figure>\n\n\n\n<figure class=\"wp-block-image size-large\"><img loading=\"lazy\" decoding=\"async\" width=\"640\" height=\"853\" src=\"https:\/\/i0.wp.com\/vaast.armentierois.fr\/wp-content\/uploads\/2023\/09\/b65438f5-d848-40a3-8afe-481739b53b3f-4064-0000031bc8bb5c2e_file.jpg?resize=640%2C853&#038;ssl=1\" alt=\"\" class=\"wp-image-1851\" srcset=\"https:\/\/i0.wp.com\/vaast.armentierois.fr\/wp-content\/uploads\/2023\/09\/b65438f5-d848-40a3-8afe-481739b53b3f-4064-0000031bc8bb5c2e_file-scaled.jpg?resize=768%2C1024&amp;ssl=1 768w, https:\/\/i0.wp.com\/vaast.armentierois.fr\/wp-content\/uploads\/2023\/09\/b65438f5-d848-40a3-8afe-481739b53b3f-4064-0000031bc8bb5c2e_file-scaled.jpg?resize=225%2C300&amp;ssl=1 225w, https:\/\/i0.wp.com\/vaast.armentierois.fr\/wp-content\/uploads\/2023\/09\/b65438f5-d848-40a3-8afe-481739b53b3f-4064-0000031bc8bb5c2e_file-scaled.jpg?resize=1152%2C1536&amp;ssl=1 1152w, https:\/\/i0.wp.com\/vaast.armentierois.fr\/wp-content\/uploads\/2023\/09\/b65438f5-d848-40a3-8afe-481739b53b3f-4064-0000031bc8bb5c2e_file-scaled.jpg?resize=1536%2C2048&amp;ssl=1 1536w, https:\/\/i0.wp.com\/vaast.armentierois.fr\/wp-content\/uploads\/2023\/09\/b65438f5-d848-40a3-8afe-481739b53b3f-4064-0000031bc8bb5c2e_file-scaled.jpg?w=1920&amp;ssl=1 1920w, https:\/\/i0.wp.com\/vaast.armentierois.fr\/wp-content\/uploads\/2023\/09\/b65438f5-d848-40a3-8afe-481739b53b3f-4064-0000031bc8bb5c2e_file-scaled.jpg?w=1280&amp;ssl=1 1280w\" sizes=\"auto, (max-width: 640px) 100vw, 640px\" data-recalc-dims=\"1\" \/><figcaption class=\"wp-element-caption\">M\u00e9ditation, eucharistie, z\u00e8le pour les \u0153uvres \/ \u00c9critures Saintes, Go\u00fbt de la liturgie, sciences<\/figcaption><\/figure>\n\n\n\n<p>A droite de l&#8217;autel de St-Joseph, les deux baies de vitraux repr\u00e9sentent d&#8217;un c\u00f4t\u00e9 les vertus du pr\u00eatre : la foi, la pi\u00e9t\u00e9, la chastet\u00e9, la charit\u00e9 et de l&#8217;autre c\u00f4t\u00e9 sont expos\u00e9es les conditions de la vocation : l&#8217;appel de Dieu, la puret\u00e9, le d\u00e9vouement.<\/p>\n\n\n\n<figure class=\"wp-block-image size-large\"><img loading=\"lazy\" decoding=\"async\" width=\"640\" height=\"853\" src=\"https:\/\/i0.wp.com\/vaast.armentierois.fr\/wp-content\/uploads\/2023\/09\/5d0f4e56-3a3d-42cc-898b-96c1f7c566c2-5624-0000033ae9239315_file.jpg?resize=640%2C853&#038;ssl=1\" alt=\"\" class=\"wp-image-1861\" srcset=\"https:\/\/i0.wp.com\/vaast.armentierois.fr\/wp-content\/uploads\/2023\/09\/5d0f4e56-3a3d-42cc-898b-96c1f7c566c2-5624-0000033ae9239315_file-scaled.jpg?resize=768%2C1024&amp;ssl=1 768w, https:\/\/i0.wp.com\/vaast.armentierois.fr\/wp-content\/uploads\/2023\/09\/5d0f4e56-3a3d-42cc-898b-96c1f7c566c2-5624-0000033ae9239315_file-scaled.jpg?resize=225%2C300&amp;ssl=1 225w, https:\/\/i0.wp.com\/vaast.armentierois.fr\/wp-content\/uploads\/2023\/09\/5d0f4e56-3a3d-42cc-898b-96c1f7c566c2-5624-0000033ae9239315_file-scaled.jpg?resize=1152%2C1536&amp;ssl=1 1152w, https:\/\/i0.wp.com\/vaast.armentierois.fr\/wp-content\/uploads\/2023\/09\/5d0f4e56-3a3d-42cc-898b-96c1f7c566c2-5624-0000033ae9239315_file-scaled.jpg?resize=1536%2C2048&amp;ssl=1 1536w, https:\/\/i0.wp.com\/vaast.armentierois.fr\/wp-content\/uploads\/2023\/09\/5d0f4e56-3a3d-42cc-898b-96c1f7c566c2-5624-0000033ae9239315_file-scaled.jpg?w=1920&amp;ssl=1 1920w, https:\/\/i0.wp.com\/vaast.armentierois.fr\/wp-content\/uploads\/2023\/09\/5d0f4e56-3a3d-42cc-898b-96c1f7c566c2-5624-0000033ae9239315_file-scaled.jpg?w=1280&amp;ssl=1 1280w\" sizes=\"auto, (max-width: 640px) 100vw, 640px\" data-recalc-dims=\"1\" \/><figcaption class=\"wp-element-caption\">Foi et pi\u00e9t\u00e9, chastet\u00e9 conjugale, charit\u00e9 \/ appel de Dieu, puret\u00e9, d\u00e9vouement <\/figcaption><\/figure>\n\n\n\n<p>Dans La Chapelle d\u00e9di\u00e9e \u00e0 Sainte Th\u00e9r\u00e8se, on trouve \u00e9galement des vitraux, le premier repr\u00e9sente la sainte avec la pluie de roses et de gr\u00e2ces qui est tomb\u00e9e apr\u00e8s sa mort. Th\u00e9r\u00e8se, s&#8217;appelle Th\u00e9r\u00e8se de l&#8217;enfant J\u00e9sus et de la sainte face, c&#8217;est la raison pour laquelle l&#8217;enfant J\u00e9sus est repr\u00e9sent\u00e9 au dessus d&#8217;elle. Bien que rest\u00e9e dans son Carmel, Th\u00e9r\u00e8se a pri\u00e9 pour les missionnaires et est devenue la sainte patronne des missions. <\/p>\n\n\n\n<figure class=\"wp-block-image size-large\"><img loading=\"lazy\" decoding=\"async\" width=\"640\" height=\"853\" src=\"https:\/\/i0.wp.com\/vaast.armentierois.fr\/wp-content\/uploads\/2023\/09\/41ea98f2-b729-4306-a544-fedf61e5b358-5624-0000033b9890cbc4_file.jpg?resize=640%2C853&#038;ssl=1\" alt=\"\" class=\"wp-image-1863\" srcset=\"https:\/\/i0.wp.com\/vaast.armentierois.fr\/wp-content\/uploads\/2023\/09\/41ea98f2-b729-4306-a544-fedf61e5b358-5624-0000033b9890cbc4_file-scaled.jpg?resize=768%2C1024&amp;ssl=1 768w, https:\/\/i0.wp.com\/vaast.armentierois.fr\/wp-content\/uploads\/2023\/09\/41ea98f2-b729-4306-a544-fedf61e5b358-5624-0000033b9890cbc4_file-scaled.jpg?resize=225%2C300&amp;ssl=1 225w, https:\/\/i0.wp.com\/vaast.armentierois.fr\/wp-content\/uploads\/2023\/09\/41ea98f2-b729-4306-a544-fedf61e5b358-5624-0000033b9890cbc4_file-scaled.jpg?resize=1152%2C1536&amp;ssl=1 1152w, https:\/\/i0.wp.com\/vaast.armentierois.fr\/wp-content\/uploads\/2023\/09\/41ea98f2-b729-4306-a544-fedf61e5b358-5624-0000033b9890cbc4_file-scaled.jpg?resize=1536%2C2048&amp;ssl=1 1536w, https:\/\/i0.wp.com\/vaast.armentierois.fr\/wp-content\/uploads\/2023\/09\/41ea98f2-b729-4306-a544-fedf61e5b358-5624-0000033b9890cbc4_file-scaled.jpg?w=1920&amp;ssl=1 1920w, https:\/\/i0.wp.com\/vaast.armentierois.fr\/wp-content\/uploads\/2023\/09\/41ea98f2-b729-4306-a544-fedf61e5b358-5624-0000033b9890cbc4_file-scaled.jpg?w=1280&amp;ssl=1 1280w\" sizes=\"auto, (max-width: 640px) 100vw, 640px\" data-recalc-dims=\"1\" \/><\/figure>\n\n\n\n<p>Sur le haut de ce deuxi\u00e8me vitrail, on peut apercevoir la sainte face de J\u00e9sus sur un linceul blanc qui est dans le nom de Th\u00e9r\u00e8se. On y voit Th\u00e9r\u00e8se pr\u00e9parant l&#8217;eucharistie. Les dates de sa naissance et de sa mort figure au bas du vitrail. Elle meurt \u00e0 l&#8217;\u00e2ge de 23 ans nous promettant de passer son ciel \u00e0 faire du bien sur la terre.<\/p>\n\n\n\n<figure class=\"wp-block-image size-large\"><img loading=\"lazy\" decoding=\"async\" width=\"640\" height=\"853\" src=\"https:\/\/i0.wp.com\/vaast.armentierois.fr\/wp-content\/uploads\/2023\/09\/b4006676-2e06-4bb2-b5bb-360f8c5ced86-5624-0000033bc01bfeb7_file.jpg?resize=640%2C853&#038;ssl=1\" alt=\"\" class=\"wp-image-1864\" srcset=\"https:\/\/i0.wp.com\/vaast.armentierois.fr\/wp-content\/uploads\/2023\/09\/b4006676-2e06-4bb2-b5bb-360f8c5ced86-5624-0000033bc01bfeb7_file-scaled.jpg?resize=768%2C1024&amp;ssl=1 768w, https:\/\/i0.wp.com\/vaast.armentierois.fr\/wp-content\/uploads\/2023\/09\/b4006676-2e06-4bb2-b5bb-360f8c5ced86-5624-0000033bc01bfeb7_file-scaled.jpg?resize=225%2C300&amp;ssl=1 225w, https:\/\/i0.wp.com\/vaast.armentierois.fr\/wp-content\/uploads\/2023\/09\/b4006676-2e06-4bb2-b5bb-360f8c5ced86-5624-0000033bc01bfeb7_file-scaled.jpg?resize=1152%2C1536&amp;ssl=1 1152w, https:\/\/i0.wp.com\/vaast.armentierois.fr\/wp-content\/uploads\/2023\/09\/b4006676-2e06-4bb2-b5bb-360f8c5ced86-5624-0000033bc01bfeb7_file-scaled.jpg?resize=1536%2C2048&amp;ssl=1 1536w, https:\/\/i0.wp.com\/vaast.armentierois.fr\/wp-content\/uploads\/2023\/09\/b4006676-2e06-4bb2-b5bb-360f8c5ced86-5624-0000033bc01bfeb7_file-scaled.jpg?w=1920&amp;ssl=1 1920w, https:\/\/i0.wp.com\/vaast.armentierois.fr\/wp-content\/uploads\/2023\/09\/b4006676-2e06-4bb2-b5bb-360f8c5ced86-5624-0000033bc01bfeb7_file-scaled.jpg?w=1280&amp;ssl=1 1280w\" sizes=\"auto, (max-width: 640px) 100vw, 640px\" data-recalc-dims=\"1\" \/><\/figure>\n\n\n\n<p>Au dessus de l\u2019entr\u00e9e de l\u2019abside, on retrouve deux vitraux avec 4 vertus chr\u00e9tiennes que nous venons chercher aupr\u00e8s du Christ.<\/p>\n\n\n\n<figure class=\"wp-block-image size-large\"><img loading=\"lazy\" decoding=\"async\" width=\"640\" height=\"853\" src=\"https:\/\/i0.wp.com\/vaast.armentierois.fr\/wp-content\/uploads\/2023\/09\/2b483ae1-767f-4de3-a309-3a0e8cbf06c0-5624-0000033c61cbe110_file.jpg?resize=640%2C853&#038;ssl=1\" alt=\"\" class=\"wp-image-1865\" srcset=\"https:\/\/i0.wp.com\/vaast.armentierois.fr\/wp-content\/uploads\/2023\/09\/2b483ae1-767f-4de3-a309-3a0e8cbf06c0-5624-0000033c61cbe110_file-scaled.jpg?resize=768%2C1024&amp;ssl=1 768w, https:\/\/i0.wp.com\/vaast.armentierois.fr\/wp-content\/uploads\/2023\/09\/2b483ae1-767f-4de3-a309-3a0e8cbf06c0-5624-0000033c61cbe110_file-scaled.jpg?resize=225%2C300&amp;ssl=1 225w, https:\/\/i0.wp.com\/vaast.armentierois.fr\/wp-content\/uploads\/2023\/09\/2b483ae1-767f-4de3-a309-3a0e8cbf06c0-5624-0000033c61cbe110_file-scaled.jpg?resize=1152%2C1536&amp;ssl=1 1152w, https:\/\/i0.wp.com\/vaast.armentierois.fr\/wp-content\/uploads\/2023\/09\/2b483ae1-767f-4de3-a309-3a0e8cbf06c0-5624-0000033c61cbe110_file-scaled.jpg?resize=1536%2C2048&amp;ssl=1 1536w, https:\/\/i0.wp.com\/vaast.armentierois.fr\/wp-content\/uploads\/2023\/09\/2b483ae1-767f-4de3-a309-3a0e8cbf06c0-5624-0000033c61cbe110_file-scaled.jpg?w=1920&amp;ssl=1 1920w, https:\/\/i0.wp.com\/vaast.armentierois.fr\/wp-content\/uploads\/2023\/09\/2b483ae1-767f-4de3-a309-3a0e8cbf06c0-5624-0000033c61cbe110_file-scaled.jpg?w=1280&amp;ssl=1 1280w\" sizes=\"auto, (max-width: 640px) 100vw, 640px\" data-recalc-dims=\"1\" \/><figcaption class=\"wp-element-caption\">Offrande, Pardon \/  Pers\u00e9v\u00e9rance , Humilit\u00e9 <\/figcaption><\/figure>\n","protected":false},"excerpt":{"rendered":"<p>Trois vitraux ornent le ch\u0153ur de l&#8217;abside, le principal repr\u00e9sente le Christ en croix. On y retrouve au dessus l&#8217;inscription &hellip; <\/p>\n","protected":false},"author":1,"featured_media":0,"parent":0,"menu_order":0,"comment_status":"closed","ping_status":"closed","template":"","meta":{"footnotes":""},"class_list":["post-135","page","type-page","status-publish","hentry"],"_links":{"self":[{"href":"https:\/\/vaast.armentierois.fr\/index.php?rest_route=\/wp\/v2\/pages\/135","targetHints":{"allow":["GET"]}}],"collection":[{"href":"https:\/\/vaast.armentierois.fr\/index.php?rest_route=\/wp\/v2\/pages"}],"about":[{"href":"https:\/\/vaast.armentierois.fr\/index.php?rest_route=\/wp\/v2\/types\/page"}],"author":[{"embeddable":true,"href":"https:\/\/vaast.armentierois.fr\/index.php?rest_route=\/wp\/v2\/users\/1"}],"replies":[{"embeddable":true,"href":"https:\/\/vaast.armentierois.fr\/index.php?rest_route=%2Fwp%2Fv2%2Fcomments&post=135"}],"version-history":[{"count":9,"href":"https:\/\/vaast.armentierois.fr\/index.php?rest_route=\/wp\/v2\/pages\/135\/revisions"}],"predecessor-version":[{"id":2299,"href":"https:\/\/vaast.armentierois.fr\/index.php?rest_route=\/wp\/v2\/pages\/135\/revisions\/2299"}],"wp:attachment":[{"href":"https:\/\/vaast.armentierois.fr\/index.php?rest_route=%2Fwp%2Fv2%2Fmedia&parent=135"}],"curies":[{"name":"wp","href":"https:\/\/api.w.org\/{rel}","templated":true}]}}