{"id":1419,"date":"2023-09-11T10:13:28","date_gmt":"2023-09-11T08:13:28","guid":{"rendered":"https:\/\/martin.armentierois.fr\/?page_id=1419"},"modified":"2023-09-17T08:59:00","modified_gmt":"2023-09-17T06:59:00","slug":"les-vitraux-de-la-chapelle-du-baptistere","status":"publish","type":"page","link":"https:\/\/vaast.armentierois.fr\/?page_id=1419","title":{"rendered":"Les vitraux de la chapelle du baptist\u00e8re"},"content":{"rendered":"\n<p>Ils se situent dans l&#8217;entr\u00e9e (Ouest) gauche de l&#8217;\u00e9glise (cot\u00e9 nord), en face de la pi\u00e9ta. Ces trois vitraux font r\u00e9f\u00e9rence au bapt\u00eame.<\/p>\n\n\n\n<p>Le premier porte l\u2019inscription <em>\u00ab&nbsp;Rena\u00eetre de l\u2019eau et de l\u2019esprit<\/em>&nbsp;\u00bb pour rappeler que le bapt\u00eame chr\u00e9tien.<\/p>\n\n\n\n<p>On aper\u00e7oit une colombe en haut du vitrail, elle repr\u00e9sente l&#8217;Esprit-Saint. Elle rappelle la voix qui s&#8217;est fait entendre du ciel lorsque J\u00e9sus est sorti des eaux du Jourdain: <\/p>\n\n\n\n<p><em>Au moment o\u00f9 il sortait de l\u2019eau, il (J\u00e9sus) vit le ciel se d\u00e9chirer et l\u2019Esprit descendre sur lui comme une colombe. Une voix retentit alors du ciel\u00a0:\u00a0\u2014\u00a0Tu es mon Fils bien-aim\u00e9, tu fais toute ma joie (Marc 1.10-11).<\/em><\/p>\n\n\n\n<p>Sous la colombe, on a de l&#8217;eau qui coule qui signifie que nous sommes baptis\u00e9s dans l&#8217;eau.<\/p>\n\n\n\n<figure class=\"wp-block-image size-large\"><img loading=\"lazy\" decoding=\"async\" width=\"640\" height=\"853\" src=\"https:\/\/i0.wp.com\/vaast.armentierois.fr\/wp-content\/uploads\/2023\/09\/14b6e336-8307-4041-ad5b-63afab4f14cb-5624-0000034d961c1ba0_file.jpg?resize=640%2C853&#038;ssl=1\" alt=\"\" class=\"wp-image-1972\" srcset=\"https:\/\/i0.wp.com\/vaast.armentierois.fr\/wp-content\/uploads\/2023\/09\/14b6e336-8307-4041-ad5b-63afab4f14cb-5624-0000034d961c1ba0_file-scaled.jpg?resize=768%2C1024&amp;ssl=1 768w, https:\/\/i0.wp.com\/vaast.armentierois.fr\/wp-content\/uploads\/2023\/09\/14b6e336-8307-4041-ad5b-63afab4f14cb-5624-0000034d961c1ba0_file-scaled.jpg?resize=225%2C300&amp;ssl=1 225w, https:\/\/i0.wp.com\/vaast.armentierois.fr\/wp-content\/uploads\/2023\/09\/14b6e336-8307-4041-ad5b-63afab4f14cb-5624-0000034d961c1ba0_file-scaled.jpg?resize=1152%2C1536&amp;ssl=1 1152w, https:\/\/i0.wp.com\/vaast.armentierois.fr\/wp-content\/uploads\/2023\/09\/14b6e336-8307-4041-ad5b-63afab4f14cb-5624-0000034d961c1ba0_file-scaled.jpg?resize=1536%2C2048&amp;ssl=1 1536w, https:\/\/i0.wp.com\/vaast.armentierois.fr\/wp-content\/uploads\/2023\/09\/14b6e336-8307-4041-ad5b-63afab4f14cb-5624-0000034d961c1ba0_file-scaled.jpg?w=1920&amp;ssl=1 1920w, https:\/\/i0.wp.com\/vaast.armentierois.fr\/wp-content\/uploads\/2023\/09\/14b6e336-8307-4041-ad5b-63afab4f14cb-5624-0000034d961c1ba0_file-scaled.jpg?w=1280&amp;ssl=1 1280w\" sizes=\"auto, (max-width: 640px) 100vw, 640px\" data-recalc-dims=\"1\" \/><\/figure>\n\n\n\n<p>Le deuxi\u00e8me vitrail indique\u00a0: <em>\u00ab\u00a0Celui-ci est mon fils\u00a0\u00bb<\/em> faisant r\u00e9f\u00e9rence la voix entendue au moment o\u00f9 J\u00e9sus a \u00e9t\u00e9 baptis\u00e9 par Jean-Baptiste dans les eaux du Jourdain.<\/p>\n\n\n\n<p>J\u00e9sus n&#8217;avait pas besoin d&#8217;\u00eatre baptis\u00e9 car il est le seul Saint. Il est sans p\u00e9ch\u00e9. Il est entr\u00e9 dans les eaux du bapt\u00eame afin de les sanctifier et donner une nouvelle signification au bapt\u00eame de Jean le Baptiste qui \u00e9tait \u00e0 l&#8217;origine un bapt\u00eame de conversion.<\/p>\n\n\n\n<figure class=\"wp-block-image size-large\"><img loading=\"lazy\" decoding=\"async\" width=\"640\" height=\"853\" src=\"https:\/\/i0.wp.com\/vaast.armentierois.fr\/wp-content\/uploads\/2023\/09\/36c98ae7-a712-4bff-90b9-dfb9d0f4d8c7-5624-0000034dbc49c622_file.jpg?resize=640%2C853&#038;ssl=1\" alt=\"\" class=\"wp-image-1973\" srcset=\"https:\/\/i0.wp.com\/vaast.armentierois.fr\/wp-content\/uploads\/2023\/09\/36c98ae7-a712-4bff-90b9-dfb9d0f4d8c7-5624-0000034dbc49c622_file-scaled.jpg?resize=768%2C1024&amp;ssl=1 768w, https:\/\/i0.wp.com\/vaast.armentierois.fr\/wp-content\/uploads\/2023\/09\/36c98ae7-a712-4bff-90b9-dfb9d0f4d8c7-5624-0000034dbc49c622_file-scaled.jpg?resize=225%2C300&amp;ssl=1 225w, https:\/\/i0.wp.com\/vaast.armentierois.fr\/wp-content\/uploads\/2023\/09\/36c98ae7-a712-4bff-90b9-dfb9d0f4d8c7-5624-0000034dbc49c622_file-scaled.jpg?resize=1152%2C1536&amp;ssl=1 1152w, https:\/\/i0.wp.com\/vaast.armentierois.fr\/wp-content\/uploads\/2023\/09\/36c98ae7-a712-4bff-90b9-dfb9d0f4d8c7-5624-0000034dbc49c622_file-scaled.jpg?resize=1536%2C2048&amp;ssl=1 1536w, https:\/\/i0.wp.com\/vaast.armentierois.fr\/wp-content\/uploads\/2023\/09\/36c98ae7-a712-4bff-90b9-dfb9d0f4d8c7-5624-0000034dbc49c622_file-scaled.jpg?w=1920&amp;ssl=1 1920w, https:\/\/i0.wp.com\/vaast.armentierois.fr\/wp-content\/uploads\/2023\/09\/36c98ae7-a712-4bff-90b9-dfb9d0f4d8c7-5624-0000034dbc49c622_file-scaled.jpg?w=1280&amp;ssl=1 1280w\" sizes=\"auto, (max-width: 640px) 100vw, 640px\" data-recalc-dims=\"1\" \/><\/figure>\n\n\n\n<p>Le troisi\u00e8me annonce la mission que J\u00e9sus donna \u00e0 ses ap\u00f4tres de rendre t\u00e9moignage de sa r\u00e9surrection. Cette mission est illustr\u00e9e par une flamme, une sorte de langue de feu, celle de l&#8217;Esprit-Saint. Elle nous dit que la mission se vit dans la charit\u00e9, dans l&#8217;Amour de nos fr\u00e8res et s\u0153urs, dans la mis\u00e9ricorde, l&#8217;Amour qui remet les p\u00e9ch\u00e9s.<\/p>\n\n\n\n<figure class=\"wp-block-image size-large\"><img loading=\"lazy\" decoding=\"async\" width=\"640\" height=\"853\" src=\"https:\/\/i0.wp.com\/vaast.armentierois.fr\/wp-content\/uploads\/2023\/09\/d583f47a-c114-465e-8262-682ccba3b975-5624-0000034de14aa9ab_file.jpg?resize=640%2C853&#038;ssl=1\" alt=\"\" class=\"wp-image-1974\" srcset=\"https:\/\/i0.wp.com\/vaast.armentierois.fr\/wp-content\/uploads\/2023\/09\/d583f47a-c114-465e-8262-682ccba3b975-5624-0000034de14aa9ab_file-scaled.jpg?resize=768%2C1024&amp;ssl=1 768w, https:\/\/i0.wp.com\/vaast.armentierois.fr\/wp-content\/uploads\/2023\/09\/d583f47a-c114-465e-8262-682ccba3b975-5624-0000034de14aa9ab_file-scaled.jpg?resize=225%2C300&amp;ssl=1 225w, https:\/\/i0.wp.com\/vaast.armentierois.fr\/wp-content\/uploads\/2023\/09\/d583f47a-c114-465e-8262-682ccba3b975-5624-0000034de14aa9ab_file-scaled.jpg?resize=1152%2C1536&amp;ssl=1 1152w, https:\/\/i0.wp.com\/vaast.armentierois.fr\/wp-content\/uploads\/2023\/09\/d583f47a-c114-465e-8262-682ccba3b975-5624-0000034de14aa9ab_file-scaled.jpg?resize=1536%2C2048&amp;ssl=1 1536w, https:\/\/i0.wp.com\/vaast.armentierois.fr\/wp-content\/uploads\/2023\/09\/d583f47a-c114-465e-8262-682ccba3b975-5624-0000034de14aa9ab_file-scaled.jpg?w=1920&amp;ssl=1 1920w, https:\/\/i0.wp.com\/vaast.armentierois.fr\/wp-content\/uploads\/2023\/09\/d583f47a-c114-465e-8262-682ccba3b975-5624-0000034de14aa9ab_file-scaled.jpg?w=1280&amp;ssl=1 1280w\" sizes=\"auto, (max-width: 640px) 100vw, 640px\" data-recalc-dims=\"1\" \/><\/figure>\n\n\n\n<p>Il est possible ici pour les chr\u00e9tiens de se signer \u00e0 l&#8217;eau b\u00e9nite et de dire cette pri\u00e8re \u00e0 l&#8217;Esprit Saint qu&#8217;est le <strong>Veni sancte spiritus<\/strong><\/p>\n\n\n\n<p><em>Viens, Esprit Saint, et envoie du haut du ciel un rayon de ta lumi\u00e8re.<\/em><\/p>\n\n\n\n<p><em>Viens en nous, p\u00e8re des pauvres, viens, dispensateur des dons, viens, lumi\u00e8re de nos c\u0153urs.<\/em><\/p>\n\n\n\n<p><em>Consolateur souverain, h\u00f4te tr\u00e8s doux de nos \u00e2mes adoucissante fra\u00eecheur.<\/em><\/p>\n\n\n\n<p><em>Dans le labeur, le repos, dans la fi\u00e8vre, la fra\u00eecheur, dans les pleurs, le r\u00e9confort.<\/em><\/p>\n\n\n\n<p><em>O lumi\u00e8re bienheureuse, viens remplir jusqu&#8217;\u00e0 l&#8217;intime le c\u0153ur de tous tes fid\u00e8les.<\/em><\/p>\n\n\n\n<p><em>Sans ta puissance divine, il n&#8217;est rien en aucun homme, rien qui ne soit perverti.<\/em><\/p>\n\n\n\n<p><em>Lave ce qui est souill\u00e9, baigne ce qui est aride, gu\u00e9ris ce qui est bless\u00e9.<\/em><\/p>\n\n\n\n<p><em>Assouplis ce qui est raide, r\u00e9chauffe ce qui est froid, rends droit ce qui est fauss\u00e9.<\/em><\/p>\n\n\n\n<p><em>A tous ceux qui ont la foi et qui en toi se confient donne tes sept dons sacr\u00e9s.&nbsp;<\/em><\/p>\n\n\n\n<p><em>Donne m\u00e9rite et vertu, donne le salut final donne la joie \u00e9ternelle. Amen.<\/em><\/p>\n\n\n\n<p><\/p>\n","protected":false},"excerpt":{"rendered":"<p>Ils se situent dans l&#8217;entr\u00e9e (Ouest) gauche de l&#8217;\u00e9glise (cot\u00e9 nord), en face de la pi\u00e9ta. Ces trois vitraux font &hellip; <\/p>\n","protected":false},"author":1,"featured_media":0,"parent":0,"menu_order":0,"comment_status":"closed","ping_status":"closed","template":"","meta":{"footnotes":""},"class_list":["post-1419","page","type-page","status-publish","hentry"],"_links":{"self":[{"href":"https:\/\/vaast.armentierois.fr\/index.php?rest_route=\/wp\/v2\/pages\/1419","targetHints":{"allow":["GET"]}}],"collection":[{"href":"https:\/\/vaast.armentierois.fr\/index.php?rest_route=\/wp\/v2\/pages"}],"about":[{"href":"https:\/\/vaast.armentierois.fr\/index.php?rest_route=\/wp\/v2\/types\/page"}],"author":[{"embeddable":true,"href":"https:\/\/vaast.armentierois.fr\/index.php?rest_route=\/wp\/v2\/users\/1"}],"replies":[{"embeddable":true,"href":"https:\/\/vaast.armentierois.fr\/index.php?rest_route=%2Fwp%2Fv2%2Fcomments&post=1419"}],"version-history":[{"count":3,"href":"https:\/\/vaast.armentierois.fr\/index.php?rest_route=\/wp\/v2\/pages\/1419\/revisions"}],"predecessor-version":[{"id":2283,"href":"https:\/\/vaast.armentierois.fr\/index.php?rest_route=\/wp\/v2\/pages\/1419\/revisions\/2283"}],"wp:attachment":[{"href":"https:\/\/vaast.armentierois.fr\/index.php?rest_route=%2Fwp%2Fv2%2Fmedia&parent=1419"}],"curies":[{"name":"wp","href":"https:\/\/api.w.org\/{rel}","templated":true}]}}