{"id":1422,"date":"2023-09-11T10:15:10","date_gmt":"2023-09-11T08:15:10","guid":{"rendered":"https:\/\/martin.armentierois.fr\/?page_id=1422"},"modified":"2024-08-07T11:21:25","modified_gmt":"2024-08-07T09:21:25","slug":"les-vitraux-de-la-chapelle-de-lesperance","status":"publish","type":"page","link":"https:\/\/vaast.armentierois.fr\/?page_id=1422","title":{"rendered":"Vitraux du transept sud"},"content":{"rendered":"\n<p>Le premier vitrail repr\u00e9sente Saint Vaast cat\u00e9chisant Clovis qui apr\u00e8s la victoire de Tolbiac contre les Alamans en 496, d\u00e9cida d\u2019aller se faire baptiser \u00e0 Reims.<\/p>\n\n\n\n<figure class=\"wp-block-image size-large\" id=\"block-5dc0be8a-0555-402b-96f6-75c32ceab60d\"><img loading=\"lazy\" decoding=\"async\" width=\"640\" height=\"853\" src=\"https:\/\/i0.wp.com\/vaast.armentierois.fr\/wp-content\/uploads\/2023\/09\/6afa8b9a-80be-4e9b-84ae-164257a1d8f4-5624-0000033df98b9800_file.jpg?resize=640%2C853&#038;ssl=1\" alt=\"\" class=\"wp-image-1870\" srcset=\"https:\/\/i0.wp.com\/vaast.armentierois.fr\/wp-content\/uploads\/2023\/09\/6afa8b9a-80be-4e9b-84ae-164257a1d8f4-5624-0000033df98b9800_file-scaled.jpg?resize=768%2C1024&amp;ssl=1 768w, https:\/\/i0.wp.com\/vaast.armentierois.fr\/wp-content\/uploads\/2023\/09\/6afa8b9a-80be-4e9b-84ae-164257a1d8f4-5624-0000033df98b9800_file-scaled.jpg?resize=225%2C300&amp;ssl=1 225w, https:\/\/i0.wp.com\/vaast.armentierois.fr\/wp-content\/uploads\/2023\/09\/6afa8b9a-80be-4e9b-84ae-164257a1d8f4-5624-0000033df98b9800_file-scaled.jpg?resize=1152%2C1536&amp;ssl=1 1152w, https:\/\/i0.wp.com\/vaast.armentierois.fr\/wp-content\/uploads\/2023\/09\/6afa8b9a-80be-4e9b-84ae-164257a1d8f4-5624-0000033df98b9800_file-scaled.jpg?resize=1536%2C2048&amp;ssl=1 1536w, https:\/\/i0.wp.com\/vaast.armentierois.fr\/wp-content\/uploads\/2023\/09\/6afa8b9a-80be-4e9b-84ae-164257a1d8f4-5624-0000033df98b9800_file-scaled.jpg?w=1920&amp;ssl=1 1920w, https:\/\/i0.wp.com\/vaast.armentierois.fr\/wp-content\/uploads\/2023\/09\/6afa8b9a-80be-4e9b-84ae-164257a1d8f4-5624-0000033df98b9800_file-scaled.jpg?w=1280&amp;ssl=1 1280w\" sizes=\"auto, (max-width: 640px) 100vw, 640px\" data-recalc-dims=\"1\" \/><\/figure>\n\n\n\n<p>Le deuxi\u00e8me repr\u00e9sente Saint Vaast sacr\u00e9 \u00e9v\u00eaque vers l\u2019an 500 par Saint R\u00e9mi qui l\u2019envoya r\u00e9\u00e9vang\u00e9liser la r\u00e9gion d\u2019Arras et de Cambrai, an\u00e9antie par les barbares et retomb\u00e9e dans le paganisme.<\/p>\n\n\n\n<figure class=\"wp-block-image size-large\"><img loading=\"lazy\" decoding=\"async\" width=\"640\" height=\"853\" src=\"https:\/\/i0.wp.com\/vaast.armentierois.fr\/wp-content\/uploads\/2023\/09\/ca782588-d88f-46d3-be46-ff9f5827aa79-5624-0000033e1aeb6437_file.jpg?resize=640%2C853&#038;ssl=1\" alt=\"\" class=\"wp-image-1871\" srcset=\"https:\/\/i0.wp.com\/vaast.armentierois.fr\/wp-content\/uploads\/2023\/09\/ca782588-d88f-46d3-be46-ff9f5827aa79-5624-0000033e1aeb6437_file-scaled.jpg?resize=768%2C1024&amp;ssl=1 768w, https:\/\/i0.wp.com\/vaast.armentierois.fr\/wp-content\/uploads\/2023\/09\/ca782588-d88f-46d3-be46-ff9f5827aa79-5624-0000033e1aeb6437_file-scaled.jpg?resize=225%2C300&amp;ssl=1 225w, https:\/\/i0.wp.com\/vaast.armentierois.fr\/wp-content\/uploads\/2023\/09\/ca782588-d88f-46d3-be46-ff9f5827aa79-5624-0000033e1aeb6437_file-scaled.jpg?resize=1152%2C1536&amp;ssl=1 1152w, https:\/\/i0.wp.com\/vaast.armentierois.fr\/wp-content\/uploads\/2023\/09\/ca782588-d88f-46d3-be46-ff9f5827aa79-5624-0000033e1aeb6437_file-scaled.jpg?resize=1536%2C2048&amp;ssl=1 1536w, https:\/\/i0.wp.com\/vaast.armentierois.fr\/wp-content\/uploads\/2023\/09\/ca782588-d88f-46d3-be46-ff9f5827aa79-5624-0000033e1aeb6437_file-scaled.jpg?w=1920&amp;ssl=1 1920w, https:\/\/i0.wp.com\/vaast.armentierois.fr\/wp-content\/uploads\/2023\/09\/ca782588-d88f-46d3-be46-ff9f5827aa79-5624-0000033e1aeb6437_file-scaled.jpg?w=1280&amp;ssl=1 1280w\" sizes=\"auto, (max-width: 640px) 100vw, 640px\" data-recalc-dims=\"1\" \/><\/figure>\n\n\n\n<p>Le troisi\u00e8me (au centre) pr\u00e9sente Saint Vaast priant. (A ses pieds on remarque une crosse d\u2019\u00e9v\u00eaque sur laquelle sont pos\u00e9es les armes de la ville d\u2019Armenti\u00e8res.<\/p>\n\n\n\n<figure class=\"wp-block-image size-large\"><img loading=\"lazy\" decoding=\"async\" width=\"640\" height=\"853\" src=\"https:\/\/i0.wp.com\/vaast.armentierois.fr\/wp-content\/uploads\/2023\/09\/77de7f16-e933-4553-8321-de316a71bc13-5624-0000033e466b8dc8_file.jpg?resize=640%2C853&#038;ssl=1\" alt=\"\" class=\"wp-image-1872\" srcset=\"https:\/\/i0.wp.com\/vaast.armentierois.fr\/wp-content\/uploads\/2023\/09\/77de7f16-e933-4553-8321-de316a71bc13-5624-0000033e466b8dc8_file-scaled.jpg?resize=768%2C1024&amp;ssl=1 768w, https:\/\/i0.wp.com\/vaast.armentierois.fr\/wp-content\/uploads\/2023\/09\/77de7f16-e933-4553-8321-de316a71bc13-5624-0000033e466b8dc8_file-scaled.jpg?resize=225%2C300&amp;ssl=1 225w, https:\/\/i0.wp.com\/vaast.armentierois.fr\/wp-content\/uploads\/2023\/09\/77de7f16-e933-4553-8321-de316a71bc13-5624-0000033e466b8dc8_file-scaled.jpg?resize=1152%2C1536&amp;ssl=1 1152w, https:\/\/i0.wp.com\/vaast.armentierois.fr\/wp-content\/uploads\/2023\/09\/77de7f16-e933-4553-8321-de316a71bc13-5624-0000033e466b8dc8_file-scaled.jpg?resize=1536%2C2048&amp;ssl=1 1536w, https:\/\/i0.wp.com\/vaast.armentierois.fr\/wp-content\/uploads\/2023\/09\/77de7f16-e933-4553-8321-de316a71bc13-5624-0000033e466b8dc8_file-scaled.jpg?w=1920&amp;ssl=1 1920w, https:\/\/i0.wp.com\/vaast.armentierois.fr\/wp-content\/uploads\/2023\/09\/77de7f16-e933-4553-8321-de316a71bc13-5624-0000033e466b8dc8_file-scaled.jpg?w=1280&amp;ssl=1 1280w\" sizes=\"auto, (max-width: 640px) 100vw, 640px\" data-recalc-dims=\"1\" \/><\/figure>\n\n\n\n<p>Le quatri\u00e8me repr\u00e9sente St Vaast gu\u00e9rissant un paralytique, on lui attribue plusieurs miracles dont la gu\u00e9rison d\u2019un aveugle et d\u2019un boiteux lors de son arriv\u00e9e \u00e0 Arras.<\/p>\n\n\n\n<figure class=\"wp-block-image size-large\"><img loading=\"lazy\" decoding=\"async\" width=\"640\" height=\"853\" src=\"https:\/\/i0.wp.com\/vaast.armentierois.fr\/wp-content\/uploads\/2024\/08\/img_3643-1.jpg?resize=640%2C853&#038;ssl=1\" alt=\"\" class=\"wp-image-2353\" srcset=\"https:\/\/i0.wp.com\/vaast.armentierois.fr\/wp-content\/uploads\/2024\/08\/img_3643-1.jpg?resize=768%2C1024&amp;ssl=1 768w, https:\/\/i0.wp.com\/vaast.armentierois.fr\/wp-content\/uploads\/2024\/08\/img_3643-1.jpg?resize=225%2C300&amp;ssl=1 225w, https:\/\/i0.wp.com\/vaast.armentierois.fr\/wp-content\/uploads\/2024\/08\/img_3643-1.jpg?resize=1152%2C1536&amp;ssl=1 1152w, https:\/\/i0.wp.com\/vaast.armentierois.fr\/wp-content\/uploads\/2024\/08\/img_3643-1.jpg?w=1500&amp;ssl=1 1500w, https:\/\/i0.wp.com\/vaast.armentierois.fr\/wp-content\/uploads\/2024\/08\/img_3643-1.jpg?w=1280&amp;ssl=1 1280w\" sizes=\"auto, (max-width: 640px) 100vw, 640px\" data-recalc-dims=\"1\" \/><figcaption class=\"wp-element-caption\">Ce vitrail a \u00e9t\u00e9 en partie restaur\u00e9 en 2024 par la municipalit\u00e9 <\/figcaption><\/figure>\n\n\n\n<p>Le cinqui\u00e8me montre Saint Vaast pacifiant, une t\u00e2che qu\u2019il poursuivit pendant 40 ans pour redonner vie aux communaut\u00e9s chr\u00e9tiennes.<\/p>\n\n\n\n<figure class=\"wp-block-image size-large\"><img loading=\"lazy\" decoding=\"async\" width=\"640\" height=\"853\" src=\"https:\/\/i0.wp.com\/vaast.armentierois.fr\/wp-content\/uploads\/2023\/09\/d4e54412-c1d8-4488-bb76-0118bffa5cfb-5624-0000033e83274e0f_file.jpg?resize=640%2C853&#038;ssl=1\" alt=\"\" class=\"wp-image-1874\" srcset=\"https:\/\/i0.wp.com\/vaast.armentierois.fr\/wp-content\/uploads\/2023\/09\/d4e54412-c1d8-4488-bb76-0118bffa5cfb-5624-0000033e83274e0f_file-scaled.jpg?resize=768%2C1024&amp;ssl=1 768w, https:\/\/i0.wp.com\/vaast.armentierois.fr\/wp-content\/uploads\/2023\/09\/d4e54412-c1d8-4488-bb76-0118bffa5cfb-5624-0000033e83274e0f_file-scaled.jpg?resize=225%2C300&amp;ssl=1 225w, https:\/\/i0.wp.com\/vaast.armentierois.fr\/wp-content\/uploads\/2023\/09\/d4e54412-c1d8-4488-bb76-0118bffa5cfb-5624-0000033e83274e0f_file-scaled.jpg?resize=1152%2C1536&amp;ssl=1 1152w, https:\/\/i0.wp.com\/vaast.armentierois.fr\/wp-content\/uploads\/2023\/09\/d4e54412-c1d8-4488-bb76-0118bffa5cfb-5624-0000033e83274e0f_file-scaled.jpg?resize=1536%2C2048&amp;ssl=1 1536w, https:\/\/i0.wp.com\/vaast.armentierois.fr\/wp-content\/uploads\/2023\/09\/d4e54412-c1d8-4488-bb76-0118bffa5cfb-5624-0000033e83274e0f_file-scaled.jpg?w=1920&amp;ssl=1 1920w, https:\/\/i0.wp.com\/vaast.armentierois.fr\/wp-content\/uploads\/2023\/09\/d4e54412-c1d8-4488-bb76-0118bffa5cfb-5624-0000033e83274e0f_file-scaled.jpg?w=1280&amp;ssl=1 1280w\" sizes=\"auto, (max-width: 640px) 100vw, 640px\" data-recalc-dims=\"1\" \/><\/figure>\n\n\n\n<p>La rosace du transept sud a \u00e9t\u00e9 pos\u00e9e en 1934 et r\u00e9alis\u00e9e par les ateliers Desoutter et Boutin de Lille.<\/p>\n\n\n\n<p>Elle a \u00e9t\u00e9 offerte par une famille armenti\u00e9roise en m\u00e9moire de leur fils.<\/p>\n\n\n\n<p>Cette grande rosace \u00e0 dominante rouge repr\u00e9sente en son centre le Christ-Pr\u00eatre faisant le geste de la pri\u00e8re. Tout autour, sont repr\u00e9sent\u00e9s les principaux devoirs du pr\u00eatre&nbsp;: prier, faire l\u2019aum\u00f4ne, visiter les malades, les administrer, cat\u00e9chiser, baptiser, c\u00e9l\u00e9brer les myst\u00e8res divins, confesser les fid\u00e8les.<\/p>\n\n\n\n<p>C\u2019est l\u2019ordination par l\u2019\u00e9v\u00eaque qui conf\u00e8re ces devoirs au pr\u00eatre. La plupart de ces devoirs sont partag\u00e9s par tous les chr\u00e9tiens du fait de leur bapt\u00eame.<\/p>\n\n\n\n<figure class=\"wp-block-image size-large\"><img loading=\"lazy\" decoding=\"async\" width=\"640\" height=\"853\" src=\"https:\/\/i0.wp.com\/vaast.armentierois.fr\/wp-content\/uploads\/2023\/09\/d9db1399-cf2f-4870-85d6-941cd8d88836-5624-0000033f1d8dcce6_file.jpg?resize=640%2C853&#038;ssl=1\" alt=\"\" class=\"wp-image-1875\" srcset=\"https:\/\/i0.wp.com\/vaast.armentierois.fr\/wp-content\/uploads\/2023\/09\/d9db1399-cf2f-4870-85d6-941cd8d88836-5624-0000033f1d8dcce6_file-scaled.jpg?resize=768%2C1024&amp;ssl=1 768w, https:\/\/i0.wp.com\/vaast.armentierois.fr\/wp-content\/uploads\/2023\/09\/d9db1399-cf2f-4870-85d6-941cd8d88836-5624-0000033f1d8dcce6_file-scaled.jpg?resize=225%2C300&amp;ssl=1 225w, https:\/\/i0.wp.com\/vaast.armentierois.fr\/wp-content\/uploads\/2023\/09\/d9db1399-cf2f-4870-85d6-941cd8d88836-5624-0000033f1d8dcce6_file-scaled.jpg?resize=1152%2C1536&amp;ssl=1 1152w, https:\/\/i0.wp.com\/vaast.armentierois.fr\/wp-content\/uploads\/2023\/09\/d9db1399-cf2f-4870-85d6-941cd8d88836-5624-0000033f1d8dcce6_file-scaled.jpg?resize=1536%2C2048&amp;ssl=1 1536w, https:\/\/i0.wp.com\/vaast.armentierois.fr\/wp-content\/uploads\/2023\/09\/d9db1399-cf2f-4870-85d6-941cd8d88836-5624-0000033f1d8dcce6_file-scaled.jpg?w=1920&amp;ssl=1 1920w, https:\/\/i0.wp.com\/vaast.armentierois.fr\/wp-content\/uploads\/2023\/09\/d9db1399-cf2f-4870-85d6-941cd8d88836-5624-0000033f1d8dcce6_file-scaled.jpg?w=1280&amp;ssl=1 1280w\" sizes=\"auto, (max-width: 640px) 100vw, 640px\" data-recalc-dims=\"1\" \/><figcaption class=\"wp-element-caption\">Rosace <\/figcaption><\/figure>\n\n\n\n<p>Dans ce transept, on retrouve \u00e9galement sur les faces est et ouest, 8 baies de vitraux \u00e0 dominante rouge et jaunes qui donnent une coloration particuli\u00e8rement belle au lieu.<\/p>\n\n\n\n<figure class=\"wp-block-image size-large\"><img loading=\"lazy\" decoding=\"async\" width=\"640\" height=\"853\" src=\"https:\/\/i0.wp.com\/vaast.armentierois.fr\/wp-content\/uploads\/2023\/09\/266666c2-82de-4751-89d5-ee854d99fa44-5624-00000341bc1f7304_file.jpg?resize=640%2C853&#038;ssl=1\" alt=\"\" class=\"wp-image-1888\" srcset=\"https:\/\/i0.wp.com\/vaast.armentierois.fr\/wp-content\/uploads\/2023\/09\/266666c2-82de-4751-89d5-ee854d99fa44-5624-00000341bc1f7304_file-scaled.jpg?resize=768%2C1024&amp;ssl=1 768w, https:\/\/i0.wp.com\/vaast.armentierois.fr\/wp-content\/uploads\/2023\/09\/266666c2-82de-4751-89d5-ee854d99fa44-5624-00000341bc1f7304_file-scaled.jpg?resize=225%2C300&amp;ssl=1 225w, https:\/\/i0.wp.com\/vaast.armentierois.fr\/wp-content\/uploads\/2023\/09\/266666c2-82de-4751-89d5-ee854d99fa44-5624-00000341bc1f7304_file-scaled.jpg?resize=1152%2C1536&amp;ssl=1 1152w, https:\/\/i0.wp.com\/vaast.armentierois.fr\/wp-content\/uploads\/2023\/09\/266666c2-82de-4751-89d5-ee854d99fa44-5624-00000341bc1f7304_file-scaled.jpg?resize=1536%2C2048&amp;ssl=1 1536w, https:\/\/i0.wp.com\/vaast.armentierois.fr\/wp-content\/uploads\/2023\/09\/266666c2-82de-4751-89d5-ee854d99fa44-5624-00000341bc1f7304_file-scaled.jpg?w=1920&amp;ssl=1 1920w, https:\/\/i0.wp.com\/vaast.armentierois.fr\/wp-content\/uploads\/2023\/09\/266666c2-82de-4751-89d5-ee854d99fa44-5624-00000341bc1f7304_file-scaled.jpg?w=1280&amp;ssl=1 1280w\" sizes=\"auto, (max-width: 640px) 100vw, 640px\" data-recalc-dims=\"1\" \/><\/figure>\n","protected":false},"excerpt":{"rendered":"<p>Le premier vitrail repr\u00e9sente Saint Vaast cat\u00e9chisant Clovis qui apr\u00e8s la victoire de Tolbiac contre les Alamans en 496, d\u00e9cida &hellip; <\/p>\n","protected":false},"author":1,"featured_media":0,"parent":0,"menu_order":0,"comment_status":"closed","ping_status":"closed","template":"","meta":{"footnotes":""},"class_list":["post-1422","page","type-page","status-publish","hentry"],"_links":{"self":[{"href":"https:\/\/vaast.armentierois.fr\/index.php?rest_route=\/wp\/v2\/pages\/1422","targetHints":{"allow":["GET"]}}],"collection":[{"href":"https:\/\/vaast.armentierois.fr\/index.php?rest_route=\/wp\/v2\/pages"}],"about":[{"href":"https:\/\/vaast.armentierois.fr\/index.php?rest_route=\/wp\/v2\/types\/page"}],"author":[{"embeddable":true,"href":"https:\/\/vaast.armentierois.fr\/index.php?rest_route=\/wp\/v2\/users\/1"}],"replies":[{"embeddable":true,"href":"https:\/\/vaast.armentierois.fr\/index.php?rest_route=%2Fwp%2Fv2%2Fcomments&post=1422"}],"version-history":[{"count":11,"href":"https:\/\/vaast.armentierois.fr\/index.php?rest_route=\/wp\/v2\/pages\/1422\/revisions"}],"predecessor-version":[{"id":2355,"href":"https:\/\/vaast.armentierois.fr\/index.php?rest_route=\/wp\/v2\/pages\/1422\/revisions\/2355"}],"wp:attachment":[{"href":"https:\/\/vaast.armentierois.fr\/index.php?rest_route=%2Fwp%2Fv2%2Fmedia&parent=1422"}],"curies":[{"name":"wp","href":"https:\/\/api.w.org\/{rel}","templated":true}]}}