{"id":1541,"date":"2023-09-11T20:46:01","date_gmt":"2023-09-11T18:46:01","guid":{"rendered":"https:\/\/martin.armentierois.fr\/?page_id=1541"},"modified":"2023-09-17T08:34:09","modified_gmt":"2023-09-17T06:34:09","slug":"matthieu","status":"publish","type":"page","link":"https:\/\/vaast.armentierois.fr\/?page_id=1541","title":{"rendered":"Matthieu"},"content":{"rendered":"\n<h2 class=\"wp-block-heading\" id=\"un-homme-qui-a-su-choisir\">Un homme qui a su choisir !<\/h2>\n\n\n\n<p>Il s\u2019appelait d\u2019abord L\u00e9vi, homme de lettres et de chiffres, il parlait plusieurs langues et pr\u00e9levait les imp\u00f4ts du peuple pour le compte d\u2019H\u00e9rode. Un jour J\u00e9sus l\u2019appelle : sur le champ il abandonne tout pour le suivre. Il devient l\u2019un des Douze et sera l\u2019auteur du premier \u00c9vangile. Il ira jusqu\u2019en \u00c9thiopie porter la Bonne Nouvelle. Sa foi ardente y obtiendra des miracles dont la r\u00e9surrection du fils du roi. Matthieu n\u2019est pas dans la demi-mesure : il a donn\u00e9 sa vie pour J\u00e9sus. N\u2019\u00e9coutant que sa foi, il brave la col\u00e8re d\u2019un prince \u00e9thiopien pour prot\u00e9ger une vierge consacr\u00e9e au Seigneur que l\u2019\u00c9thiopien convoite. Il sera assassin\u00e9 sur ordre du prince.<\/p>\n\n\n\n<figure class=\"wp-block-image size-large\"><img loading=\"lazy\" decoding=\"async\" width=\"640\" height=\"853\" src=\"https:\/\/i0.wp.com\/vaast.armentierois.fr\/wp-content\/uploads\/2023\/09\/img_2585-1.jpg?resize=640%2C853&#038;ssl=1\" alt=\"\" class=\"wp-image-2267\" srcset=\"https:\/\/i0.wp.com\/vaast.armentierois.fr\/wp-content\/uploads\/2023\/09\/img_2585-1-scaled.jpg?resize=768%2C1024&amp;ssl=1 768w, https:\/\/i0.wp.com\/vaast.armentierois.fr\/wp-content\/uploads\/2023\/09\/img_2585-1-scaled.jpg?resize=225%2C300&amp;ssl=1 225w, https:\/\/i0.wp.com\/vaast.armentierois.fr\/wp-content\/uploads\/2023\/09\/img_2585-1-scaled.jpg?resize=1152%2C1536&amp;ssl=1 1152w, https:\/\/i0.wp.com\/vaast.armentierois.fr\/wp-content\/uploads\/2023\/09\/img_2585-1-scaled.jpg?resize=1536%2C2048&amp;ssl=1 1536w, https:\/\/i0.wp.com\/vaast.armentierois.fr\/wp-content\/uploads\/2023\/09\/img_2585-1-scaled.jpg?w=1920&amp;ssl=1 1920w, https:\/\/i0.wp.com\/vaast.armentierois.fr\/wp-content\/uploads\/2023\/09\/img_2585-1-scaled.jpg?w=1280&amp;ssl=1 1280w\" sizes=\"auto, (max-width: 640px) 100vw, 640px\" data-recalc-dims=\"1\" \/><figcaption class=\"wp-element-caption\">Vitrail repr\u00e9sentant Saint Matthieu<\/figcaption><\/figure>\n\n\n\n<p>Saint Matthieu est un personnage du&nbsp;Nouveau Testament. Tout comme&nbsp;saint Jean, il est \u00e0 la fois&nbsp;ap\u00f4tre et \u00e9vang\u00e9liste. Matthieu est donc t\u00e9moin oculaire des \u00e9v\u00e9nements qu\u2019il rapporte dans son&nbsp;\u00e9vangile. Matthieu est originaire de Capharna\u00fcm en Galil\u00e9e. Appel\u00e9 L\u00e9vi, il \u00e9tait publicain, exer\u00e7ant le m\u00e9tier de collecteur d\u2019imp\u00f4ts jusqu\u2019\u00e0&nbsp;l\u2019appel r\u00e9sonnant de J\u00e9sus. A cet appel, Matthieu r\u00e9pond avec \u00e9lan ; laissant ses richesses, il se met sur le champ \u00e0 suivre J\u00e9sus. C\u2019est vraisemblablement suite \u00e0 cet appel que L\u00e9vi prit le nom de Matthieu signifiant \u201c<em>don de Dieu<\/em>\u201d. Matthieu collectait l\u2019argent pour les dirigeants Romains. Cette activit\u00e9, per\u00e7ue comme une trahison, \u00e9tait particuli\u00e8rement mal vue par les Juifs notables, mais aussi par le petit peuple qui se voyait imposer des sommes excessives. Les publicains \u00e9taient m\u00e9pris\u00e9s par tous, consid\u00e9r\u00e9s comme des p\u00e9cheurs, J\u00e9sus cependant les appelle aussi \u00e0 lui ne d\u00e9daignant pas de prendre son repas avec eux. Voyant cela, les pharisiens offusqu\u00e9s interpellent les ap\u00f4tres : \u00ab&nbsp;<em>Pourquoi votre ma\u00eetre mange-t-il avec les publica ins et les gens de mauvaise vie ?<\/em>&nbsp;\u00bb (Mt 9,11) ce \u00e0 quoi J\u00e9sus r\u00e9pond, d\u00e9voilant l\u2019hypocrisie du pharisa\u00efsme, &#8220;<em>Ce ne sont pas les bien-portants qui ont besoin du m\u00e9decin, mais les malades. Je suis venu appeler, non pas les justes, mais les p\u00e9cheurs.<\/em>&#8220;<\/p>\n\n\n\n<p>Matthieu lui-m\u00eame ainsi que les \u00e9vang\u00e9listes&nbsp;saint Marc&nbsp;et&nbsp;saint Luc&nbsp;racontent la&nbsp;<strong>v<\/strong>ocation de saint Matthieu&nbsp;: \u201c<em>En passant, il vit L\u00e9vi, fils d\u2019Alph\u00e9e, assis au bureau des p\u00e9ages. Il lui dit: Suis-moi. L\u00e9vi se leva, et le suivit.<\/em>\u201d (Mc 2, 14). Les versions de Luc (5, 27) et Matthieu (9, 9) lui sont tr\u00e8s semblables. Par la suite, Matthieu passe un temps en Egypte puis \u00e9vang\u00e9lise l\u2019Ethiopie convertissant le roi et sa fille Iphig\u00e9nie qu\u2019il avait ressuscit\u00e9e miraculeusement. Suite \u00e0 cela, Matthieu est tu\u00e9 pour avoir soutenu Iphig\u00e9nie dans son choix de rester vierge.<strong>&nbsp;<\/strong>Mort martyr, il rendit l\u2019\u00e2me alors qu\u2019il c\u00e9l\u00e9brait l\u2019eucharistie.<\/p>\n\n\n\n<p>F\u00eat\u00e9 le 21 septembre, saint Matthieu est le patron des professions li\u00e9es \u00e0 l\u2019argent&nbsp;: douaniers, comptables, banquiers, contr\u00f4leurs de gestion, tr\u00e9soriers, changeurs.&nbsp;<\/p>\n\n\n\n<p><strong>Prier avec Saint Matthieu<\/strong><\/p>\n\n\n\n<p><em>Seigneur, faites que les pri\u00e8res du bienheureux Ap\u00f4tre et \u00c9vang\u00e9liste Matthieu nous viennent en aide, et les gr\u00e2ces que nous ne pouvons obtenir par nous-m\u00eames, puissent-elles nous \u00eatre accord\u00e9es sur son intercession. Par notre Seigneur J\u00e9sus-Christ.<\/em><\/p>\n\n\n\n<p><em>Sur sa t\u00eate, Seigneur, Vous avez pos\u00e9 une couronne orn\u00e9e de pierres pr\u00e9cieuses&nbsp;: il Vous a demand\u00e9 la vie, et Vous la lui avez accord\u00e9e. All\u00e9luia&nbsp;!<\/em><\/p>\n\n\n\n<p><em>Seigneur, que l\u2019intercession du bienheureux Matthieu recommande l\u2019offrande de Votre \u00c9glise puisque c\u2019est par les admirables enseignements de cet Ap\u00f4tre et \u00c9vang\u00e9liste que Votre \u00c9glise s\u2019instruit encore. Par notre Seigneur J\u00e9sus-Christ.<\/em><\/p>\n","protected":false},"excerpt":{"rendered":"<p>Un homme qui a su choisir ! Il s\u2019appelait d\u2019abord L\u00e9vi, homme de lettres et de chiffres, il parlait plusieurs &hellip; <\/p>\n","protected":false},"author":1,"featured_media":0,"parent":0,"menu_order":0,"comment_status":"closed","ping_status":"closed","template":"","meta":{"footnotes":""},"class_list":["post-1541","page","type-page","status-publish","hentry"],"_links":{"self":[{"href":"https:\/\/vaast.armentierois.fr\/index.php?rest_route=\/wp\/v2\/pages\/1541","targetHints":{"allow":["GET"]}}],"collection":[{"href":"https:\/\/vaast.armentierois.fr\/index.php?rest_route=\/wp\/v2\/pages"}],"about":[{"href":"https:\/\/vaast.armentierois.fr\/index.php?rest_route=\/wp\/v2\/types\/page"}],"author":[{"embeddable":true,"href":"https:\/\/vaast.armentierois.fr\/index.php?rest_route=\/wp\/v2\/users\/1"}],"replies":[{"embeddable":true,"href":"https:\/\/vaast.armentierois.fr\/index.php?rest_route=%2Fwp%2Fv2%2Fcomments&post=1541"}],"version-history":[{"count":2,"href":"https:\/\/vaast.armentierois.fr\/index.php?rest_route=\/wp\/v2\/pages\/1541\/revisions"}],"predecessor-version":[{"id":2269,"href":"https:\/\/vaast.armentierois.fr\/index.php?rest_route=\/wp\/v2\/pages\/1541\/revisions\/2269"}],"wp:attachment":[{"href":"https:\/\/vaast.armentierois.fr\/index.php?rest_route=%2Fwp%2Fv2%2Fmedia&parent=1541"}],"curies":[{"name":"wp","href":"https:\/\/api.w.org\/{rel}","templated":true}]}}