{"id":1549,"date":"2023-09-11T21:02:56","date_gmt":"2023-09-11T19:02:56","guid":{"rendered":"https:\/\/martin.armentierois.fr\/?page_id=1549"},"modified":"2023-09-17T08:38:37","modified_gmt":"2023-09-17T06:38:37","slug":"luc","status":"publish","type":"page","link":"https:\/\/vaast.armentierois.fr\/?page_id=1549","title":{"rendered":"Luc"},"content":{"rendered":"\n<p>Luc est l\u2019auteur de l\u2019\u00e9vangile qui porte son nom mais \u00e9galement\u00a0du livre des actes des ap\u00f4tres. Il est historiquement connu comme \u00e9tant d\u2019origine grecque, m\u00e9decin de profession, disciple et grand ami de Paul. Il n\u2019est en revanche pas un disciple de J\u00e9sus de Nazareth et n\u2019appartient donc pas \u00e0 la premi\u00e8re g\u00e9n\u00e9ration apostolique.\u00a0<\/p>\n\n\n\n<figure class=\"wp-block-image size-large\"><img loading=\"lazy\" decoding=\"async\" width=\"640\" height=\"853\" src=\"https:\/\/i0.wp.com\/vaast.armentierois.fr\/wp-content\/uploads\/2023\/09\/img_2588-1.jpg?resize=640%2C853&#038;ssl=1\" alt=\"\" class=\"wp-image-2274\" srcset=\"https:\/\/i0.wp.com\/vaast.armentierois.fr\/wp-content\/uploads\/2023\/09\/img_2588-1-scaled.jpg?resize=768%2C1024&amp;ssl=1 768w, https:\/\/i0.wp.com\/vaast.armentierois.fr\/wp-content\/uploads\/2023\/09\/img_2588-1-scaled.jpg?resize=225%2C300&amp;ssl=1 225w, https:\/\/i0.wp.com\/vaast.armentierois.fr\/wp-content\/uploads\/2023\/09\/img_2588-1-scaled.jpg?resize=1152%2C1536&amp;ssl=1 1152w, https:\/\/i0.wp.com\/vaast.armentierois.fr\/wp-content\/uploads\/2023\/09\/img_2588-1-scaled.jpg?resize=1536%2C2048&amp;ssl=1 1536w, https:\/\/i0.wp.com\/vaast.armentierois.fr\/wp-content\/uploads\/2023\/09\/img_2588-1-scaled.jpg?w=1920&amp;ssl=1 1920w, https:\/\/i0.wp.com\/vaast.armentierois.fr\/wp-content\/uploads\/2023\/09\/img_2588-1-scaled.jpg?w=1280&amp;ssl=1 1280w\" sizes=\"auto, (max-width: 640px) 100vw, 640px\" data-recalc-dims=\"1\" \/><figcaption class=\"wp-element-caption\">Vitrail repr\u00e9sentant saint Luc<\/figcaption><\/figure>\n\n\n\n<p>Luc est appel\u00e9 l\u2019\u00e9vang\u00e9liste de la mis\u00e9ricorde. Il pr\u00e9sente J\u00e9sus comme&nbsp;<em>\u201cle Fils de l\u2019homme\u201d<\/em>. En effet, tout au long de son r\u00e9cit de la vie de J\u00e9sus, il met l\u2019accent sur la tendresse et la compassion du Seigneur J\u00e9sus. Cela se voit au travers de r\u00e9cits qui lui sont propres comme&nbsp;la parabole du fils prodigue&nbsp;ou encore celle du brigand sur la croix, pardonn\u00e9 par J\u00e9sus. Il met aussi beaucoup l\u2019accent sur l\u2019importance que donne J\u00e9sus \u00e0 la pri\u00e8re et au Saint-Esprit.<\/p>\n\n\n\n<p> Luc s\u2019adresse \u00e0 Th\u00e9ophile. Celui-ci \u00e9tait soit un de ses amis, soit un symbole pour parler \u00e0 tous les chr\u00e9tiens car Th\u00e9ophile signifie<em>\u00a0\u201caim\u00e9 de Dieu\u201d<\/em>. \u00c9crit apr\u00e8s les ann\u00e9es 70, cet \u00e9vangile \u00e9tait initialement adress\u00e9 \u00e0 des chr\u00e9tiens d\u2019origine pa\u00efenne, d\u2019Asie Mineure ou de la Gr\u00e8ce. Alors qu\u2019il y avait quelques divisions entre les chr\u00e9tiens d\u2019origine juive et les chr\u00e9tiens d\u2019origine pa\u00efenne, Luc vient r\u00e9tablir cela en nous montrant J\u00e9sus, le Sauveur du monde, tant des juifs que des grecs.\u00a0<\/p>\n","protected":false},"excerpt":{"rendered":"<p>Luc est l\u2019auteur de l\u2019\u00e9vangile qui porte son nom mais \u00e9galement\u00a0du livre des actes des ap\u00f4tres. Il est historiquement connu &hellip; <\/p>\n","protected":false},"author":1,"featured_media":0,"parent":0,"menu_order":0,"comment_status":"closed","ping_status":"closed","template":"","meta":{"footnotes":""},"class_list":["post-1549","page","type-page","status-publish","hentry"],"_links":{"self":[{"href":"https:\/\/vaast.armentierois.fr\/index.php?rest_route=\/wp\/v2\/pages\/1549","targetHints":{"allow":["GET"]}}],"collection":[{"href":"https:\/\/vaast.armentierois.fr\/index.php?rest_route=\/wp\/v2\/pages"}],"about":[{"href":"https:\/\/vaast.armentierois.fr\/index.php?rest_route=\/wp\/v2\/types\/page"}],"author":[{"embeddable":true,"href":"https:\/\/vaast.armentierois.fr\/index.php?rest_route=\/wp\/v2\/users\/1"}],"replies":[{"embeddable":true,"href":"https:\/\/vaast.armentierois.fr\/index.php?rest_route=%2Fwp%2Fv2%2Fcomments&post=1549"}],"version-history":[{"count":3,"href":"https:\/\/vaast.armentierois.fr\/index.php?rest_route=\/wp\/v2\/pages\/1549\/revisions"}],"predecessor-version":[{"id":2281,"href":"https:\/\/vaast.armentierois.fr\/index.php?rest_route=\/wp\/v2\/pages\/1549\/revisions\/2281"}],"wp:attachment":[{"href":"https:\/\/vaast.armentierois.fr\/index.php?rest_route=%2Fwp%2Fv2%2Fmedia&parent=1549"}],"curies":[{"name":"wp","href":"https:\/\/api.w.org\/{rel}","templated":true}]}}