{"id":1552,"date":"2023-09-11T21:11:00","date_gmt":"2023-09-11T19:11:00","guid":{"rendered":"https:\/\/martin.armentierois.fr\/?page_id=1552"},"modified":"2023-09-17T08:37:21","modified_gmt":"2023-09-17T06:37:21","slug":"jean","status":"publish","type":"page","link":"https:\/\/vaast.armentierois.fr\/?page_id=1552","title":{"rendered":"Jean"},"content":{"rendered":"\n<p>Jean est le premier \u00e0 suivre Celui que le Baptiste d\u00e9signe par ces mots : <em>&#8220;Voici l&#8217;Agneau de Dieu&#8221;<\/em>. A la C\u00e8ne, sur le c\u0153ur de J\u00e9sus, il re\u00e7oit en confidence le nom de celui qui trahit. Au Calvaire, il est le seul des douze ap\u00f4tres \u00e0 demeurer au pied de la Croix\u2026 Et J\u00e9sus lui confie sa M\u00e8re. Au matin de P\u00e2ques, il pr\u00e9c\u00e8de Pierre au tombeau : <em>&#8220;Il voit, il croit.&#8221; La puret\u00e9 de son amour lui donne un regard d\u2019aigle. Au soir de sa vie il peut contempler l\u2019Apocalypse, ce d\u00e9roulement de l\u2019histoire du Salut jusqu\u2019\u00e0 l\u2019av\u00e8nement de la J\u00e9rusalem Nouvelle. Il ne sait plus que r\u00e9p\u00e9ter &#8220;Dieu est amour \u00bb<\/em>\u2026 Saint Jean, disciple &#8220;bien aim\u00e9&#8221; de J\u00e9sus, est l&#8217;auteur d&#8217;un \u00e9vangile, de trois \u00e9pitres et du livre de l&#8217;Apocalypse dans le Nouveau Testament. L&#8217;Eglise c\u00e9l\u00e8bre ce saint le 27 d\u00e9cembre.<\/p>\n\n\n\n<figure class=\"wp-block-image size-large\"><img loading=\"lazy\" decoding=\"async\" width=\"640\" height=\"853\" src=\"https:\/\/i0.wp.com\/vaast.armentierois.fr\/wp-content\/uploads\/2023\/09\/img_2586-1.jpg?resize=640%2C853&#038;ssl=1\" alt=\"\" class=\"wp-image-2278\" srcset=\"https:\/\/i0.wp.com\/vaast.armentierois.fr\/wp-content\/uploads\/2023\/09\/img_2586-1-scaled.jpg?resize=768%2C1024&amp;ssl=1 768w, https:\/\/i0.wp.com\/vaast.armentierois.fr\/wp-content\/uploads\/2023\/09\/img_2586-1-scaled.jpg?resize=225%2C300&amp;ssl=1 225w, https:\/\/i0.wp.com\/vaast.armentierois.fr\/wp-content\/uploads\/2023\/09\/img_2586-1-scaled.jpg?resize=1152%2C1536&amp;ssl=1 1152w, https:\/\/i0.wp.com\/vaast.armentierois.fr\/wp-content\/uploads\/2023\/09\/img_2586-1-scaled.jpg?resize=1536%2C2048&amp;ssl=1 1536w, https:\/\/i0.wp.com\/vaast.armentierois.fr\/wp-content\/uploads\/2023\/09\/img_2586-1-scaled.jpg?w=1920&amp;ssl=1 1920w, https:\/\/i0.wp.com\/vaast.armentierois.fr\/wp-content\/uploads\/2023\/09\/img_2586-1-scaled.jpg?w=1280&amp;ssl=1 1280w\" sizes=\"auto, (max-width: 640px) 100vw, 640px\" data-recalc-dims=\"1\" \/><figcaption class=\"wp-element-caption\">Vitrail repr\u00e9sentant saint Jean<\/figcaption><\/figure>\n\n\n\n<p>Saint Jean est&nbsp;<strong>l<\/strong>\u2019un des douze ap\u00f4tres de J\u00e9sus. N\u00e9 \u00e0 Bethsa\u00efde en Galil\u00e9e, il est l\u2019un des&nbsp;fils de Z\u00e9b\u00e9d\u00e9e, exer\u00e7ant le m\u00e9tier de&nbsp;p\u00eacheur<strong>&nbsp;<\/strong>sur le lac de Tib\u00e9riade. Jean fait d\u2019abord partie des disciples de Jean le Baptiste jusqu\u2019\u00e0 ce que celui-ci leur pr\u00e9sente le Messie : \u201c<em>l\u2019Agneau de Dieu qui enl\u00e8ve le p\u00e9ch\u00e9 du monde<\/em>\u201d. Son fr\u00e8re Jacques dit&nbsp;<em>le Majeur<\/em>&nbsp;est aussi choisi par J\u00e9sus pour faire partie&nbsp;des Douze. Dans l\u2019\u00e9vangile, Jean et Jacques sont appel\u00e9s les&nbsp;<em>Fils du Tonnerre<\/em>. Leur m\u00e8re, Salom\u00e9, est l\u2019une des&nbsp;femmes disciples&nbsp;qui accompagne J\u00e9sus et Marie durant les trois ann\u00e9es de la vie publique. Il est question d\u2019elle dans l\u2019\u00e9vangile lorsqu\u2019elle demande pour ses fils des places de choix dans le Ciel aupr\u00e8s du Christ (Mt 20, 20-23).&nbsp;<\/p>\n\n\n\n<p>Saint Jean, le plus jeune des Douze, est appel\u00e9 le&nbsp;disciple pr\u00e9f\u00e9r\u00e9 de J\u00e9sus. Plusieurs sc\u00e8nes de l\u2019Evangile indiquent que, comme&nbsp;Marie-Madeleine, Jean est celui qui \u201c<em>choisit la meilleure part<\/em>\u201d tenant compagnie \u00e0 J\u00e9sus et se r\u00e9fugiant sur son c\u0153ur : lors de la<strong>&nbsp;<\/strong>derni\u00e8re C\u00e8ne<strong>,<\/strong> Jean repose sa t\u00eate sur la poitrine du Sauveur, peu apr\u00e8s il se tient au pied de la Croix. Dans l\u2019une de ses derni\u00e8res paroles, J\u00e9sus l\u2019uni sp\u00e9cialement \u00e0 sa m\u00e8re : \u201c<em>Femme voici ton fils<\/em>\u201d, puis s\u2019adressant au disciple: \u201c<em>Voici ta m\u00e8re<\/em>\u201d. Jean est \u00e0 la fois celui qui aime le plus J\u00e9sus et celui qui en est particuli\u00e8rement ch\u00e9ri, c\u2019est \u201c<em>le disciple que J\u00e9sus aimait<\/em>\u201d. Avec les ap\u00f4tres&nbsp;saint Pierre&nbsp;et&nbsp;saint Jacques, Jean fait partie du trio que choisit J\u00e9sus dans les grands moments : r\u00e9surrection de la fille de Ja\u00efre, Transfiguration sur le Thabor et Agonie au Jardin des Oliviers. Lors de la R\u00e9surrection du Christ, Jean est celui qui arrive le premier au tombeau disant de lui-m\u00eame \u201c<em>il vit et il crut<\/em>\u201d cependant il laisse humblement Pierre entrer le premier. Jean est le seul des ap\u00f4tres qui ne soit pas mort martyr. D\u2019apr\u00e8s&nbsp;saint Ir\u00e9n\u00e9e&nbsp;et&nbsp;saint J\u00e9r\u00f4me, il v\u00e9cut encore de longues ann\u00e9es apr\u00e8s la mort du Christ ainsi que l\u2019avait annonc\u00e9 J\u00e9sus par cette parole myst\u00e9rieuse \u00ab&nbsp;<em>Si je veux qu\u2019il demeure jusqu\u2019\u00e0 ce que je vienne, que t\u2019importe ?<\/em>&nbsp;\u00bb (Jn 21, 22-23). Jean v\u00e9cut de longues ann\u00e9es \u00e0 Eph\u00e8se avec la Vierge Marie, s\u2019impr\u00e9gnant de la saintet\u00e9 de Marie. Finalement exil\u00e9 sur l\u2019\u00eele de Patmos, l\u2019infatigable ap\u00f4tre de l\u2019amour du Christ y meurt \u00e0 l\u2019\u00e2ge de 84 ans. Peu apr\u00e8s son ensevelissement, son tombeau est trouv\u00e9 vide et devient un lieu de gu\u00e9risons r\u00e9pandant, chaque 8 mai, une cendre miraculeuse.<\/p>\n\n\n\n<p>&nbsp;Jean l\u2019\u00e9vang\u00e9liste est repr\u00e9sent\u00e9 par l\u2019aigle.<\/p>\n","protected":false},"excerpt":{"rendered":"<p>Jean est le premier \u00e0 suivre Celui que le Baptiste d\u00e9signe par ces mots : &#8220;Voici l&#8217;Agneau de Dieu&#8221;. A &hellip; <\/p>\n","protected":false},"author":1,"featured_media":0,"parent":0,"menu_order":0,"comment_status":"closed","ping_status":"closed","template":"","meta":{"footnotes":""},"class_list":["post-1552","page","type-page","status-publish","hentry"],"_links":{"self":[{"href":"https:\/\/vaast.armentierois.fr\/index.php?rest_route=\/wp\/v2\/pages\/1552","targetHints":{"allow":["GET"]}}],"collection":[{"href":"https:\/\/vaast.armentierois.fr\/index.php?rest_route=\/wp\/v2\/pages"}],"about":[{"href":"https:\/\/vaast.armentierois.fr\/index.php?rest_route=\/wp\/v2\/types\/page"}],"author":[{"embeddable":true,"href":"https:\/\/vaast.armentierois.fr\/index.php?rest_route=\/wp\/v2\/users\/1"}],"replies":[{"embeddable":true,"href":"https:\/\/vaast.armentierois.fr\/index.php?rest_route=%2Fwp%2Fv2%2Fcomments&post=1552"}],"version-history":[{"count":2,"href":"https:\/\/vaast.armentierois.fr\/index.php?rest_route=\/wp\/v2\/pages\/1552\/revisions"}],"predecessor-version":[{"id":2280,"href":"https:\/\/vaast.armentierois.fr\/index.php?rest_route=\/wp\/v2\/pages\/1552\/revisions\/2280"}],"wp:attachment":[{"href":"https:\/\/vaast.armentierois.fr\/index.php?rest_route=%2Fwp%2Fv2%2Fmedia&parent=1552"}],"curies":[{"name":"wp","href":"https:\/\/api.w.org\/{rel}","templated":true}]}}