{"id":184,"date":"2023-07-16T18:07:25","date_gmt":"2023-07-16T16:07:25","guid":{"rendered":"http:\/\/www.nds.armentierois.fr\/?page_id=184"},"modified":"2023-09-17T16:21:53","modified_gmt":"2023-09-17T14:21:53","slug":"anges","status":"publish","type":"page","link":"https:\/\/vaast.armentierois.fr\/?page_id=184","title":{"rendered":"Anges"},"content":{"rendered":"\n<p>Les anges sont des esprits c\u00e9lestes que Dieu nous envoie pour prot\u00e9ger nos \u00e2mes et nous guider vers Dieu. Ils sont \u00e9galement des <strong>messagers divins<\/strong> \u00e0 qui nous pouvons confier nos pri\u00e8res. La Bible fait \u00e9tat de neuf cat\u00e9gories d\u2019anges : <strong>les neuf ch\u0153urs des anges<\/strong>. Au sommet de leur hi\u00e9rarchie se trouvent les archanges. Saint Michel, Saint Gabriel et Saint Rapha\u00ebl ont des r\u00f4les tout particuliers aupr\u00e8s des hommes. Parmi les anges, figurent \u00e9galement nos anges gardiens, choisis pour chacun d\u2019entre nous, pour nous accompagner durant toute notre vie.<\/p>\n\n\n\n<figure class=\"wp-block-image size-large\"><img loading=\"lazy\" decoding=\"async\" width=\"640\" height=\"853\" src=\"https:\/\/i0.wp.com\/vaast.armentierois.fr\/wp-content\/uploads\/2023\/09\/f9d5d99f-fe8d-4a19-a4e7-2d2885564709-5624-000003427630ed3a_file.jpg?resize=640%2C853&#038;ssl=1\" alt=\"\" class=\"wp-image-1891\" srcset=\"https:\/\/i0.wp.com\/vaast.armentierois.fr\/wp-content\/uploads\/2023\/09\/f9d5d99f-fe8d-4a19-a4e7-2d2885564709-5624-000003427630ed3a_file-scaled.jpg?resize=768%2C1024&amp;ssl=1 768w, https:\/\/i0.wp.com\/vaast.armentierois.fr\/wp-content\/uploads\/2023\/09\/f9d5d99f-fe8d-4a19-a4e7-2d2885564709-5624-000003427630ed3a_file-scaled.jpg?resize=225%2C300&amp;ssl=1 225w, https:\/\/i0.wp.com\/vaast.armentierois.fr\/wp-content\/uploads\/2023\/09\/f9d5d99f-fe8d-4a19-a4e7-2d2885564709-5624-000003427630ed3a_file-scaled.jpg?resize=1152%2C1536&amp;ssl=1 1152w, https:\/\/i0.wp.com\/vaast.armentierois.fr\/wp-content\/uploads\/2023\/09\/f9d5d99f-fe8d-4a19-a4e7-2d2885564709-5624-000003427630ed3a_file-scaled.jpg?resize=1536%2C2048&amp;ssl=1 1536w, https:\/\/i0.wp.com\/vaast.armentierois.fr\/wp-content\/uploads\/2023\/09\/f9d5d99f-fe8d-4a19-a4e7-2d2885564709-5624-000003427630ed3a_file-scaled.jpg?w=1920&amp;ssl=1 1920w, https:\/\/i0.wp.com\/vaast.armentierois.fr\/wp-content\/uploads\/2023\/09\/f9d5d99f-fe8d-4a19-a4e7-2d2885564709-5624-000003427630ed3a_file-scaled.jpg?w=1280&amp;ssl=1 1280w\" sizes=\"auto, (max-width: 640px) 100vw, 640px\" data-recalc-dims=\"1\" \/><figcaption class=\"wp-element-caption\">Offert par les paroissiens \u00e0 leur \u00e9glise le 19 f\u00e9vrier 1939 en souvenir du 29 septembre 1938<\/figcaption><\/figure>\n\n\n\n<p>Deux b\u00e9nitiers dispos\u00e9s \u00e0 l\u2019entr\u00e9e de l\u2019\u00e9glise repr\u00e9sentent des anges, ils nous accueillent. Nous pouvons nous signer \u00e0 l\u2019eau b\u00e9nite en effectuant une ample croix sur nous-m\u00eames !<\/p>\n\n\n\n<figure class=\"wp-block-image size-large\"><img loading=\"lazy\" decoding=\"async\" width=\"640\" height=\"480\" src=\"https:\/\/i0.wp.com\/vaast.armentierois.fr\/wp-content\/uploads\/2023\/09\/217f8c0a-44d6-4913-903c-5184a1c19407-5624-00000342bddf374f_file.jpg?resize=640%2C480&#038;ssl=1\" alt=\"\" class=\"wp-image-1892\" srcset=\"https:\/\/i0.wp.com\/vaast.armentierois.fr\/wp-content\/uploads\/2023\/09\/217f8c0a-44d6-4913-903c-5184a1c19407-5624-00000342bddf374f_file-scaled.jpg?resize=1024%2C768&amp;ssl=1 1024w, https:\/\/i0.wp.com\/vaast.armentierois.fr\/wp-content\/uploads\/2023\/09\/217f8c0a-44d6-4913-903c-5184a1c19407-5624-00000342bddf374f_file-scaled.jpg?resize=300%2C225&amp;ssl=1 300w, https:\/\/i0.wp.com\/vaast.armentierois.fr\/wp-content\/uploads\/2023\/09\/217f8c0a-44d6-4913-903c-5184a1c19407-5624-00000342bddf374f_file-scaled.jpg?resize=768%2C576&amp;ssl=1 768w, https:\/\/i0.wp.com\/vaast.armentierois.fr\/wp-content\/uploads\/2023\/09\/217f8c0a-44d6-4913-903c-5184a1c19407-5624-00000342bddf374f_file-scaled.jpg?resize=1536%2C1152&amp;ssl=1 1536w, https:\/\/i0.wp.com\/vaast.armentierois.fr\/wp-content\/uploads\/2023\/09\/217f8c0a-44d6-4913-903c-5184a1c19407-5624-00000342bddf374f_file-scaled.jpg?resize=2048%2C1536&amp;ssl=1 2048w, https:\/\/i0.wp.com\/vaast.armentierois.fr\/wp-content\/uploads\/2023\/09\/217f8c0a-44d6-4913-903c-5184a1c19407-5624-00000342bddf374f_file-scaled.jpg?w=1280&amp;ssl=1 1280w, https:\/\/i0.wp.com\/vaast.armentierois.fr\/wp-content\/uploads\/2023\/09\/217f8c0a-44d6-4913-903c-5184a1c19407-5624-00000342bddf374f_file-scaled.jpg?w=1920&amp;ssl=1 1920w\" sizes=\"auto, (max-width: 640px) 100vw, 640px\" data-recalc-dims=\"1\" \/><\/figure>\n\n\n\n<p>On trouve aussi des anges dans les m\u00e9daillons des vitraux des chapelles d\u00e9di\u00e9es \u00e0 la Vierge Marie et \u00e0 Saint-Joseph.<\/p>\n\n\n\n<figure class=\"wp-block-image size-large\"><img loading=\"lazy\" decoding=\"async\" width=\"640\" height=\"853\" src=\"https:\/\/i0.wp.com\/vaast.armentierois.fr\/wp-content\/uploads\/2023\/09\/bed0b479-8d38-4e05-8696-50cb40a4c6da-5624-00000342e0641a9e_file.jpg?resize=640%2C853&#038;ssl=1\" alt=\"\" class=\"wp-image-1893\" srcset=\"https:\/\/i0.wp.com\/vaast.armentierois.fr\/wp-content\/uploads\/2023\/09\/bed0b479-8d38-4e05-8696-50cb40a4c6da-5624-00000342e0641a9e_file-scaled.jpg?resize=768%2C1024&amp;ssl=1 768w, https:\/\/i0.wp.com\/vaast.armentierois.fr\/wp-content\/uploads\/2023\/09\/bed0b479-8d38-4e05-8696-50cb40a4c6da-5624-00000342e0641a9e_file-scaled.jpg?resize=225%2C300&amp;ssl=1 225w, https:\/\/i0.wp.com\/vaast.armentierois.fr\/wp-content\/uploads\/2023\/09\/bed0b479-8d38-4e05-8696-50cb40a4c6da-5624-00000342e0641a9e_file-scaled.jpg?resize=1152%2C1536&amp;ssl=1 1152w, https:\/\/i0.wp.com\/vaast.armentierois.fr\/wp-content\/uploads\/2023\/09\/bed0b479-8d38-4e05-8696-50cb40a4c6da-5624-00000342e0641a9e_file-scaled.jpg?resize=1536%2C2048&amp;ssl=1 1536w, https:\/\/i0.wp.com\/vaast.armentierois.fr\/wp-content\/uploads\/2023\/09\/bed0b479-8d38-4e05-8696-50cb40a4c6da-5624-00000342e0641a9e_file-scaled.jpg?w=1920&amp;ssl=1 1920w, https:\/\/i0.wp.com\/vaast.armentierois.fr\/wp-content\/uploads\/2023\/09\/bed0b479-8d38-4e05-8696-50cb40a4c6da-5624-00000342e0641a9e_file-scaled.jpg?w=1280&amp;ssl=1 1280w\" sizes=\"auto, (max-width: 640px) 100vw, 640px\" data-recalc-dims=\"1\" \/><\/figure>\n\n\n\n<figure class=\"wp-block-image size-large\"><img loading=\"lazy\" decoding=\"async\" width=\"640\" height=\"853\" src=\"https:\/\/i0.wp.com\/vaast.armentierois.fr\/wp-content\/uploads\/2023\/09\/b7d58679-9be3-4a10-a30e-2032b2ac2756-5624-00000342fc3396c8_file.jpg?resize=640%2C853&#038;ssl=1\" alt=\"\" class=\"wp-image-1894\" srcset=\"https:\/\/i0.wp.com\/vaast.armentierois.fr\/wp-content\/uploads\/2023\/09\/b7d58679-9be3-4a10-a30e-2032b2ac2756-5624-00000342fc3396c8_file-scaled.jpg?resize=768%2C1024&amp;ssl=1 768w, https:\/\/i0.wp.com\/vaast.armentierois.fr\/wp-content\/uploads\/2023\/09\/b7d58679-9be3-4a10-a30e-2032b2ac2756-5624-00000342fc3396c8_file-scaled.jpg?resize=225%2C300&amp;ssl=1 225w, https:\/\/i0.wp.com\/vaast.armentierois.fr\/wp-content\/uploads\/2023\/09\/b7d58679-9be3-4a10-a30e-2032b2ac2756-5624-00000342fc3396c8_file-scaled.jpg?resize=1152%2C1536&amp;ssl=1 1152w, https:\/\/i0.wp.com\/vaast.armentierois.fr\/wp-content\/uploads\/2023\/09\/b7d58679-9be3-4a10-a30e-2032b2ac2756-5624-00000342fc3396c8_file-scaled.jpg?resize=1536%2C2048&amp;ssl=1 1536w, https:\/\/i0.wp.com\/vaast.armentierois.fr\/wp-content\/uploads\/2023\/09\/b7d58679-9be3-4a10-a30e-2032b2ac2756-5624-00000342fc3396c8_file-scaled.jpg?w=1920&amp;ssl=1 1920w, https:\/\/i0.wp.com\/vaast.armentierois.fr\/wp-content\/uploads\/2023\/09\/b7d58679-9be3-4a10-a30e-2032b2ac2756-5624-00000342fc3396c8_file-scaled.jpg?w=1280&amp;ssl=1 1280w\" sizes=\"auto, (max-width: 640px) 100vw, 640px\" data-recalc-dims=\"1\" \/><\/figure>\n\n\n\n<h2 class=\"wp-block-heading\" id=\"priere-a-saint-michel-archange\">Pri\u00e8re \u00e0 saint Michel archange<\/h2>\n\n\n\n<p>Saint Michel est le chef de la milice c\u00e9leste. A la t\u00eate de l\u2019arm\u00e9e des anges, il est le d\u00e9fenseur contre le Mal, comme nous pouvons le voir dans le r\u00e9cit de l\u2019Apocalypse o\u00f9 il terrasse le dragon. Il est donc souvent invoqu\u00e9 comme aide et protection dans nos combats.<\/p>\n\n\n\n<h2 class=\"wp-block-heading\" id=\"priere-a-larchange-raphael\">Pri\u00e8re \u00e0 l\u2019archange Rapha\u00ebl<\/h2>\n\n\n\n<p>Un autre archange souvent pri\u00e9 est Rapha\u00ebl, saint patron des gu\u00e9risseurs. En effet, celui dont le nom signifie \u201cDieu gu\u00e9rit\u201d fait l\u2019objet de nombreuses pri\u00e8res de gu\u00e9rison mais aussi de demande d\u2019aide et d\u2019accompagnement dans des moments difficiles. Dans la Bible, il est celui qui guide Tobie et qui gu\u00e9rit, son p\u00e8re, Tobit et sa future femme Sara. Les neuvaines \u00e0 saint Rapha\u00ebl nous permettent de nous confier, ou de confier un proche dans la souffrance, \u00e0 Dieu qui prend soin et gu\u00e9rit.<\/p>\n\n\n\n<h2 class=\"wp-block-heading\" id=\"priere-a-mon-ange-gardien\">Pri\u00e8re \u00e0 mon ange gardien<\/h2>\n\n\n\n<p>Chacun de nous est accompagn\u00e9 durant sa vie sur terre par un ange gardien. Ce compagnon c\u00e9leste est avec nous \u00e0 chaque moment, pr\u00eat \u00e0 nous aider \u00e0 accueillir la gr\u00e2ce de Dieu pour peu que nous lui demandions. Que cela soit dans les \u00e9preuves, mais aussi tout simplement au quotidien dans les d\u00e9cisions que nous prenons, les actes que nous posons, nous sommes invit\u00e9s \u00e0 nous appuyer sur lui, comme avait l&#8217;habitude de le faire Padre Pio. Notre ange gardien est en quelque sorte le jumeau de notre \u00e2me et veille sur nous. Nous pouvons aussi lui confier nos pri\u00e8res afin qu\u2019il aille, d\u2019un coup d\u2019ailes, les d\u00e9poser directement devant Dieu.<\/p>\n\n\n\n<figure class=\"wp-block-image size-large\"><img loading=\"lazy\" decoding=\"async\" width=\"640\" height=\"480\" src=\"https:\/\/i0.wp.com\/vaast.armentierois.fr\/wp-content\/uploads\/2023\/09\/ff403cac-aea2-4821-b875-c47fb3932bbc-4064-000003144772442d_file.jpg?resize=640%2C480&#038;ssl=1\" alt=\"\" class=\"wp-image-1812\" srcset=\"https:\/\/i0.wp.com\/vaast.armentierois.fr\/wp-content\/uploads\/2023\/09\/ff403cac-aea2-4821-b875-c47fb3932bbc-4064-000003144772442d_file-scaled.jpg?resize=1024%2C768&amp;ssl=1 1024w, https:\/\/i0.wp.com\/vaast.armentierois.fr\/wp-content\/uploads\/2023\/09\/ff403cac-aea2-4821-b875-c47fb3932bbc-4064-000003144772442d_file-scaled.jpg?resize=300%2C225&amp;ssl=1 300w, https:\/\/i0.wp.com\/vaast.armentierois.fr\/wp-content\/uploads\/2023\/09\/ff403cac-aea2-4821-b875-c47fb3932bbc-4064-000003144772442d_file-scaled.jpg?resize=768%2C576&amp;ssl=1 768w, https:\/\/i0.wp.com\/vaast.armentierois.fr\/wp-content\/uploads\/2023\/09\/ff403cac-aea2-4821-b875-c47fb3932bbc-4064-000003144772442d_file-scaled.jpg?resize=1536%2C1152&amp;ssl=1 1536w, https:\/\/i0.wp.com\/vaast.armentierois.fr\/wp-content\/uploads\/2023\/09\/ff403cac-aea2-4821-b875-c47fb3932bbc-4064-000003144772442d_file-scaled.jpg?resize=2048%2C1536&amp;ssl=1 2048w, https:\/\/i0.wp.com\/vaast.armentierois.fr\/wp-content\/uploads\/2023\/09\/ff403cac-aea2-4821-b875-c47fb3932bbc-4064-000003144772442d_file-scaled.jpg?w=1280&amp;ssl=1 1280w, https:\/\/i0.wp.com\/vaast.armentierois.fr\/wp-content\/uploads\/2023\/09\/ff403cac-aea2-4821-b875-c47fb3932bbc-4064-000003144772442d_file-scaled.jpg?w=1920&amp;ssl=1 1920w\" sizes=\"auto, (max-width: 640px) 100vw, 640px\" data-recalc-dims=\"1\" \/><\/figure>\n\n\n\n<figure class=\"wp-block-image size-large\"><img loading=\"lazy\" decoding=\"async\" width=\"640\" height=\"480\" src=\"https:\/\/i0.wp.com\/vaast.armentierois.fr\/wp-content\/uploads\/2023\/09\/3f277358-96fe-43bc-9e52-ffd66f2438b2-4064-000003147aa482d8_file.jpg?resize=640%2C480&#038;ssl=1\" alt=\"\" class=\"wp-image-1813\" srcset=\"https:\/\/i0.wp.com\/vaast.armentierois.fr\/wp-content\/uploads\/2023\/09\/3f277358-96fe-43bc-9e52-ffd66f2438b2-4064-000003147aa482d8_file-scaled.jpg?resize=1024%2C768&amp;ssl=1 1024w, https:\/\/i0.wp.com\/vaast.armentierois.fr\/wp-content\/uploads\/2023\/09\/3f277358-96fe-43bc-9e52-ffd66f2438b2-4064-000003147aa482d8_file-scaled.jpg?resize=300%2C225&amp;ssl=1 300w, https:\/\/i0.wp.com\/vaast.armentierois.fr\/wp-content\/uploads\/2023\/09\/3f277358-96fe-43bc-9e52-ffd66f2438b2-4064-000003147aa482d8_file-scaled.jpg?resize=768%2C576&amp;ssl=1 768w, https:\/\/i0.wp.com\/vaast.armentierois.fr\/wp-content\/uploads\/2023\/09\/3f277358-96fe-43bc-9e52-ffd66f2438b2-4064-000003147aa482d8_file-scaled.jpg?resize=1536%2C1152&amp;ssl=1 1536w, https:\/\/i0.wp.com\/vaast.armentierois.fr\/wp-content\/uploads\/2023\/09\/3f277358-96fe-43bc-9e52-ffd66f2438b2-4064-000003147aa482d8_file-scaled.jpg?resize=2048%2C1536&amp;ssl=1 2048w, https:\/\/i0.wp.com\/vaast.armentierois.fr\/wp-content\/uploads\/2023\/09\/3f277358-96fe-43bc-9e52-ffd66f2438b2-4064-000003147aa482d8_file-scaled.jpg?w=1280&amp;ssl=1 1280w, https:\/\/i0.wp.com\/vaast.armentierois.fr\/wp-content\/uploads\/2023\/09\/3f277358-96fe-43bc-9e52-ffd66f2438b2-4064-000003147aa482d8_file-scaled.jpg?w=1920&amp;ssl=1 1920w\" sizes=\"auto, (max-width: 640px) 100vw, 640px\" data-recalc-dims=\"1\" \/><\/figure>\n","protected":false},"excerpt":{"rendered":"<p>Les anges sont des esprits c\u00e9lestes que Dieu nous envoie pour prot\u00e9ger nos \u00e2mes et nous guider vers Dieu. Ils &hellip; <\/p>\n","protected":false},"author":1,"featured_media":0,"parent":0,"menu_order":0,"comment_status":"closed","ping_status":"closed","template":"","meta":{"footnotes":""},"class_list":["post-184","page","type-page","status-publish","hentry"],"_links":{"self":[{"href":"https:\/\/vaast.armentierois.fr\/index.php?rest_route=\/wp\/v2\/pages\/184","targetHints":{"allow":["GET"]}}],"collection":[{"href":"https:\/\/vaast.armentierois.fr\/index.php?rest_route=\/wp\/v2\/pages"}],"about":[{"href":"https:\/\/vaast.armentierois.fr\/index.php?rest_route=\/wp\/v2\/types\/page"}],"author":[{"embeddable":true,"href":"https:\/\/vaast.armentierois.fr\/index.php?rest_route=\/wp\/v2\/users\/1"}],"replies":[{"embeddable":true,"href":"https:\/\/vaast.armentierois.fr\/index.php?rest_route=%2Fwp%2Fv2%2Fcomments&post=184"}],"version-history":[{"count":4,"href":"https:\/\/vaast.armentierois.fr\/index.php?rest_route=\/wp\/v2\/pages\/184\/revisions"}],"predecessor-version":[{"id":2349,"href":"https:\/\/vaast.armentierois.fr\/index.php?rest_route=\/wp\/v2\/pages\/184\/revisions\/2349"}],"wp:attachment":[{"href":"https:\/\/vaast.armentierois.fr\/index.php?rest_route=%2Fwp%2Fv2%2Fmedia&parent=184"}],"curies":[{"name":"wp","href":"https:\/\/api.w.org\/{rel}","templated":true}]}}