{"id":187,"date":"2023-07-16T18:09:58","date_gmt":"2023-07-16T16:09:58","guid":{"rendered":"http:\/\/www.nds.armentierois.fr\/?page_id=187"},"modified":"2023-07-16T18:09:58","modified_gmt":"2023-07-16T16:09:58","slug":"facade","status":"publish","type":"page","link":"https:\/\/vaast.armentierois.fr\/?page_id=187","title":{"rendered":"Fa\u00e7ade"},"content":{"rendered":"\n<p>La conception de la fa\u00e7ade est de \u00c9douard Pierre Blin.<\/p>\n\n\n\n<figure class=\"wp-block-image size-large\"><img decoding=\"async\" src=\"https:\/\/i0.wp.com\/martin.armentierois.fr\/wp-content\/uploads\/2023\/09\/img_2205-768x1024.jpg?resize=640%2C853&#038;ssl=1\" alt=\"\" class=\"wp-image-1112\" data-recalc-dims=\"1\"\/><\/figure>\n\n\n\n<p>Sur la fa\u00e7ade, on peut apercevoir trois croix, une au clocher et une au sommet de chaque tympan. Ces trois croix sont le symbole de notre foi \u00e0 la Sainte Trinit\u00e9, un seul Dieu r\u00e9v\u00e9l\u00e9 en trois personnes : le P\u00e8re, le Fils, le Saint-Esprit.<\/p>\n\n\n\n<p>La fa\u00e7ade est aussi orn\u00e9e de gargouilles et de quelques d\u00e9tails.<\/p>\n\n\n\n<figure class=\"wp-block-image size-large\"><img decoding=\"async\" src=\"https:\/\/i0.wp.com\/martin.armentierois.fr\/wp-content\/uploads\/2023\/09\/img_2413-768x1024.jpg?resize=640%2C853&#038;ssl=1\" alt=\"\" class=\"wp-image-1630\" data-recalc-dims=\"1\"\/><figcaption class=\"wp-element-caption\">Gargouille permettant l\u2019\u00e9vacuation des eaux pluviales<\/figcaption><\/figure>\n\n\n\n<figure class=\"wp-block-gallery has-nested-images columns-default is-cropped wp-block-gallery-1 is-layout-flex wp-block-gallery-is-layout-flex\">\n<figure class=\"wp-block-image size-large\"><img decoding=\"async\" data-id=\"1635\" src=\"https:\/\/i0.wp.com\/martin.armentierois.fr\/wp-content\/uploads\/2023\/09\/img_2206-768x1024.jpg?resize=640%2C853&#038;ssl=1\" alt=\"\" class=\"wp-image-1635\" data-recalc-dims=\"1\"\/><figcaption class=\"wp-element-caption\">Ornementation <\/figcaption><\/figure>\n\n\n\n<figure class=\"wp-block-image size-large\"><img decoding=\"async\" data-id=\"1631\" src=\"https:\/\/i0.wp.com\/martin.armentierois.fr\/wp-content\/uploads\/2023\/09\/img_2202-768x1024.jpg?resize=640%2C853&#038;ssl=1\" alt=\"\" class=\"wp-image-1631\" data-recalc-dims=\"1\"\/><figcaption class=\"wp-element-caption\">Blason de la reconstruction <\/figcaption><\/figure>\n\n\n\n<figure class=\"wp-block-image size-large\"><img decoding=\"async\" data-id=\"1633\" src=\"https:\/\/i0.wp.com\/martin.armentierois.fr\/wp-content\/uploads\/2023\/09\/img_2201-768x1024.jpg?resize=640%2C853&#038;ssl=1\" alt=\"\" class=\"wp-image-1633\" data-recalc-dims=\"1\"\/><\/figure>\n\n\n\n<figure class=\"wp-block-image size-large\"><img decoding=\"async\" data-id=\"1632\" src=\"https:\/\/i0.wp.com\/martin.armentierois.fr\/wp-content\/uploads\/2023\/09\/img_2200-768x1024.jpg?resize=640%2C853&#038;ssl=1\" alt=\"\" class=\"wp-image-1632\" data-recalc-dims=\"1\"\/><figcaption class=\"wp-element-caption\">Blason de l\u2019\u00e9glise primitive <\/figcaption><\/figure>\n\n\n\n<figure class=\"wp-block-image size-large\"><img decoding=\"async\" data-id=\"1634\" src=\"https:\/\/i0.wp.com\/martin.armentierois.fr\/wp-content\/uploads\/2023\/09\/img_2199-768x1024.jpg?resize=640%2C853&#038;ssl=1\" alt=\"\" class=\"wp-image-1634\" data-recalc-dims=\"1\"\/><figcaption class=\"wp-element-caption\">Armoirie<\/figcaption><\/figure>\n<figcaption class=\"blocks-gallery-caption wp-element-caption\">D\u00e9tails de la fa\u00e7ade <\/figcaption><\/figure>\n\n\n\n<p>Elle comporte \u00e9galement trois portes, le portail principal et central que l&#8217;on emprunte au bapt\u00eame, au mariage, aux grandes occasions et aux fun\u00e9railles. Chaque tympan est surmont\u00e9 d&#8217;une mosa\u00efque repr\u00e9sentant un \u00e9vang\u00e9lisateur de la r\u00e9gion, le tympan principal est r\u00e9serv\u00e9 au saint patron de l&#8217;\u00e9glise : Saint Martin, il est entour\u00e9 de deux portes plus petites, orn\u00e9es \u00e9galement des mosa\u00efques de saint Eloi et de saint Am\u00e9.<\/p>\n\n\n\n<figure class=\"wp-block-image size-large\"><img decoding=\"async\" src=\"https:\/\/i0.wp.com\/martin.armentierois.fr\/wp-content\/uploads\/2023\/09\/img_2196-768x1024.jpg?resize=640%2C853&#038;ssl=1\" alt=\"\" class=\"wp-image-1113\" data-recalc-dims=\"1\"\/><figcaption class=\"wp-element-caption\">Mosa\u00efque repr\u00e9sentant Saint Martin sur le porche central<\/figcaption><\/figure>\n\n\n\n<figure class=\"wp-block-image size-large\"><img decoding=\"async\" src=\"https:\/\/i0.wp.com\/martin.armentierois.fr\/wp-content\/uploads\/2023\/09\/34c7f0c4-0bf6-43b2-bc54-32aba6b02ceb-21055-00000ced06550f3e_file-768x1024.jpg?resize=640%2C853&#038;ssl=1\" alt=\"\" class=\"wp-image-1108\" data-recalc-dims=\"1\"\/><figcaption class=\"wp-element-caption\">Porte St Eloi<\/figcaption><\/figure>\n\n\n\n<p><strong>Saint Eloi<\/strong><\/p>\n\n\n\n<p>Gallo-romain originaire de Chaptelat dans le Limousin, &#8220;le bon saint Eloi&#8221; appartenait \u00e0 une famille de paysans ais\u00e9s qui travaillaient eux-m\u00eames leur domaine, \u00e0 la diff\u00e9rence de tant de grands propri\u00e9taires qui les faisaient cultiver par de nombreux esclaves. Il laissa \u00e0 l&#8217;un de ses fr\u00e8res le soin du domaine et entra comme apprenti orf\u00e8vre dans un atelier o\u00f9 l&#8217;on frappait la monnaie royale selon les m\u00e9thodes romaines anciennes. Il gardait une partie des revenus venant de sa famille et il les employa au service de la charit\u00e9 des pauvres et des esclaves. Il \u00e9tait aussi habile dans les \u00e9maux que dans les ciselures d&#8217;or fin. Ces qualit\u00e9s professionnelles allaient de pair avec une scrupuleuse honn\u00eatet\u00e9. Lorsqu&#8217;on lui demanda d&#8217;ex\u00e9cuter un tr\u00f4ne d&#8217;or pour le roi Clotaire II (613-629), il en fit un deuxi\u00e8me avec l&#8217;or en surplus qu&#8217;il ne voulait pas garder pour lui-m\u00eame. Cet acte, \u00e9tonnant pour l&#8217;\u00e9poque, lui valut la confiance du roi qui lui demande de r\u00e9sider \u00e0 Paris, comme orf\u00e8vre royal, fonctionnaire de la Tr\u00e9sorerie royale et conseiller \u00e0 la cour. <\/p>\n\n\n\n<p>Nomm\u00e9 mon\u00e9taire \u00e0 Marseille, il rach\u00e8tera de nombreux esclaves que l&#8217;on vendait sur le port. Lorsque Dagobert devint roi en 629, il est rappel\u00e9 \u00e0 Paris o\u00f9 il dirige les ateliers mon\u00e9taires du royaume franc, qui se trouvait \u00e0 Paris sur le quai des Orf\u00e8vres et pr\u00e8s de l&#8217;actuelle rue de la Monnaie. Il re\u00e7oit, entre autres, la commande d&#8217;orner les tombes de sainte Genevi\u00e8ve et de saint Denis. Il r\u00e9alise des ch\u00e2sses pour saint Germain, saint S\u00e9verin, saint Martin et sainte Colombe et de nombreux objets liturgiques pour la nouvelle abbaye de Saint-Denis. Pour son honn\u00eatet\u00e9, sa franchise sans flagornerie et la qualit\u00e9 de son jugement pacifique, il avait la confiance du roi qui le faisait souvent appeler pr\u00e8s de lui et lui confia m\u00eame une mission de paix apr\u00e8s du roi breton Judica\u00ebl. Grande \u00e9tait la pi\u00e9t\u00e9 et la vie de pri\u00e8re de ce la\u00efc qui allait souvent aux offices monastiques. En 632, il fonde le monast\u00e8re de Solignac au sud de Limoges et, un an apr\u00e8s, dans sa propre maison de l&#8217;\u00eele de la Cit\u00e9, le premier monast\u00e8re f\u00e9minin de Paris dont il confiera la charge \u00e0 sainte Aure. Un an apr\u00e8s la mort de Dagobert qu&#8217;il avait assist\u00e9 dans ses derniers moments, il quitte la cour en m\u00eame temps que saint Ouen qui y \u00e9tait conseiller r\u00e9f\u00e9rendaire et chancelier. Comme lui, il entre dans la cl\u00e9ricature et est ordonn\u00e9 pr\u00eatre. Le m\u00eame jour, le 13 mai 641, ils re\u00e7oivent l&#8217;\u00e9piscopat, saint Ouen comme \u00e9v\u00eaque de Rouen et, lui, comme \u00e9v\u00eaque de Noyon et Tournai, un dioc\u00e8se qui s&#8217;\u00e9tend jusqu&#8217;\u00e0 Courtrai, Gand et la Frise n\u00e9erlandaise. Il tente, sans grand succ\u00e8s, d&#8217;\u00e9vang\u00e9liser la r\u00e9gion d&#8217;Anvers. Au travers de ses sermons, nous connaissons la situation religieuse de cette \u00e9poque et les superstitions pa\u00efennes qu&#8217;il rencontre. Il fait sienne la spiritualit\u00e9 de saint Colomban, le moine irlandais, fonde des monast\u00e8res et aime \u00e0 se retirer dans l&#8217;oratoire d&#8217;Ourscamps-sur-Oise. Il voyage aussi. Nous le trouvons au concile de Ch\u00e2lon-sur-Sa\u00f4ne et en Aquitaine, \u00e0 Uz\u00e8s et \u00e0 Marseille. Il meurt en 660, \u00e0 la veille de partir pour Cahors. La reine sainte <a href=\"https:\/\/nominis.cef.fr\/contenus\/saint\/821\/Sainte-Bathilde.html\">Bathilde<\/a> s&#8217;\u00e9tait d\u00e9plac\u00e9e pour le voir, mais arrivera trop tard. A Paris, une \u00e9glise lui est d\u00e9di\u00e9e dans le quartier parisien des ferronniers d&#8217;art et des \u00e9b\u00e9nistes, l&#8217;\u00e9glise Saint-Eloi reconstruite en 1967. Une \u00e9glise, d\u00e9truite en 1793, lui \u00e9tait d\u00e9di\u00e9e dans la rue des Orf\u00e8vres, pr\u00e8s de l&#8217;h\u00f4tel de la Monnaie (rue de la Monnaie \u00e0 Paris 4\u00e8me). A la cath\u00e9drale Notre-Dame, dans la chapelle Sainte-Anne, autrefois si\u00e8ge de leur confr\u00e9rie, les orf\u00e8vres et joailliers de Paris ont plac\u00e9 sa statue et restaur\u00e9 son autel. <br \/><em>&#8211; Alors que meurt Saint <a href=\"https:\/\/nominis.cef.fr\/contenus\/saint\/1739\/Saint-Yrieix.html\">Yrieix<\/a>, na\u00eet Saint Eloi qui appartient \u00e0 une famille chr\u00e9tienne depuis longtemps. A Paris, il est remarqu\u00e9 par le roi Clotaire II qui le prend comme conseiller et comme tr\u00e9sorier. Puis le roi Dagobert le prend comme confident. Mais saint Eloi est attir\u00e9 par la vie religieuse et veut fonder un monast\u00e8re ce qu&#8217;il r\u00e9alise \u00e0 Solignac. De son vivant, le monast\u00e8re compte d\u00e9j\u00e0 plus de 150 moines qui respectent les 2 r\u00e8gles de Saint Beno\u00eet et de Saint Colomban. Il est plac\u00e9 sous la protection du roi et non sous l&#8217;autorit\u00e9 de l&#8217;\u00e9v\u00eaque. La ferveur religieuse, l&#8217;ardeur au travail qui y r\u00e8gnent en font un des monast\u00e8res les plus prosp\u00e8res de l&#8217;\u00e9poque. Saint Eloi cr\u00e9e ensuite un monast\u00e8re identique pour les femmes \u00e0 Paris. A la mort de Dagobert, il veut se retirer mais il devient \u00e9v\u00eaque et continue \u00e0 r\u00e9pandre la vie monastique. (Les origines monastiques &#8211; dioc\u00e8se de Limoges)<br \/>&#8211; En 641, \u00c9loi \u00e9tait ordonn\u00e9 pr\u00eatre et devenait \u00e9v\u00eaque de Noyon-Tournai. Il travailla \u00e0 la conversion des Frisons, ses dioc\u00e9sains du Nord. Il continua \u00e0 fonder des abbayes et \u00e0 se faire aimer. Lorsqu&#8217;elle apprit qu&#8217;il \u00e9tait mal, sainte Bathilde, la reine d\u00e9tr\u00f4n\u00e9e qu&#8217;il avait soutenue dans ses \u00e9preuves, accourut \u00e0 son chevet; mais il \u00e9tait mort quand elle arriva. Saint \u00c9loi est le patron des orf\u00e8vres, et par extension, des forgerons, m\u00e9tallurgistes, quincailliers, serruriers, protecteur des chevaux et, \u00e0 ce titre, des cultivateurs, charretiers, m\u00e9caniciens et garagistes. Patron des cultivateurs et de ceux qui travaillent les m\u00e9taux (m\u00e9tallurgie, orf\u00e8vrerie).<\/em><\/p>\n\n\n\n<p><strong><em>On retrouve une repr\u00e9sentation de Saint Eloi dans les vitraux du ch\u0153ur<\/em> <\/strong><\/p>\n\n\n\n<figure class=\"wp-block-image size-large\"><img decoding=\"async\" src=\"https:\/\/i0.wp.com\/martin.armentierois.fr\/wp-content\/uploads\/2023\/09\/401f4c3a-20d9-492f-b4f3-537eda97d27c-21055-00000ced9875fb64_file-768x1024.jpg?resize=640%2C853&#038;ssl=1\" alt=\"\" class=\"wp-image-1107\" data-recalc-dims=\"1\"\/><figcaption class=\"wp-element-caption\">Porte Saint Am\u00e9<\/figcaption><\/figure>\n\n\n\n<p>D\u2019origine vosgienne, le moine s\u2019est exil\u00e9 dans le Nord, la paroisse de Niepkerke fut sans doute la premi\u00e8re \u00e0 porter son nom en 697.<\/p>\n\n\n\n<p><strong><em>On retrouve une repr\u00e9sentation de Saint Am\u00e9 dans les vitraux du ch\u0153ur<\/em><\/strong><\/p>\n\n\n\n<p><strong>Pri\u00e8re \u00e0 saint \u00c9loi pour gu\u00e9rir d\u2019une maladie<\/strong><\/p>\n\n\n\n<p>\u00ab<em>&nbsp;\u00d4 Bienheureux Saint \u00c9loi, qui par tes vertus, as trouv\u00e9 place \u00e0 la droite de Dieu,<\/em><\/p>\n\n\n\n<p><em>Toi qui as donn\u00e9 de sages conseils aux puissants,<\/em><\/p>\n\n\n\n<p><em>Toi qui as su donner beaut\u00e9 et gr\u00e2ce aux m\u00e9taux inanim\u00e9s,<\/em><\/p>\n\n\n\n<p><em>Use de ton pouvoir pour rendre mes os \u00e0 nouveau intacts.<\/em><\/p>\n\n\n\n<p><em>Par la gr\u00e2ce de Dieu, fais que je puisse gu\u00e9rir de ma maladie et reprendre la vie ordinaire, mais avec une confiance encore plus grande dans le Seigneur et le d\u00e9sir de le suivre sans embarras. Amen<\/em> \u00bb.<\/p>\n","protected":false},"excerpt":{"rendered":"<p>La conception de la fa\u00e7ade est de \u00c9douard Pierre Blin. Sur la fa\u00e7ade, on peut apercevoir trois croix, une au &hellip; <\/p>\n","protected":false},"author":1,"featured_media":1112,"parent":0,"menu_order":0,"comment_status":"closed","ping_status":"closed","template":"","meta":{"footnotes":""},"class_list":["post-187","page","type-page","status-publish","has-post-thumbnail","hentry"],"_links":{"self":[{"href":"https:\/\/vaast.armentierois.fr\/index.php?rest_route=\/wp\/v2\/pages\/187","targetHints":{"allow":["GET"]}}],"collection":[{"href":"https:\/\/vaast.armentierois.fr\/index.php?rest_route=\/wp\/v2\/pages"}],"about":[{"href":"https:\/\/vaast.armentierois.fr\/index.php?rest_route=\/wp\/v2\/types\/page"}],"author":[{"embeddable":true,"href":"https:\/\/vaast.armentierois.fr\/index.php?rest_route=\/wp\/v2\/users\/1"}],"replies":[{"embeddable":true,"href":"https:\/\/vaast.armentierois.fr\/index.php?rest_route=%2Fwp%2Fv2%2Fcomments&post=187"}],"version-history":[{"count":0,"href":"https:\/\/vaast.armentierois.fr\/index.php?rest_route=\/wp\/v2\/pages\/187\/revisions"}],"wp:featuredmedia":[{"embeddable":true,"href":"https:\/\/vaast.armentierois.fr\/index.php?rest_route=\/"}],"wp:attachment":[{"href":"https:\/\/vaast.armentierois.fr\/index.php?rest_route=%2Fwp%2Fv2%2Fmedia&parent=187"}],"curies":[{"name":"wp","href":"https:\/\/api.w.org\/{rel}","templated":true}]}}