{"id":1879,"date":"2023-09-13T19:24:14","date_gmt":"2023-09-13T17:24:14","guid":{"rendered":"https:\/\/vaast.armentierois.fr\/?page_id=1879"},"modified":"2023-09-16T11:01:16","modified_gmt":"2023-09-16T09:01:16","slug":"louise-de-marillac","status":"publish","type":"page","link":"https:\/\/vaast.armentierois.fr\/?page_id=1879","title":{"rendered":"Louise de Marillac"},"content":{"rendered":"\n<p>Sainte Louise de Marillac (1591-1660) repr\u00e9sent\u00e9e avec 2 enfants car elle ne cessa de traquer la mis\u00e8re, accueillant les pauvres et les malades ainsi que les enfants abandonn\u00e9s. Avec Saint Vincent de Paul surnomm\u00e9 \u00ab\u00a0le g\u00e9ant de la charit\u00e9\u00a0\u00bb elle fonda la congr\u00e9gation des Filles de la Charit\u00e9. Saint Vincent de Paul (qui se trouve sur la gauche de la grande nef) a lui-m\u00eame fond\u00e9 la Soci\u00e9t\u00e9 Saint Vincent de Paul pour venir en aide aux plus pauvres.<\/p>\n\n\n\n<figure class=\"wp-block-image size-large\"><img loading=\"lazy\" decoding=\"async\" width=\"640\" height=\"853\" src=\"https:\/\/i0.wp.com\/vaast.armentierois.fr\/wp-content\/uploads\/2023\/09\/97c89a5c-b1d7-436f-8337-e3f3c8b5e9c8-5624-0000033fd7f44df1_file.jpg?resize=640%2C853&#038;ssl=1\" alt=\"\" class=\"wp-image-1878\" srcset=\"https:\/\/i0.wp.com\/vaast.armentierois.fr\/wp-content\/uploads\/2023\/09\/97c89a5c-b1d7-436f-8337-e3f3c8b5e9c8-5624-0000033fd7f44df1_file-scaled.jpg?resize=768%2C1024&amp;ssl=1 768w, https:\/\/i0.wp.com\/vaast.armentierois.fr\/wp-content\/uploads\/2023\/09\/97c89a5c-b1d7-436f-8337-e3f3c8b5e9c8-5624-0000033fd7f44df1_file-scaled.jpg?resize=225%2C300&amp;ssl=1 225w, https:\/\/i0.wp.com\/vaast.armentierois.fr\/wp-content\/uploads\/2023\/09\/97c89a5c-b1d7-436f-8337-e3f3c8b5e9c8-5624-0000033fd7f44df1_file-scaled.jpg?resize=1152%2C1536&amp;ssl=1 1152w, https:\/\/i0.wp.com\/vaast.armentierois.fr\/wp-content\/uploads\/2023\/09\/97c89a5c-b1d7-436f-8337-e3f3c8b5e9c8-5624-0000033fd7f44df1_file-scaled.jpg?resize=1536%2C2048&amp;ssl=1 1536w, https:\/\/i0.wp.com\/vaast.armentierois.fr\/wp-content\/uploads\/2023\/09\/97c89a5c-b1d7-436f-8337-e3f3c8b5e9c8-5624-0000033fd7f44df1_file-scaled.jpg?w=1920&amp;ssl=1 1920w, https:\/\/i0.wp.com\/vaast.armentierois.fr\/wp-content\/uploads\/2023\/09\/97c89a5c-b1d7-436f-8337-e3f3c8b5e9c8-5624-0000033fd7f44df1_file-scaled.jpg?w=1280&amp;ssl=1 1280w\" sizes=\"auto, (max-width: 640px) 100vw, 640px\" data-recalc-dims=\"1\" \/><\/figure>\n\n\n\n<p>Louise de Marillac&nbsp;(Paris, 12 ao\u00fbt 1591 \u2013 Paris, 15 mars 1660) est une aristocrate fran\u00e7aise, fondatrice avec saint Vincent de Paul des filles de la&nbsp;Charit\u00e9, et reconnue sainte par l\u2019\u00c9glise catholique. Elle est f\u00eat\u00e9e le 15 mars.<\/p>\n\n\n\n<p>Durant de longues ann\u00e9es, Louise de Marillac est une femme habit\u00e9e par l\u2019anxi\u00e9t\u00e9, la culpabilit\u00e9. Du fait de sa naissance ill\u00e9gitime, hors mariage, elle est rejet\u00e9e par sa famille, plac\u00e9e dans des institutions : chez les religieuses Dominicaines de Poissy, puis dans un foyer pour jeunes filles \u00e0 Paris. Louise n\u2019a qu\u2019un d\u00e9sir, s\u2019enfermer dans un clo\u00eetre, loin du monde et par la pri\u00e8re et les mortifications. \u00ab vaincre la justice de Dieu \u00bb. Mais son tuteur lui refuse l\u2019entr\u00e9e au\u00a0monast\u00e8re\u00a0des religieuses Capucines, \u00e0 cause de sa faible sant\u00e9. Le mariage lui est impos\u00e9. Il est c\u00e9l\u00e9br\u00e9 le 5 f\u00e9vrier 1613. Elle devient Mademoiselle Le Gras. La d\u00e9couverte de l\u2019amour humain et de la maternit\u00e9 l\u2019apaise et lui procure un d\u00e9but de bien-\u00eatre. La maladie de son mari vers 1622 ravive ses angoisses. Elle s\u2019imagine que Dieu la punit pour n\u2019avoir pas r\u00e9pondu \u00e0 son appel d\u2019\u00eatre religieuse. De nouveau, longues pri\u00e8res, je\u00fbnes, mortifications corporelles se multiplient en vain. Nuit de l\u2019\u00e2me et \u00e9tat d\u00e9pressif la plongent dans le noir. Une lumi\u00e8re le jour de la\u00a0Pentec\u00f4te\u00a01623 vient \u00e9clairer ses t\u00e9n\u00e8bres. Elle per\u00e7oit un avenir dans une communaut\u00e9 o\u00f9 elle pourra se consacrer \u00e0 Dieu, elle entrevoit son nouveau directeur spirituel et elle comprend surtout qu\u2019elle doit rester pr\u00e8s de son mari et son fils qu\u2019elle voulait quitter pour retrouver la paix. Le 21 d\u00e9cembre 1625, elle devient veuve avec la charge d\u2019un enfant de 12 ans. Assez d\u00e9sempar\u00e9e, elle accepte la direction de Vincent de Paul malgr\u00e9 sa \u00ab r\u00e9pugnance \u00bb (terme employ\u00e9 par elle dans le r\u00e9cit de sa lumi\u00e8re de\u00a0Pentec\u00f4te)<\/p>\n\n\n\n<p>Au-del\u00e0 de l\u2019aspect maladif et tourment\u00e9 de cette femme, Vincent d\u00e9couvre peu \u00e0 peu la richesse enfouie de cette personnalit\u00e9. Il la conduit vers une relation \u00e0 Dieu plus sereine, et surtout il l\u2019oriente vers la rencontre du pauvre \u00e0 travers l\u2019\u0153uvre des Confr\u00e9ries de la&nbsp;Charit\u00e9.<br>Une profonde \u00e9volution s\u2019amorce. Louise se d\u00e9centre d\u2019elle-m\u00eame, son regard d\u00e9couvre plus pauvre qu\u2019elle. Sa pri\u00e8re ne s\u2019arr\u00eate plus sur un Dieu aust\u00e8re, lointain, mais d\u00e9couvre la personne de J\u00e9sus-Christ. Dieu a voulu faire conna\u00eetre son amour de l\u2019homme en envoyant son Fils sur terre. Elle admire la totale disponibilit\u00e9 et l\u2019humilit\u00e9 de la Vierge Marie qui donne au Fils de Dieu son humanit\u00e9. Elle r\u00e9alise que Dieu a besoin des hommes et des femmes pour perp\u00e9tuer son \u0153uvre. Avec Vincent de Paul, elle ose proposer aux paysannes, femmes peu reconnues par la soci\u00e9t\u00e9 dirigeante de l\u2019\u00e9poque, de vivre une vie religieuse, sans clo\u00eetre, sans voile,&nbsp;vie consacr\u00e9e&nbsp;au service des rejet\u00e9s de la soci\u00e9t\u00e9.<br>La m\u00e9ditation de la vie de J\u00e9sus est soutien et orientation de ce service. Seul un \u00ab amour fort \u00bb de Dieu permet d\u2019avoir un \u00ab amour suave \u00bb, compatissant et doux, envers les pauvres. Toute relation aux pauvres que J\u00e9sus reconnait comme ses fr\u00e8res a besoin d\u2019\u00eatre empreinte d\u2019un amour plein de tendresse et d\u2019un vrai respect. L\u2019un ne peut aller sans l\u2019autre.<br>Louise n\u2019h\u00e9site pas \u00e0 regarder ce service comme une suite de l\u2019\u0153uvre r\u00e9demptrice du Christ. C\u2019est une joie et une lourde responsabilit\u00e9 de \u00ab coop\u00e9rer avec Dieu au salut du monde \u00bb. L\u2019Eucharistie&nbsp;devient pour toutes les servantes des pauvres, source de vie. \u00ab Cette admirable invention incompr\u00e9hensible aux sens humains \u00bb manifeste le fort d\u00e9sir de J\u00e9sus non seulement de demeurer pr\u00e9sent, mais de partager son amour par une forte union. La communion est un moment inoubliable pour Louise.<\/p>\n\n\n\n<p>Cependant Louise de Marillac reste une femme fragile. Elle conna\u00eet des p\u00e9riodes difficiles, notamment lorsque des S\u0153urs quittent la Compagnie. Elle s\u2019avoue responsable de leur abandon. Il lui faudra du temps pour d\u00e9couvrir la&nbsp;mis\u00e9ricorde&nbsp;de Dieu envers elle, cette&nbsp;mis\u00e9ricorde&nbsp;qui pardonne au-del\u00e0 de ce que l\u2019homme peut esp\u00e9rer.<\/p>\n\n\n\n<p>Apr\u00e8s des ann\u00e9es obscures, Louise a compris que seul l\u2019amour de Dieu et du prochain pouvait guider sa vie. Elle peut maintenant aller sereinement \u00e0 la rencontre de son Seigneur. De sa chambre de malade, Vincent de Paul lui envoie ce message. \u00ab Vous partez la premi\u00e8re, j\u2019esp\u00e8re, si Dieu m\u2019en fait la gr\u00e2ce, vous rejoindre bient\u00f4t. \u00bb Louise meurt le 15 mars 1660, entour\u00e9e de son fils avec sa femme et sa petite fille et de nombreuses Filles de la&nbsp;Charit\u00e9.<\/p>\n\n\n\n<p><em>Elisabeth Charpy, fille de la&nbsp;charit\u00e9<br>Auteur du livre Prier quinze jours avec Louise de Marillac, Nouvelle Cit\u00e9 n\u00b0 105<\/em><\/p>\n\n\n\n<p><strong>Pri\u00e8re de Louise de Marillac \u00e0 la Tr\u00e8s Sainte Vierge Marie<\/strong><\/p>\n\n\n\n<p>Tr\u00e8s Sainte Vierge, je crois et confesse votre Sainte et Immacul\u00e9e Conception pure et sans t\u00e2che&nbsp;; \u00f4 tr\u00e8s pure Vierge&nbsp;! Par votre puret\u00e9 virginale, votre Conception Immacul\u00e9e, votre glorieuse qualit\u00e9 de M\u00e8re de Dieu, obtenez-moi de votre cher Fils l\u2019humilit\u00e9, la charit\u00e9, une grande puret\u00e9 de c\u0153ur, de corps et d\u2019esprit, une sainte pers\u00e9v\u00e9rance dans le bien, le don d\u2019oraison, une bonne vie et une bonne mort. Amen<\/p>\n","protected":false},"excerpt":{"rendered":"<p>Sainte Louise de Marillac (1591-1660) repr\u00e9sent\u00e9e avec 2 enfants car elle ne cessa de traquer la mis\u00e8re, accueillant les pauvres &hellip; <\/p>\n","protected":false},"author":1,"featured_media":1878,"parent":0,"menu_order":0,"comment_status":"closed","ping_status":"closed","template":"","meta":{"footnotes":""},"class_list":["post-1879","page","type-page","status-publish","has-post-thumbnail","hentry"],"_links":{"self":[{"href":"https:\/\/vaast.armentierois.fr\/index.php?rest_route=\/wp\/v2\/pages\/1879","targetHints":{"allow":["GET"]}}],"collection":[{"href":"https:\/\/vaast.armentierois.fr\/index.php?rest_route=\/wp\/v2\/pages"}],"about":[{"href":"https:\/\/vaast.armentierois.fr\/index.php?rest_route=\/wp\/v2\/types\/page"}],"author":[{"embeddable":true,"href":"https:\/\/vaast.armentierois.fr\/index.php?rest_route=\/wp\/v2\/users\/1"}],"replies":[{"embeddable":true,"href":"https:\/\/vaast.armentierois.fr\/index.php?rest_route=%2Fwp%2Fv2%2Fcomments&post=1879"}],"version-history":[{"count":3,"href":"https:\/\/vaast.armentierois.fr\/index.php?rest_route=\/wp\/v2\/pages\/1879\/revisions"}],"predecessor-version":[{"id":2204,"href":"https:\/\/vaast.armentierois.fr\/index.php?rest_route=\/wp\/v2\/pages\/1879\/revisions\/2204"}],"wp:featuredmedia":[{"embeddable":true,"href":"https:\/\/vaast.armentierois.fr\/index.php?rest_route=\/wp\/v2\/media\/1878"}],"wp:attachment":[{"href":"https:\/\/vaast.armentierois.fr\/index.php?rest_route=%2Fwp%2Fv2%2Fmedia&parent=1879"}],"curies":[{"name":"wp","href":"https:\/\/api.w.org\/{rel}","templated":true}]}}