{"id":1887,"date":"2023-09-13T19:25:32","date_gmt":"2023-09-13T17:25:32","guid":{"rendered":"https:\/\/vaast.armentierois.fr\/?page_id=1887"},"modified":"2023-09-17T08:08:35","modified_gmt":"2023-09-17T06:08:35","slug":"vitraux-du-transept-est","status":"publish","type":"page","link":"https:\/\/vaast.armentierois.fr\/?page_id=1887","title":{"rendered":"Vitraux du transept Nord"},"content":{"rendered":"\n<p>Sous la grande rosace bleue du transept Nord, cinq vitraux sont d\u00e9di\u00e9s \u00e0 Simon-Pierre.<\/p>\n\n\n\n<p>Ils ont \u00e9t\u00e9 pos\u00e9s en 1934 et r\u00e9alis\u00e9s par les ateliers Desoutter et Boutin de Lille.<\/p>\n\n\n\n<p>Le premier vitrail repr\u00e9sente l\u2019appel de Simon-Pierre et de son fr\u00e8re Andr\u00e9 par J\u00e9sus. Simon et Andr\u00e9 \u00e9taient des p\u00eacheurs de la mer de Galil\u00e9e.<\/p>\n\n\n\n<p>\u00ab&nbsp;Comme il marchait le long de la mer de Galil\u00e9e, il vit deux fr\u00e8res, Simon appel\u00e9 Pierre, et son fr\u00e8re Andr\u00e9, qui jetaient leurs filets dans la mer&nbsp;: car c\u2019\u00e9taient des p\u00eacheurs. J\u00e9sus leur dit&nbsp;: \u2018\u2019 Venez \u00e0 ma suite, et je vous ferai p\u00eacheurs d\u2019hommes.\u2019\u2019 Aussit\u00f4t, laissant leurs filets, ils le suivirent.&nbsp;\u00bb<\/p>\n\n\n\n<p><em>De l\u2019\u00e9vangile selon St Matthieu chapitre 4, versets 18-20<\/em><\/p>\n\n\n\n<figure class=\"wp-block-image size-large\"><img loading=\"lazy\" decoding=\"async\" width=\"640\" height=\"853\" src=\"https:\/\/i0.wp.com\/vaast.armentierois.fr\/wp-content\/uploads\/2023\/09\/5836bc54-a750-4a02-b19e-46af725614ef-5624-000003404cf1917f_file.jpg?resize=640%2C853&#038;ssl=1\" alt=\"\" class=\"wp-image-1880\" srcset=\"https:\/\/i0.wp.com\/vaast.armentierois.fr\/wp-content\/uploads\/2023\/09\/5836bc54-a750-4a02-b19e-46af725614ef-5624-000003404cf1917f_file-scaled.jpg?resize=768%2C1024&amp;ssl=1 768w, https:\/\/i0.wp.com\/vaast.armentierois.fr\/wp-content\/uploads\/2023\/09\/5836bc54-a750-4a02-b19e-46af725614ef-5624-000003404cf1917f_file-scaled.jpg?resize=225%2C300&amp;ssl=1 225w, https:\/\/i0.wp.com\/vaast.armentierois.fr\/wp-content\/uploads\/2023\/09\/5836bc54-a750-4a02-b19e-46af725614ef-5624-000003404cf1917f_file-scaled.jpg?resize=1152%2C1536&amp;ssl=1 1152w, https:\/\/i0.wp.com\/vaast.armentierois.fr\/wp-content\/uploads\/2023\/09\/5836bc54-a750-4a02-b19e-46af725614ef-5624-000003404cf1917f_file-scaled.jpg?resize=1536%2C2048&amp;ssl=1 1536w, https:\/\/i0.wp.com\/vaast.armentierois.fr\/wp-content\/uploads\/2023\/09\/5836bc54-a750-4a02-b19e-46af725614ef-5624-000003404cf1917f_file-scaled.jpg?w=1920&amp;ssl=1 1920w, https:\/\/i0.wp.com\/vaast.armentierois.fr\/wp-content\/uploads\/2023\/09\/5836bc54-a750-4a02-b19e-46af725614ef-5624-000003404cf1917f_file-scaled.jpg?w=1280&amp;ssl=1 1280w\" sizes=\"auto, (max-width: 640px) 100vw, 640px\" data-recalc-dims=\"1\" \/><\/figure>\n\n\n\n<p>Le second vitrail fait r\u00e9f\u00e9rence au r\u00f4le particulier de Simon-Pierre parmi les ap\u00f4tres. Simon, \u00e0 qui J\u00e9sus a donn\u00e9 le nom de Pierre, est le premier disciple de j\u00e9sus \u00e0 reconna\u00eetre en J\u00e9sus le fils de Dieu.<\/p>\n\n\n\n<p>\u00ab&nbsp;J\u00e9sus, arriv\u00e9 dans la r\u00e9gion de C\u00e9sar\u00e9e-de-Philippe, demandait \u00e0 ses disciples&nbsp;: \u2018\u2019Au dire des gens, qui est le Fils de l\u2019homme&nbsp;?\u2019\u2019 Ils r\u00e9pondirent&nbsp;: \u2018\u2019Pour les uns, Jean le Baptiste&nbsp;; pour d\u2019autres, Elie&nbsp;; pour d\u2019autres encore, J\u00e9r\u00e9mie ou l\u2019un des proph\u00e8tes.\u2019\u2019 J\u00e9sus leur demanda&nbsp;: \u2018\u2019Et vous, que dites-vous&nbsp;? Pour vous qui suis-je&nbsp;?\u2019\u2019 Alors Simon-Pierre prit la parole et dit&nbsp;: \u2018\u2019Tu es le Christ, le Fils du Dieu vivant&nbsp;!\u2019\u2019&nbsp;\u00bb&nbsp;<\/p>\n\n\n\n<p><em>De l\u2019\u00e9vangile selon St<\/em> <em>Matthieu chapitre 16, versets 13-16<\/em><\/p>\n\n\n\n<p>J\u00e9sus lui confie la responsabilit\u00e9 de son \u00c9glise.<\/p>\n\n\n\n<figure class=\"wp-block-image size-large\"><img loading=\"lazy\" decoding=\"async\" width=\"640\" height=\"853\" src=\"https:\/\/i0.wp.com\/vaast.armentierois.fr\/wp-content\/uploads\/2023\/09\/870d081d-24dc-4d6f-951b-373a24ae48f2-5624-0000034064586a3b_file.jpg?resize=640%2C853&#038;ssl=1\" alt=\"\" class=\"wp-image-1881\" srcset=\"https:\/\/i0.wp.com\/vaast.armentierois.fr\/wp-content\/uploads\/2023\/09\/870d081d-24dc-4d6f-951b-373a24ae48f2-5624-0000034064586a3b_file-scaled.jpg?resize=768%2C1024&amp;ssl=1 768w, https:\/\/i0.wp.com\/vaast.armentierois.fr\/wp-content\/uploads\/2023\/09\/870d081d-24dc-4d6f-951b-373a24ae48f2-5624-0000034064586a3b_file-scaled.jpg?resize=225%2C300&amp;ssl=1 225w, https:\/\/i0.wp.com\/vaast.armentierois.fr\/wp-content\/uploads\/2023\/09\/870d081d-24dc-4d6f-951b-373a24ae48f2-5624-0000034064586a3b_file-scaled.jpg?resize=1152%2C1536&amp;ssl=1 1152w, https:\/\/i0.wp.com\/vaast.armentierois.fr\/wp-content\/uploads\/2023\/09\/870d081d-24dc-4d6f-951b-373a24ae48f2-5624-0000034064586a3b_file-scaled.jpg?resize=1536%2C2048&amp;ssl=1 1536w, https:\/\/i0.wp.com\/vaast.armentierois.fr\/wp-content\/uploads\/2023\/09\/870d081d-24dc-4d6f-951b-373a24ae48f2-5624-0000034064586a3b_file-scaled.jpg?w=1920&amp;ssl=1 1920w, https:\/\/i0.wp.com\/vaast.armentierois.fr\/wp-content\/uploads\/2023\/09\/870d081d-24dc-4d6f-951b-373a24ae48f2-5624-0000034064586a3b_file-scaled.jpg?w=1280&amp;ssl=1 1280w\" sizes=\"auto, (max-width: 640px) 100vw, 640px\" data-recalc-dims=\"1\" \/><\/figure>\n\n\n\n<p>\u00ab&nbsp;Et moi, je te le d\u00e9clare&nbsp;: \u2018\u2019 Tu es Pierre, et sur cette pierre je b\u00e2tirai mon \u00c9glise&nbsp;; et la puissance de la Mort ne l\u2019emportera pas sur elle. Je te donnerai les cl\u00e9s du royaume des Cieux&nbsp;: tout ce que tu auras li\u00e9 sur la terre sera li\u00e9 dans les cieux, et tout ce que tu auras d\u00e9li\u00e9 sur la terre sera d\u00e9li\u00e9 dans les cieux.\u2019\u2019&nbsp;\u00bb<\/p>\n\n\n\n<p><em>De l\u2019\u00e9vangile selon St Matthieu chapitre 16, versets 18-19<\/em>.<\/p>\n\n\n\n<p>Il est donc le premier Pape<\/p>\n\n\n\n<p>Il est toujours repr\u00e9sent\u00e9 avec des cl\u00e9s.<\/p>\n\n\n\n<figure class=\"wp-block-image size-large\"><img loading=\"lazy\" decoding=\"async\" width=\"640\" height=\"853\" src=\"https:\/\/i0.wp.com\/vaast.armentierois.fr\/wp-content\/uploads\/2023\/09\/36baff0e-d2b3-47e2-9925-49a59bf01e4e-5624-0000034083681c2e_file.jpg?resize=640%2C853&#038;ssl=1\" alt=\"\" class=\"wp-image-1882\" srcset=\"https:\/\/i0.wp.com\/vaast.armentierois.fr\/wp-content\/uploads\/2023\/09\/36baff0e-d2b3-47e2-9925-49a59bf01e4e-5624-0000034083681c2e_file-scaled.jpg?resize=768%2C1024&amp;ssl=1 768w, https:\/\/i0.wp.com\/vaast.armentierois.fr\/wp-content\/uploads\/2023\/09\/36baff0e-d2b3-47e2-9925-49a59bf01e4e-5624-0000034083681c2e_file-scaled.jpg?resize=225%2C300&amp;ssl=1 225w, https:\/\/i0.wp.com\/vaast.armentierois.fr\/wp-content\/uploads\/2023\/09\/36baff0e-d2b3-47e2-9925-49a59bf01e4e-5624-0000034083681c2e_file-scaled.jpg?resize=1152%2C1536&amp;ssl=1 1152w, https:\/\/i0.wp.com\/vaast.armentierois.fr\/wp-content\/uploads\/2023\/09\/36baff0e-d2b3-47e2-9925-49a59bf01e4e-5624-0000034083681c2e_file-scaled.jpg?resize=1536%2C2048&amp;ssl=1 1536w, https:\/\/i0.wp.com\/vaast.armentierois.fr\/wp-content\/uploads\/2023\/09\/36baff0e-d2b3-47e2-9925-49a59bf01e4e-5624-0000034083681c2e_file-scaled.jpg?w=1920&amp;ssl=1 1920w, https:\/\/i0.wp.com\/vaast.armentierois.fr\/wp-content\/uploads\/2023\/09\/36baff0e-d2b3-47e2-9925-49a59bf01e4e-5624-0000034083681c2e_file-scaled.jpg?w=1280&amp;ssl=1 1280w\" sizes=\"auto, (max-width: 640px) 100vw, 640px\" data-recalc-dims=\"1\" \/><\/figure>\n\n\n\n<p>Sur le vitrail du centre, Pierre pr\u00e9sente la croix du Christ. A ses pieds, on voit les cl\u00e9s qui repr\u00e9sentent ses pouvoirs.<\/p>\n\n\n\n<p>Le quatri\u00e8me vitrail repr\u00e9sente Pierre au milieu des ap\u00f4tres, le jour de la Pentec\u00f4te.<\/p>\n\n\n\n<p>\u00ab&nbsp;Quand arriva le jour de la Pentec\u00f4te, au terme des cinquante jours, ils se trouvaient r\u00e9unis tous ensemble. Soudain un bruit survint du ciel comme un violent coup de vent&nbsp;: la maison o\u00f9 ils \u00e9taient assis en fut remplie tout enti\u00e8re. Alors leur apparurent des langues qu\u2019on aurait dites de feu, qui se partageaient, et il s\u2019en posa une sur chacun d\u2019eux. Tous furent remplis d\u2019Esprit Saint&nbsp;: ils se mirent \u00e0 parler en d\u2019autres langues, et chacun s\u2019exprimait selon le don de l\u2019Esprit. \u2026 Alors Pierre, debout avec les onze autres Ap\u00f4tres, \u00e9leva la voix et leur fit cette d\u00e9claration&nbsp;: \u2018\u2019Vous, Juifs, et vous tous qui r\u00e9sidez \u00e0 J\u00e9rusalem, sachez bien ceci, pr\u00eatez l\u2019oreille \u00e0 mes paroles.\u2019\u2019 \u00bb<\/p>\n\n\n\n<p>Des <em>Actes des Ap\u00f4tres chapitre 2, versets 1-4,14<\/em><\/p>\n\n\n\n<figure class=\"wp-block-image size-large\"><img loading=\"lazy\" decoding=\"async\" width=\"640\" height=\"853\" src=\"https:\/\/i0.wp.com\/vaast.armentierois.fr\/wp-content\/uploads\/2023\/09\/e1e92a92-9c5d-4fcf-9475-e113a655efa1-5624-00000340b272b7da_file.jpg?resize=640%2C853&#038;ssl=1\" alt=\"\" class=\"wp-image-1883\" srcset=\"https:\/\/i0.wp.com\/vaast.armentierois.fr\/wp-content\/uploads\/2023\/09\/e1e92a92-9c5d-4fcf-9475-e113a655efa1-5624-00000340b272b7da_file-scaled.jpg?resize=768%2C1024&amp;ssl=1 768w, https:\/\/i0.wp.com\/vaast.armentierois.fr\/wp-content\/uploads\/2023\/09\/e1e92a92-9c5d-4fcf-9475-e113a655efa1-5624-00000340b272b7da_file-scaled.jpg?resize=225%2C300&amp;ssl=1 225w, https:\/\/i0.wp.com\/vaast.armentierois.fr\/wp-content\/uploads\/2023\/09\/e1e92a92-9c5d-4fcf-9475-e113a655efa1-5624-00000340b272b7da_file-scaled.jpg?resize=1152%2C1536&amp;ssl=1 1152w, https:\/\/i0.wp.com\/vaast.armentierois.fr\/wp-content\/uploads\/2023\/09\/e1e92a92-9c5d-4fcf-9475-e113a655efa1-5624-00000340b272b7da_file-scaled.jpg?resize=1536%2C2048&amp;ssl=1 1536w, https:\/\/i0.wp.com\/vaast.armentierois.fr\/wp-content\/uploads\/2023\/09\/e1e92a92-9c5d-4fcf-9475-e113a655efa1-5624-00000340b272b7da_file-scaled.jpg?w=1920&amp;ssl=1 1920w, https:\/\/i0.wp.com\/vaast.armentierois.fr\/wp-content\/uploads\/2023\/09\/e1e92a92-9c5d-4fcf-9475-e113a655efa1-5624-00000340b272b7da_file-scaled.jpg?w=1280&amp;ssl=1 1280w\" sizes=\"auto, (max-width: 640px) 100vw, 640px\" data-recalc-dims=\"1\" \/><\/figure>\n\n\n\n<p>Le cinqui\u00e8me vitrail repr\u00e9sente le martyre de Pierre, crucifi\u00e9 en l\u2019an 64. La tradition catholique situe la tombe de Saint Pierre sous la basilique Saint Pierre \u00e0 Rome.<\/p>\n\n\n\n<figure class=\"wp-block-image size-large\"><img loading=\"lazy\" decoding=\"async\" width=\"640\" height=\"853\" src=\"https:\/\/i0.wp.com\/vaast.armentierois.fr\/wp-content\/uploads\/2023\/09\/780d7451-f625-49f7-ada4-c61a82534b1e-5624-00000340cc08607e_file.jpg?resize=640%2C853&#038;ssl=1\" alt=\"\" class=\"wp-image-1884\" srcset=\"https:\/\/i0.wp.com\/vaast.armentierois.fr\/wp-content\/uploads\/2023\/09\/780d7451-f625-49f7-ada4-c61a82534b1e-5624-00000340cc08607e_file-scaled.jpg?resize=768%2C1024&amp;ssl=1 768w, https:\/\/i0.wp.com\/vaast.armentierois.fr\/wp-content\/uploads\/2023\/09\/780d7451-f625-49f7-ada4-c61a82534b1e-5624-00000340cc08607e_file-scaled.jpg?resize=225%2C300&amp;ssl=1 225w, https:\/\/i0.wp.com\/vaast.armentierois.fr\/wp-content\/uploads\/2023\/09\/780d7451-f625-49f7-ada4-c61a82534b1e-5624-00000340cc08607e_file-scaled.jpg?resize=1152%2C1536&amp;ssl=1 1152w, https:\/\/i0.wp.com\/vaast.armentierois.fr\/wp-content\/uploads\/2023\/09\/780d7451-f625-49f7-ada4-c61a82534b1e-5624-00000340cc08607e_file-scaled.jpg?resize=1536%2C2048&amp;ssl=1 1536w, https:\/\/i0.wp.com\/vaast.armentierois.fr\/wp-content\/uploads\/2023\/09\/780d7451-f625-49f7-ada4-c61a82534b1e-5624-00000340cc08607e_file-scaled.jpg?w=1920&amp;ssl=1 1920w, https:\/\/i0.wp.com\/vaast.armentierois.fr\/wp-content\/uploads\/2023\/09\/780d7451-f625-49f7-ada4-c61a82534b1e-5624-00000340cc08607e_file-scaled.jpg?w=1280&amp;ssl=1 1280w\" sizes=\"auto, (max-width: 640px) 100vw, 640px\" data-recalc-dims=\"1\" \/><\/figure>\n\n\n\n<p>La rosace du transept nord \u00e9t\u00e9 pos\u00e9e en 1934 et r\u00e9alis\u00e9e par les ateliers Desoutter et Boutin de Lille. Elle fait 6m de diam\u00e8tre.<\/p>\n\n\n\n<p>Cette grande rosace \u00e0 dominante bleue repr\u00e9sente en son centre le pape Pie X (1835 \u2013 1914), pape de 1903 \u00e0 1914. Tout autour, sont repr\u00e9sent\u00e9s les diff\u00e9rents degr\u00e9s du sacerdoce, depuis les ordres mineurs (lecteur, servant d\u2019autel), en passant par les ordres majeurs (diaconat, pr\u00eatrise), jusqu\u2019\u00e0 l\u2019\u00e9piscopat.<\/p>\n\n\n\n<figure class=\"wp-block-image size-large\"><img loading=\"lazy\" decoding=\"async\" width=\"640\" height=\"853\" src=\"https:\/\/i0.wp.com\/vaast.armentierois.fr\/wp-content\/uploads\/2023\/09\/7af9081e-cd4f-415a-a574-e94f0dc10178-5624-000003410c8de37d_file.jpg?resize=640%2C853&#038;ssl=1\" alt=\"\" class=\"wp-image-1885\" srcset=\"https:\/\/i0.wp.com\/vaast.armentierois.fr\/wp-content\/uploads\/2023\/09\/7af9081e-cd4f-415a-a574-e94f0dc10178-5624-000003410c8de37d_file-scaled.jpg?resize=768%2C1024&amp;ssl=1 768w, https:\/\/i0.wp.com\/vaast.armentierois.fr\/wp-content\/uploads\/2023\/09\/7af9081e-cd4f-415a-a574-e94f0dc10178-5624-000003410c8de37d_file-scaled.jpg?resize=225%2C300&amp;ssl=1 225w, https:\/\/i0.wp.com\/vaast.armentierois.fr\/wp-content\/uploads\/2023\/09\/7af9081e-cd4f-415a-a574-e94f0dc10178-5624-000003410c8de37d_file-scaled.jpg?resize=1152%2C1536&amp;ssl=1 1152w, https:\/\/i0.wp.com\/vaast.armentierois.fr\/wp-content\/uploads\/2023\/09\/7af9081e-cd4f-415a-a574-e94f0dc10178-5624-000003410c8de37d_file-scaled.jpg?resize=1536%2C2048&amp;ssl=1 1536w, https:\/\/i0.wp.com\/vaast.armentierois.fr\/wp-content\/uploads\/2023\/09\/7af9081e-cd4f-415a-a574-e94f0dc10178-5624-000003410c8de37d_file-scaled.jpg?w=1920&amp;ssl=1 1920w, https:\/\/i0.wp.com\/vaast.armentierois.fr\/wp-content\/uploads\/2023\/09\/7af9081e-cd4f-415a-a574-e94f0dc10178-5624-000003410c8de37d_file-scaled.jpg?w=1280&amp;ssl=1 1280w\" sizes=\"auto, (max-width: 640px) 100vw, 640px\" data-recalc-dims=\"1\" \/><\/figure>\n\n\n\n<p>Sur le cot\u00e9 est du transept, on a huit baies de vitraux \u00e0 dominante bleue et rouge qui apportent une coloration exceptionnelle au lieu.<\/p>\n\n\n\n<figure class=\"wp-block-image size-large\"><img loading=\"lazy\" decoding=\"async\" width=\"640\" height=\"853\" src=\"https:\/\/i0.wp.com\/vaast.armentierois.fr\/wp-content\/uploads\/2023\/09\/6b8f7913-c268-4041-bba8-6f556a07f026-5624-00000341407a285a_file.jpg?resize=640%2C853&#038;ssl=1\" alt=\"\" class=\"wp-image-1886\" srcset=\"https:\/\/i0.wp.com\/vaast.armentierois.fr\/wp-content\/uploads\/2023\/09\/6b8f7913-c268-4041-bba8-6f556a07f026-5624-00000341407a285a_file-scaled.jpg?resize=768%2C1024&amp;ssl=1 768w, https:\/\/i0.wp.com\/vaast.armentierois.fr\/wp-content\/uploads\/2023\/09\/6b8f7913-c268-4041-bba8-6f556a07f026-5624-00000341407a285a_file-scaled.jpg?resize=225%2C300&amp;ssl=1 225w, https:\/\/i0.wp.com\/vaast.armentierois.fr\/wp-content\/uploads\/2023\/09\/6b8f7913-c268-4041-bba8-6f556a07f026-5624-00000341407a285a_file-scaled.jpg?resize=1152%2C1536&amp;ssl=1 1152w, https:\/\/i0.wp.com\/vaast.armentierois.fr\/wp-content\/uploads\/2023\/09\/6b8f7913-c268-4041-bba8-6f556a07f026-5624-00000341407a285a_file-scaled.jpg?resize=1536%2C2048&amp;ssl=1 1536w, https:\/\/i0.wp.com\/vaast.armentierois.fr\/wp-content\/uploads\/2023\/09\/6b8f7913-c268-4041-bba8-6f556a07f026-5624-00000341407a285a_file-scaled.jpg?w=1920&amp;ssl=1 1920w, https:\/\/i0.wp.com\/vaast.armentierois.fr\/wp-content\/uploads\/2023\/09\/6b8f7913-c268-4041-bba8-6f556a07f026-5624-00000341407a285a_file-scaled.jpg?w=1280&amp;ssl=1 1280w\" sizes=\"auto, (max-width: 640px) 100vw, 640px\" data-recalc-dims=\"1\" \/><\/figure>\n\n\n\n<p><strong>Prier avec saint Pierre<\/strong><\/p>\n\n\n\n<p>\u00d4&nbsp;Saint-Pierre, qui \u00eates d\u00e9sormais mon Patron, mon guide et mon intercesseur, veuillez s&#8217;il vous pla\u00eet pr\u00e9senter ma pri\u00e8re \u00e0 J\u00e9sus-Christ afin qu&#8217;Il m&#8217;aide \u00e0 rompre avec les plaisirs mondains, et qu&#8217;en contrepartie, Il me donne la force de me fortifier dans la Foi. Je sais qu&#8217;Il est mon unique bien, mon unique Esp\u00e9rance et mon unique Consolation, mais sans Sa divine aide, je n&#8217;ai pas la force de me d\u00e9tacher compl\u00e8tement de tout ce qui court \u00e0 ma perte.<\/p>\n\n\n\n<p>Oui, Saint-Pierre, je vous confesse mes p\u00e9ch\u00e9s afin que vous sachiez combien je suis indigne de me pr\u00e9senter devant Dieu dans cet \u00e9tat. Je regrette profond\u00e9ment, et avec une profonde amertume, d&#8217;avoir offens\u00e9 J\u00e9sus-Christ&nbsp;; c&#8217;est pourquoi je vous demande d&#8217;interc\u00e9der en ma faveur pour qu&#8217;Il me pardonne.&nbsp;&nbsp;Amen&nbsp;!<\/p>\n","protected":false},"excerpt":{"rendered":"<p>Sous la grande rosace bleue du transept Nord, cinq vitraux sont d\u00e9di\u00e9s \u00e0 Simon-Pierre. Ils ont \u00e9t\u00e9 pos\u00e9s en 1934 &hellip; <\/p>\n","protected":false},"author":1,"featured_media":0,"parent":0,"menu_order":0,"comment_status":"closed","ping_status":"closed","template":"","meta":{"footnotes":""},"class_list":["post-1887","page","type-page","status-publish","hentry"],"_links":{"self":[{"href":"https:\/\/vaast.armentierois.fr\/index.php?rest_route=\/wp\/v2\/pages\/1887","targetHints":{"allow":["GET"]}}],"collection":[{"href":"https:\/\/vaast.armentierois.fr\/index.php?rest_route=\/wp\/v2\/pages"}],"about":[{"href":"https:\/\/vaast.armentierois.fr\/index.php?rest_route=\/wp\/v2\/types\/page"}],"author":[{"embeddable":true,"href":"https:\/\/vaast.armentierois.fr\/index.php?rest_route=\/wp\/v2\/users\/1"}],"replies":[{"embeddable":true,"href":"https:\/\/vaast.armentierois.fr\/index.php?rest_route=%2Fwp%2Fv2%2Fcomments&post=1887"}],"version-history":[{"count":4,"href":"https:\/\/vaast.armentierois.fr\/index.php?rest_route=\/wp\/v2\/pages\/1887\/revisions"}],"predecessor-version":[{"id":2254,"href":"https:\/\/vaast.armentierois.fr\/index.php?rest_route=\/wp\/v2\/pages\/1887\/revisions\/2254"}],"wp:attachment":[{"href":"https:\/\/vaast.armentierois.fr\/index.php?rest_route=%2Fwp%2Fv2%2Fmedia&parent=1887"}],"curies":[{"name":"wp","href":"https:\/\/api.w.org\/{rel}","templated":true}]}}