{"id":1982,"date":"2023-09-13T20:10:52","date_gmt":"2023-09-13T18:10:52","guid":{"rendered":"https:\/\/vaast.armentierois.fr\/?page_id=1982"},"modified":"2023-09-14T07:41:56","modified_gmt":"2023-09-14T05:41:56","slug":"vincent-de-paul","status":"publish","type":"page","link":"https:\/\/vaast.armentierois.fr\/?page_id=1982","title":{"rendered":"Vincent de Paul"},"content":{"rendered":"\n<p>Il enseigna \u00e0 la France la charit\u00e9 \u00e0 l\u2019heure du Grand si\u00e8cle et de ses apparats. Petit p\u00e2tre derri\u00e8re les moutons du troupeau paternel, il devient aum\u00f4nier de princesses et de rois. Opposant au style grandiloquent des sermons du temps son style direct, missionnaire et incisif, il attire \u00e0 lui les vocations. Avec une t\u00eate \u00e0 la Henri IV et un caract\u00e8re tremp\u00e9, ce sont pourtant la douceur de l\u2019agneau et la bont\u00e9 qui \u00e9manent de l\u2019homme : des Filles de la Charit\u00e9 aux Lazaristes, les congr\u00e9gations qu\u2019il fonde ont toutes comme point commun un \u00e9lan missionnaire pour soulager la mis\u00e8re humaine sous toutes ses formes. L\u2019Eglise des pauvres c\u2019est lui.<\/p>\n\n\n\n<figure class=\"wp-block-image size-large\"><img loading=\"lazy\" decoding=\"async\" width=\"640\" height=\"853\" src=\"https:\/\/i0.wp.com\/vaast.armentierois.fr\/wp-content\/uploads\/2023\/09\/7e515677-d213-48d5-bb9f-58a5a8fcc831-5624-0000034f33321756_file.jpg?resize=640%2C853&#038;ssl=1\" alt=\"\" class=\"wp-image-1981\" srcset=\"https:\/\/i0.wp.com\/vaast.armentierois.fr\/wp-content\/uploads\/2023\/09\/7e515677-d213-48d5-bb9f-58a5a8fcc831-5624-0000034f33321756_file-scaled.jpg?resize=768%2C1024&amp;ssl=1 768w, https:\/\/i0.wp.com\/vaast.armentierois.fr\/wp-content\/uploads\/2023\/09\/7e515677-d213-48d5-bb9f-58a5a8fcc831-5624-0000034f33321756_file-scaled.jpg?resize=225%2C300&amp;ssl=1 225w, https:\/\/i0.wp.com\/vaast.armentierois.fr\/wp-content\/uploads\/2023\/09\/7e515677-d213-48d5-bb9f-58a5a8fcc831-5624-0000034f33321756_file-scaled.jpg?resize=1152%2C1536&amp;ssl=1 1152w, https:\/\/i0.wp.com\/vaast.armentierois.fr\/wp-content\/uploads\/2023\/09\/7e515677-d213-48d5-bb9f-58a5a8fcc831-5624-0000034f33321756_file-scaled.jpg?resize=1536%2C2048&amp;ssl=1 1536w, https:\/\/i0.wp.com\/vaast.armentierois.fr\/wp-content\/uploads\/2023\/09\/7e515677-d213-48d5-bb9f-58a5a8fcc831-5624-0000034f33321756_file-scaled.jpg?w=1920&amp;ssl=1 1920w, https:\/\/i0.wp.com\/vaast.armentierois.fr\/wp-content\/uploads\/2023\/09\/7e515677-d213-48d5-bb9f-58a5a8fcc831-5624-0000034f33321756_file-scaled.jpg?w=1280&amp;ssl=1 1280w\" sizes=\"auto, (max-width: 640px) 100vw, 640px\" data-recalc-dims=\"1\" \/><\/figure>\n\n\n\n<p>Vincent de Paul na\u00eet le 24 avril 1581 \u00e0 Pouy dans les Landes. Ses parents, fermiers, sont de fervents catholiques. Son p\u00e8re a pour lui l\u2019ambition d\u2019une carri\u00e8re eccl\u00e9siastique, il l\u2019envoi donc au coll\u00e8ge \u00e0\u00a0Dax<strong>\u00a0<\/strong>o\u00f9 il est un \u00e9l\u00e8ve brillant. Vincent devient pr\u00e9cepteur chez un avocat qui lui conseille de s\u2019orienter vers la pr\u00eatrise. Il part en 1598 faire des \u00e9tudes de th\u00e9ologie \u00e0 Toulouse et est ordonn\u00e9 pr\u00eatre deux ans plus tard. Le jeune Vincent part \u00e0 Rome, puis en 1608 \u00e0 Paris o\u00f9 il suit des cours de droit canonique \u00e0 la Sorbonne. Parall\u00e8lement, le jeune pr\u00eatre visite les malades \u00e0\u00a0l\u2019H\u00f4pital de la Charit\u00e9<strong>.<\/strong><\/p>\n\n\n\n<p>Nomm\u00e9 dans le Coll\u00e8ge des aum\u00f4niers de la reine, Vincent vit une soudaine ascension sociale. Cependant il est frapp\u00e9 par une \u00e9preuve, le doute s\u2019empare de lui. Accabl\u00e9, il fait le v\u0153u de consacrer sa vie aux pauvres et aux malades s\u2019il est d\u00e9livr\u00e9 de la tentation du d\u00e9sespoir. \u00c9tant exauc\u00e9, il commence imm\u00e9diatement \u00e0 r\u00e9aliser sa promesse en faisant un don \u00e0 l\u2019h\u00f4pital. Des lors, ses aspirations spirituelles grandissantes l\u2019emportent sur son d\u00e9sir de r\u00e9ussite mat\u00e9rielle. En 1612, Vincent est nomm\u00e9\u00a0cur\u00e9 de Clichy, dans ce\u00a0village<strong>\u00a0<\/strong>il red\u00e9couvre son sacerdoce, sa pi\u00e9t\u00e9 et sa vie exemplaire \u00e9difient les paroissiens.<\/p>\n\n\n\n<p>En 1613, Vincent est nomm\u00e9 pr\u00e9cepteur \u00e0 Paris dans une famille illustre : les Gondi. Alors qu\u2019il obtient ce qu\u2019il avait longtemps recherch\u00e9, une place au sein d\u2019une grande famille, il est de nouveau bouscul\u00e9 dans ses aspirations. Un jour qu\u2019il se tient au chevet d\u2019un pauvre malade, celui-ci s\u2019exclame apr\u00e8s s\u2019\u00eatre confess\u00e9 :\u00a0\u00ab\u00a0<em>Sans cette confession, j\u2019\u00e9tais damn\u00e9 !<\/em>\u00a0\u00bb.\u00a0Cela bouleverse Vincent qui exhorte les paroissiens \u00e0 la confession g\u00e9n\u00e9rale. Il fait ainsi son premier pas dans le r\u00f4le missionnaire du pr\u00eatre. \u00a0<\/p>\n\n\n\n<p>Un deuxi\u00e8me \u00e9v\u00e8nement va profond\u00e9ment marquer Vincent, il apprend que tous les membres d\u2019une famille tomb\u00e9e dans la mis\u00e8re, sont malades. Cette fois encore, il prononce en chaire des paroles fortes qui vont encourager des paroissiennes \u00e0 agir en faveur des malheureux.<strong>\u00a0<\/strong>Vincent r\u00e9unit les plus d\u00e9cid\u00e9es et fonde en 1617 la premi\u00e8re\u00a0<em>Confr\u00e9rie de la Charit\u00e9<\/em>.\u00a0Des lors, Vincent ne souhaite plus \u00eatre pr\u00e9cepteur mais aum\u00f4nier. Il s\u2019engage aussi dans l\u2019aide aux gal\u00e9riens et tient\u00a0la fonction d\u2019Aum\u00f4nier g\u00e9n\u00e9ral des gal\u00e8res.<\/p>\n\n\n\n<p>Vincent fait une double rencontre d\u00e9cisive :\u00a0saint Fran\u00e7ois de Sales, et\u00a0sainte Jeanne de Chantal, fondateurs de l\u2019ordre de la\u00a0<em>Visitation<\/em>. Ensemble ils forment le projet d\u2019une soci\u00e9t\u00e9 de pr\u00eatres, celle-ci est fond\u00e9e en 1625 sous le nom de\u00a0<em>Congr\u00e9gation de la Mission<\/em>. En 1631 Vincent lance \u00e0 Paris une\u00a0<em>\u00ab retraite pour ordinands \u00bb<\/em>\u00a0qui rencontre un grand succ\u00e8s. L\u2019ann\u00e9e suivante il organise les\u00a0<em>\u00ab\u00a0Conf\u00e9rences<strong>\u00a0<\/strong>du mardi \u00bb<\/em>\u00a0pour les jeunes pr\u00eatres. Avec Louise de Marillac, il fonde en 1633 la\u00a0<em>Compagnie des Filles de la Charit\u00e9<\/em>. Vincent et Louise fondent aussi en 1638\u00a0l\u2019<em>\u0152uvre des Enfants Trouv\u00e9s.<\/em><\/p>\n\n\n\n<p>A la fin de sa vie, toutes ses\u00a0\u0153uvres<strong>\u00a0<\/strong>se d\u00e9ploient : les\u00a0<em>Confr\u00e9ries de la Charit\u00e9<\/em>\u00a0se multiplient, un h\u00f4pital est ouvert \u00e0 Marseille pour les gal\u00e9riens. Les\u00a0Filles de la Charit\u00e9<strong>\u00a0<\/strong>s\u2019occupent des\u00a0\u00e9coles<strong>\u00a0<\/strong>gratuites et des vieillards dans les hospices. Ses trois\u00a0fondations<strong>\u00a0<\/strong>s\u2019implantent hors de France. Vincent de Paul meurt le 27 septembre 1660.<\/p>\n\n\n\n<p><strong>Pri\u00e8re de Saint Vincent de Paul<\/strong><\/p>\n\n\n\n<p><em>\u00d4 Dieu Sauveur, je Vous en prie, donnez-nous l\u2019humilit\u00e9, Vous qui avez toujours cherch\u00e9 la gloire de votre P\u00e8re aux d\u00e9pens de votre propre gloire, aidez-nous \u00e0 renoncer une fois pour toutes \u00e0 nous complaire en vain dans les succ\u00e8s. D\u00e9livrez-nous de l\u2019orgueil cach\u00e9 et du d\u00e9sir que les autres nous estiment. Nous Vous supplions, Seigneur mis\u00e9ricordieux, de nous donner l\u2019esprit de pauvret\u00e9. Et si nous devons avoir des biens faites que notre esprit n\u2019en soit pas contamin\u00e9, ni la justice bless\u00e9e, ni nos c\u0153urs embarrass\u00e9s. \u00d4 Seigneur, Vous \u00eates venu nous apprendre \u00e0 aimer notre prochain comme nous-m\u00eames. Vous nous avez montr\u00e9, par votre vie, que le service des pauvres est pr\u00e9f\u00e9rable \u00e0 tout. Aidez-nous \u00e0 comprendre que ce n&#8217;est point Vous quitter que de Vous quitter pour eux. Vous qui avez voulu \u00eatre pauvre, Vous vous r\u00e9v\u00e9lez dans les pauvres. En eux, Seigneur, nous Vous rencontrons, en les servants, nous Vous servons. Amen.<\/em><\/p>\n","protected":false},"excerpt":{"rendered":"<p>Il enseigna \u00e0 la France la charit\u00e9 \u00e0 l\u2019heure du Grand si\u00e8cle et de ses apparats. Petit p\u00e2tre derri\u00e8re les &hellip; <\/p>\n","protected":false},"author":1,"featured_media":0,"parent":0,"menu_order":0,"comment_status":"closed","ping_status":"closed","template":"","meta":{"footnotes":""},"class_list":["post-1982","page","type-page","status-publish","hentry"],"_links":{"self":[{"href":"https:\/\/vaast.armentierois.fr\/index.php?rest_route=\/wp\/v2\/pages\/1982","targetHints":{"allow":["GET"]}}],"collection":[{"href":"https:\/\/vaast.armentierois.fr\/index.php?rest_route=\/wp\/v2\/pages"}],"about":[{"href":"https:\/\/vaast.armentierois.fr\/index.php?rest_route=\/wp\/v2\/types\/page"}],"author":[{"embeddable":true,"href":"https:\/\/vaast.armentierois.fr\/index.php?rest_route=\/wp\/v2\/users\/1"}],"replies":[{"embeddable":true,"href":"https:\/\/vaast.armentierois.fr\/index.php?rest_route=%2Fwp%2Fv2%2Fcomments&post=1982"}],"version-history":[{"count":2,"href":"https:\/\/vaast.armentierois.fr\/index.php?rest_route=\/wp\/v2\/pages\/1982\/revisions"}],"predecessor-version":[{"id":2027,"href":"https:\/\/vaast.armentierois.fr\/index.php?rest_route=\/wp\/v2\/pages\/1982\/revisions\/2027"}],"wp:attachment":[{"href":"https:\/\/vaast.armentierois.fr\/index.php?rest_route=%2Fwp%2Fv2%2Fmedia&parent=1982"}],"curies":[{"name":"wp","href":"https:\/\/api.w.org\/{rel}","templated":true}]}}