{"id":1992,"date":"2023-09-13T20:17:47","date_gmt":"2023-09-13T18:17:47","guid":{"rendered":"https:\/\/vaast.armentierois.fr\/?page_id=1992"},"modified":"2023-09-17T14:18:14","modified_gmt":"2023-09-17T12:18:14","slug":"toile-deposition-de-croix","status":"publish","type":"page","link":"https:\/\/vaast.armentierois.fr\/?page_id=1992","title":{"rendered":"D\u00e9position de croix"},"content":{"rendered":"\n<figure class=\"wp-block-image size-large\"><img loading=\"lazy\" decoding=\"async\" width=\"640\" height=\"853\" src=\"https:\/\/i0.wp.com\/vaast.armentierois.fr\/wp-content\/uploads\/2023\/09\/39fb72b7-6308-410b-889c-79d8c9eb45ba-713-000000cbd22d6605_file.jpg?resize=640%2C853&#038;ssl=1\" alt=\"\" class=\"wp-image-2079\" srcset=\"https:\/\/i0.wp.com\/vaast.armentierois.fr\/wp-content\/uploads\/2023\/09\/39fb72b7-6308-410b-889c-79d8c9eb45ba-713-000000cbd22d6605_file-scaled.jpg?resize=768%2C1024&amp;ssl=1 768w, https:\/\/i0.wp.com\/vaast.armentierois.fr\/wp-content\/uploads\/2023\/09\/39fb72b7-6308-410b-889c-79d8c9eb45ba-713-000000cbd22d6605_file-scaled.jpg?resize=225%2C300&amp;ssl=1 225w, https:\/\/i0.wp.com\/vaast.armentierois.fr\/wp-content\/uploads\/2023\/09\/39fb72b7-6308-410b-889c-79d8c9eb45ba-713-000000cbd22d6605_file-scaled.jpg?resize=1152%2C1536&amp;ssl=1 1152w, https:\/\/i0.wp.com\/vaast.armentierois.fr\/wp-content\/uploads\/2023\/09\/39fb72b7-6308-410b-889c-79d8c9eb45ba-713-000000cbd22d6605_file-scaled.jpg?resize=1536%2C2048&amp;ssl=1 1536w, https:\/\/i0.wp.com\/vaast.armentierois.fr\/wp-content\/uploads\/2023\/09\/39fb72b7-6308-410b-889c-79d8c9eb45ba-713-000000cbd22d6605_file-scaled.jpg?w=1920&amp;ssl=1 1920w, https:\/\/i0.wp.com\/vaast.armentierois.fr\/wp-content\/uploads\/2023\/09\/39fb72b7-6308-410b-889c-79d8c9eb45ba-713-000000cbd22d6605_file-scaled.jpg?w=1280&amp;ssl=1 1280w\" sizes=\"auto, (max-width: 640px) 100vw, 640px\" data-recalc-dims=\"1\" \/><figcaption class=\"wp-element-caption\">La d\u00e9position de croix &#8211; Oeuvre du XVII\u00e8me si\u00e8cle &#8211; Ecole flamande de Van Dyck &#8211; inscrite \u00e0 l&#8217;inventaire d\u00e9partemental (1969) &#8211; 1\u00e8re restauration en 1923 &#8211; restaur\u00e9e en 1999 par Alain Bouchardon<\/figcaption><\/figure>\n\n\n\n<p><strong>Extrait de l&#8217;\u00e9vangile selon saint Matthieu 22,55-61<\/strong><\/p>\n\n\n\n<p><strong>55<\/strong>&nbsp;Il y avait l\u00e0 de nombreuses femmes qui observaient de loin. Elles avaient suivi J\u00e9sus depuis la Galil\u00e9e pour le servir.<\/p>\n\n\n\n<p><strong>56<\/strong>&nbsp;Parmi elles se trouvaient Marie Madeleine, Marie, m\u00e8re de Jacques et de Joseph, et la m\u00e8re des fils de Z\u00e9b\u00e9d\u00e9e.<\/p>\n\n\n\n<p><strong>57<\/strong>&nbsp;Comme il se faisait tard, arriva un homme riche, originaire d\u2019Arimathie, qui s\u2019appelait Joseph, et qui \u00e9tait devenu, lui aussi, disciple de J\u00e9sus.<\/p>\n\n\n\n<p><strong>58<\/strong>&nbsp;Il alla trouver Pilate pour demander le corps de J\u00e9sus. Alors Pilate ordonna qu\u2019on le lui remette.<\/p>\n\n\n\n<p><strong>59<\/strong>&nbsp;Prenant le corps, Joseph l\u2019enveloppa dans un linceul immacul\u00e9,<\/p>\n\n\n\n<p><strong>60<\/strong>&nbsp;et le d\u00e9posa dans le tombeau neuf qu\u2019il s\u2019\u00e9tait fait creuser dans le roc. Puis il roula une grande pierre \u00e0 l\u2019entr\u00e9e du tombeau et s\u2019en alla.<\/p>\n\n\n\n<p><strong>61<\/strong>&nbsp;Or Marie Madeleine et l\u2019autre Marie \u00e9taient l\u00e0, assises en face du s\u00e9pulcre.<\/p>\n\n\n\n<h2 class=\"wp-block-heading\" id=\"priere-a-la-sainte-croix-de-jesus-christ\">Pri\u00e8re a la Sainte Croix de J\u00e9sus-Christ<\/h2>\n\n\n\n<p><em>\u201c\u00d4 Croix v\u00e9n\u00e9rable, ouvrage tout \u00e0 la fois et de l&#8217;amour d&#8217;un Dieu et de la cruaut\u00e9 des hommes !<\/em><\/p>\n\n\n\n<p><em>Croix objet des d\u00e9sirs de J\u00e9sus Christ, le terme de ses travaux, le th\u00e9\u00e2tre de ses opprobres ainsi que le troph\u00e9e de ses victoires, le lit de douleur o\u00f9 il nous a enfant\u00e9 \u00e0 la gr\u00e2ce, la chaire o\u00f9 il nous a enseign\u00e9 le chemin du ciel, l&#8217;autel o\u00f9 il s&#8217;est sacrifi\u00e9 pour notre salut !<\/em><\/p>\n\n\n\n<p><em>Croix sacr\u00e9e, qui avez \u00e9t\u00e9 le glorieux instrument de notre r\u00e9demption, qui avez r\u00e9concili\u00e9 le ciel avec la terre, Dieu avec les p\u00e9cheurs!<\/em><\/p>\n\n\n\n<p><em>Croix pr\u00e9cieuse, qui avez \u00e9t\u00e9 pr\u00each\u00e9e \u00e0 toutes les nations, qui avez \u00e9t\u00e9 r\u00e9v\u00e9r\u00e9e de tous les peuples, et qui, du lieu du supplice, avez pass\u00e9 sur les autels du Tr\u00e8s Haut.<\/em><\/p>\n\n\n\n<p><em>Croix admirable qui offrez \u00e0 nos yeux un prodige de mis\u00e9ricorde, un parfait mod\u00e8le de p\u00e9nitence, un tableau accompli de toutes les vertus!<\/em><\/p>\n\n\n\n<p><em>Croix salutaire, vrai tr\u00e9sor de gr\u00e2ce, l&#8217;asile des malheureux, la consolation des afflig\u00e9s, le soulagement des pauvres, le refuge des p\u00e9cheurs, la confiance des agonisants.<\/em><\/p>\n\n\n\n<p><em>Croix divine, le bouclier de l&#8217;Eglise militante, le salut de l&#8217;Eglise souffrante, l&#8217;\u00e9tendard de l&#8217;Eglise triomphante, la terreur de l&#8217;enfer, la clef du paradis, le grand livre des saints et des pr\u00e9destin\u00e9s, l&#8217;objet enfin de la v\u00e9n\u00e9ration des anges et des hommes. &nbsp;<\/em><\/p>\n\n\n\n<p><em>Divine Croix, recevez en ce moment les hommages de ma foi, de mon d\u00e9vouement et de mon c\u0153ur. Je me consacre \u00e0 vous comme mon sauveur s&#8217;y est attach\u00e9 par amour pour moi. Je m&#8217;attache \u00e0 vous de c\u0153ur et d&#8217;esprit, et s&#8217;il se pouvait, de tout mon c\u0153ur, vous priant instamment, apr\u00e8s ce tendre baiser que j&#8217;ose appliquer \u00e0 votre bois sacr\u00e9, et en vertu de ce sang pr\u00e9cieux dont vous avez \u00e9t\u00e9 arros\u00e9, de me prendre d\u00e9sormais sous votre sauvegarde, d&#8217;\u00eatre mon soutien dans les peines, ma force dans les tentations, mon conseil dans les doutes, ma lumi\u00e8re dans les t\u00e9n\u00e8bres, ma r\u00e8gle de conduite pendant ma vie, ma confiance et le gage de mon salut. Amen.\u201d<\/em><\/p>\n","protected":false},"excerpt":{"rendered":"<p>Extrait de l&#8217;\u00e9vangile selon saint Matthieu 22,55-61 55&nbsp;Il y avait l\u00e0 de nombreuses femmes qui observaient de loin. Elles avaient &hellip; <\/p>\n","protected":false},"author":1,"featured_media":0,"parent":0,"menu_order":0,"comment_status":"closed","ping_status":"closed","template":"","meta":{"footnotes":""},"class_list":["post-1992","page","type-page","status-publish","hentry"],"_links":{"self":[{"href":"https:\/\/vaast.armentierois.fr\/index.php?rest_route=\/wp\/v2\/pages\/1992","targetHints":{"allow":["GET"]}}],"collection":[{"href":"https:\/\/vaast.armentierois.fr\/index.php?rest_route=\/wp\/v2\/pages"}],"about":[{"href":"https:\/\/vaast.armentierois.fr\/index.php?rest_route=\/wp\/v2\/types\/page"}],"author":[{"embeddable":true,"href":"https:\/\/vaast.armentierois.fr\/index.php?rest_route=\/wp\/v2\/users\/1"}],"replies":[{"embeddable":true,"href":"https:\/\/vaast.armentierois.fr\/index.php?rest_route=%2Fwp%2Fv2%2Fcomments&post=1992"}],"version-history":[{"count":6,"href":"https:\/\/vaast.armentierois.fr\/index.php?rest_route=\/wp\/v2\/pages\/1992\/revisions"}],"predecessor-version":[{"id":2336,"href":"https:\/\/vaast.armentierois.fr\/index.php?rest_route=\/wp\/v2\/pages\/1992\/revisions\/2336"}],"wp:attachment":[{"href":"https:\/\/vaast.armentierois.fr\/index.php?rest_route=%2Fwp%2Fv2%2Fmedia&parent=1992"}],"curies":[{"name":"wp","href":"https:\/\/api.w.org\/{rel}","templated":true}]}}