{"id":1997,"date":"2023-09-13T20:20:28","date_gmt":"2023-09-13T18:20:28","guid":{"rendered":"https:\/\/vaast.armentierois.fr\/?page_id=1997"},"modified":"2023-09-17T07:27:18","modified_gmt":"2023-09-17T05:27:18","slug":"1997-2","status":"publish","type":"page","link":"https:\/\/vaast.armentierois.fr\/?page_id=1997","title":{"rendered":"Sainte Rita de Cascia"},"content":{"rendered":"\n<figure class=\"wp-block-image size-large\"><img loading=\"lazy\" decoding=\"async\" width=\"640\" height=\"853\" src=\"https:\/\/i0.wp.com\/vaast.armentierois.fr\/wp-content\/uploads\/2023\/09\/91eca594-12c9-4c30-aab3-18af43b8b0ab-713-000000ceb10cd0a4_file.jpg?resize=640%2C853&#038;ssl=1\" alt=\"\" class=\"wp-image-2090\" srcset=\"https:\/\/i0.wp.com\/vaast.armentierois.fr\/wp-content\/uploads\/2023\/09\/91eca594-12c9-4c30-aab3-18af43b8b0ab-713-000000ceb10cd0a4_file-scaled.jpg?resize=768%2C1024&amp;ssl=1 768w, https:\/\/i0.wp.com\/vaast.armentierois.fr\/wp-content\/uploads\/2023\/09\/91eca594-12c9-4c30-aab3-18af43b8b0ab-713-000000ceb10cd0a4_file-scaled.jpg?resize=225%2C300&amp;ssl=1 225w, https:\/\/i0.wp.com\/vaast.armentierois.fr\/wp-content\/uploads\/2023\/09\/91eca594-12c9-4c30-aab3-18af43b8b0ab-713-000000ceb10cd0a4_file-scaled.jpg?resize=1152%2C1536&amp;ssl=1 1152w, https:\/\/i0.wp.com\/vaast.armentierois.fr\/wp-content\/uploads\/2023\/09\/91eca594-12c9-4c30-aab3-18af43b8b0ab-713-000000ceb10cd0a4_file-scaled.jpg?resize=1536%2C2048&amp;ssl=1 1536w, https:\/\/i0.wp.com\/vaast.armentierois.fr\/wp-content\/uploads\/2023\/09\/91eca594-12c9-4c30-aab3-18af43b8b0ab-713-000000ceb10cd0a4_file-scaled.jpg?w=1920&amp;ssl=1 1920w, https:\/\/i0.wp.com\/vaast.armentierois.fr\/wp-content\/uploads\/2023\/09\/91eca594-12c9-4c30-aab3-18af43b8b0ab-713-000000ceb10cd0a4_file-scaled.jpg?w=1280&amp;ssl=1 1280w\" sizes=\"auto, (max-width: 640px) 100vw, 640px\" data-recalc-dims=\"1\" \/><\/figure>\n\n\n\n<p><em>Sainte Rita de Cascia&nbsp;est l\u2019une des saintes les plus v\u00e9n\u00e9r\u00e9es, et pour cause, les&nbsp;<strong>miracles obtenus par son intercession ne se comptent plus<\/strong>. Durant sa vie, elle obtient d\u00e9j\u00e0 de grandes gr\u00e2ces du Seigneur. Apr\u00e8s sa mort, celles-ci sont plus nombreuses encore : aveugles qui voient, muets qui se mettent \u00e0 parler, malades sur le point de mourir qui gu\u00e9rissent, etc. Cette sainte&nbsp;<strong>thaumaturge<\/strong>&nbsp;devient la&nbsp;patronne des causes perdues.<\/em><\/p>\n\n\n\n<h3 class=\"wp-block-heading\" id=\"la-naissance-de-sainte-rita\">La naissance de sainte Rita<\/h3>\n\n\n\n<p>Les parents de sainte Rita forment un couple saint, priant, charitable et s\u2019aimant l\u2019un l\u2019autre. Leur souffrance est de n\u2019avoir pas d\u2019enfant. Priant assid\u00fbment pour cela, il est r\u00e9v\u00e9l\u00e9 \u00e0 la m\u00e8re, Aim\u00e9e Ferri, que le Seigneur s\u2019est laiss\u00e9 toucher. Et, en effet, neuf mois plus tard, le couple a la joie d\u2019accueillir une belle petite fille qu\u2019ils nomment Rita, abr\u00e9viation de Margherita.<\/p>\n\n\n\n<h3 class=\"wp-block-heading\" id=\"le-miracle-des-abeilles\">Le miracle des&nbsp;abeilles<\/h3>\n\n\n\n<p>Alors qu\u2019ils travaillent aux champs, ses parents installent la petite Rita dans un couffin au pied d\u2019un arbre o\u00f9 elle est bient\u00f4t entour\u00e9e&nbsp;<strong>d\u2019abeilles<\/strong>. L\u2019un des paysans, s\u2019\u00e9tant bless\u00e9 la main, revient aupr\u00e8s du b\u00e9b\u00e9 qu\u2019il d\u00e9couvre couvert d\u2019abeilles, celles-ci entrant m\u00eame dans sa bouche. Pourtant \u00e0 la stup\u00e9faction de tous, les abeilles ne lui font aucun mal, qui plus est, regardant alors sa main le moissonneur la voit parfaitement&nbsp;<strong>gu\u00e9rie<\/strong>. Lorsque plus tard Rita sera religieuse, des abeilles semblables viendront s\u2019installer au monast\u00e8re.&nbsp;<\/p>\n\n\n\n<h3 class=\"wp-block-heading\" id=\"le-miracle-de-la-vigne\">Le miracle de la vigne<\/h3>\n\n\n\n<p>En tout point s\u0153ur Rita ob\u00e9it \u00e0 la m\u00e8re sup\u00e9rieure. Pour l\u2019\u00e9prouver, celle-ci lui demande d\u2019aller jusqu\u2019\u00e0 arroser tous les jours un cep de vigne dess\u00e9ch\u00e9. Malgr\u00e9 les moqueries, Rita prend ce travail \u00e0 c\u0153ur. Apr\u00e8s un an, le&nbsp;<strong>miracle<\/strong>&nbsp;se produit, la branche morte reverdit, grandit et donne un excellent raisin. Cette branche vit toujours au couvent de Cascia et donne depuis plus de cinq cents ans des raisins d\u2019une qualit\u00e9 exceptionnelle.<\/p>\n\n\n\n<h3 class=\"wp-block-heading\" id=\"le-miracle-des-roses\">Le miracle des roses<\/h3>\n\n\n\n<p>Alors religieuse et alit\u00e9e, s\u0153ur Rita demande \u00e0 une visiteuse de lui apporter une&nbsp;<strong>rose&nbsp;<\/strong>de son jardin. Celle-ci s\u2019en retourne pensant \u00e0 un d\u00e9lire de la s\u0153ur car l\u2019hiver bat son plein. Pourtant ayant oubli\u00e9 la requ\u00eate de la malade, elle passe devant l\u2019ancien jardin de Rita et \u00e0 sa grande surprise elle y voit une&nbsp;<strong>rose&nbsp;<\/strong>magnifique. Cela se reproduit une autre fois avec deux figues qui se trouvent m\u00fbres en plein hiver.<\/p>\n\n\n\n<h3 class=\"wp-block-heading\" id=\"le-miracle-de-lepine-au-front\">Le miracle de l\u2019epine au front<\/h3>\n\n\n\n<p>Alors qu\u2019elle prie intens\u00e9ment, faisant m\u00e9moire de la passion du Seigneur, Rita demande \u00e0 partager avec J\u00e9sus la douleur d\u2019une \u00e9pine de la couronne d\u2019\u00e9pine. Cela lui est accord\u00e9 et aussit\u00f4t, une \u00e9pine se d\u00e9tache du crucifix et vient s\u2019enfoncer profond\u00e9ment dans le front de Rita lui laissant une blessure tr\u00e8s douloureuse.&nbsp;<strong>Cette plaie miraculeuse ne gu\u00e9rira jamais<\/strong>&nbsp;pendant les quatorze ans qu\u2019il reste \u00e0 vivre \u00e0 Rita, sauf durant son p\u00e8lerinage \u00e0 Rome. Aujourd\u2019hui encore la plaie est visible sur sa&nbsp;<strong>d\u00e9pouille qui demeure miraculeusement dans un excellent \u00e9tat de conservation et d\u00e9gage encore un parfum d\u00e9licieux lorsque la chasse est ouverte<\/strong>.&nbsp;<\/p>\n\n\n\n<h2 class=\"wp-block-heading\" id=\"les-miracles-apres-la-mort-de-sainte-rita\">Les miracles apr\u00e8s la mort de sainte Rita<\/h2>\n\n\n\n<p>Juste apr\u00e8s la mort de sainte Rita, les prodiges \u00e9clatent. Plusieurs personnes la voient&nbsp;<strong>monter dans la gloire<\/strong>&nbsp;; la cloche du monast\u00e8re se met \u00e0 sonner sans que personne ne la touche. La plaie au front cicatrise pour ne laisser qu\u2019une belle trace, son corps r\u00e9pand un&nbsp;<strong>parfum d\u00e9licieux<\/strong>&nbsp;et son visage est bien plus beau qu\u2019\u00e0 l\u2019ordinaire. Une s\u0153ur se penche pour l\u2019embrasser et crie aussit\u00f4t miracle, son bras paralys\u00e9 vient de retrouver sa mobilit\u00e9.<\/p>\n\n\n\n<p>Une foule venue de toute la r\u00e9gion veut v\u00e9n\u00e9rer le corps de celle qui \u00e9tait d\u00e9j\u00e0 connue comme \u00ab&nbsp;<em>la sainte de Rocca Porena<\/em>&nbsp;\u00bb. On pr\u00e9pare donc un cercueil sp\u00e9cial ouvert pour y d\u00e9poser le corps qui demeure beau, souple et parfum\u00e9. Une quantit\u00e9 de miracles se produisent aupr\u00e8s de celle dont l\u2019intercession \u00e9tait d\u00e9j\u00e0 si puissante sur Terre. Les miracles ayant lieu par l\u2019intercession de sainte Rita sont consign\u00e9s dans un registre, en voici quelques exemples :&nbsp;<\/p>\n\n\n\n<ul class=\"wp-block-list\">\n<li>En 1457, ann\u00e9e de la mort de Rita, une jeune fille muette de naissance, est emmen\u00e9e au tombeau de la sainte qu\u2019elle prie avec ferveur. Apr\u00e8s peu de temps, la voil\u00e0 qui se met \u00e0 r\u00e9citer toute seule le&nbsp;<em>Je vous salue Marie<\/em>&nbsp;\u00e0 la stup\u00e9faction de tous.<\/li>\n\n\n\n<li>La m\u00eame ann\u00e9e, une femme nomm\u00e9e Lucia vient prier au tombeau de Cascia, elle est aveugle d\u2019un oeil et tr\u00e8s malvoyante de l\u2019autre. Apr\u00e8s quinze jours de pri\u00e8res, elle est gu\u00e9rie et retrouve une vision parfaite des deux yeux.&nbsp;<\/li>\n\n\n\n<li>L\u2019un des&nbsp;<strong>miracles ayant men\u00e9 \u00e0 la canonisation de sainte Rita<\/strong>&nbsp;est celui d\u2019Elizabeth Bergamini. Celle-ci est atteinte de la variole et est en train de devenir aveugle. Ses parents l\u2019emm\u00e8nent prier sainte Rita \u00e0 Cascia. Quatre mois plus tard, la petite fille retrouve la vue.&nbsp;<\/li>\n\n\n\n<li>L\u2019autre<strong>&nbsp;miracle pr\u00e9sent\u00e9 pour la cause de canonisation<\/strong>&nbsp;est celui de Cosma Pellegrini, atteint d\u2019une maladie incurable et sur le point de mourir. C\u2019est alors qu\u2019il eut une vision de sainte Rita le saluant, il retrouva \u00e0 l\u2019instant toute sa force.<\/li>\n<\/ul>\n\n\n\n<p><strong>Les t\u00e9moignages de gr\u00e2ces re\u00e7ues par l\u2019intercession de sainte Rita sont toujours plus nombreux&nbsp;<\/strong>et ininterrompus depuis sa mort comme en t\u00e9moignent les&nbsp;<strong>nombreux ex-voto dans la basilique de Cascia<\/strong>&nbsp;en Italie.<\/p>\n\n\n\n<h3 class=\"wp-block-heading\" id=\"priere-dintercession\">Pri\u00e8re d\u2019intercession &nbsp;<\/h3>\n\n\n\n<p><em>&nbsp;\u00d4 bienheureuse sainte Rita,<br>Toi qui as toujours mis ta confiance en Dieu,<br>Toi qui as su aimer et pardonner au nom du Christ, en te laissant guider chaque jour par la lumi\u00e8re de l\u2019Esprit Saint, \u00e9coute la pri\u00e8re que nous te pr\u00e9sentons humblement et avec confiance.<\/em><\/p>\n\n\n\n<p><em>Interc\u00e8de aupr\u00e8s de Dieu tout-puissant et mis\u00e9ricordieux.<\/em><\/p>\n\n\n\n<p><em>Qu\u2019il nous accorde la paix du c\u0153ur, afin que nous puissions, comme toi, vivre dans la foi et dans l\u2019amour sans jamais d\u00e9sesp\u00e9rer.<\/em><\/p>\n\n\n\n<p><em>Nous pourrons ainsi parvenir un jour, avec toi et tous les saints, \u00e0 la joie \u00e9ternelle de la communion avec le P\u00e8re, le Fils et le Saint Esprit.<\/em><\/p>\n\n\n\n<p><em>Amen.<\/em><\/p>\n","protected":false},"excerpt":{"rendered":"<p>Sainte Rita de Cascia&nbsp;est l\u2019une des saintes les plus v\u00e9n\u00e9r\u00e9es, et pour cause, les&nbsp;miracles obtenus par son intercession ne se &hellip; <\/p>\n","protected":false},"author":1,"featured_media":0,"parent":0,"menu_order":0,"comment_status":"closed","ping_status":"closed","template":"","meta":{"footnotes":""},"class_list":["post-1997","page","type-page","status-publish","hentry"],"_links":{"self":[{"href":"https:\/\/vaast.armentierois.fr\/index.php?rest_route=\/wp\/v2\/pages\/1997","targetHints":{"allow":["GET"]}}],"collection":[{"href":"https:\/\/vaast.armentierois.fr\/index.php?rest_route=\/wp\/v2\/pages"}],"about":[{"href":"https:\/\/vaast.armentierois.fr\/index.php?rest_route=\/wp\/v2\/types\/page"}],"author":[{"embeddable":true,"href":"https:\/\/vaast.armentierois.fr\/index.php?rest_route=\/wp\/v2\/users\/1"}],"replies":[{"embeddable":true,"href":"https:\/\/vaast.armentierois.fr\/index.php?rest_route=%2Fwp%2Fv2%2Fcomments&post=1997"}],"version-history":[{"count":4,"href":"https:\/\/vaast.armentierois.fr\/index.php?rest_route=\/wp\/v2\/pages\/1997\/revisions"}],"predecessor-version":[{"id":2239,"href":"https:\/\/vaast.armentierois.fr\/index.php?rest_route=\/wp\/v2\/pages\/1997\/revisions\/2239"}],"wp:attachment":[{"href":"https:\/\/vaast.armentierois.fr\/index.php?rest_route=%2Fwp%2Fv2%2Fmedia&parent=1997"}],"curies":[{"name":"wp","href":"https:\/\/api.w.org\/{rel}","templated":true}]}}