{"id":208,"date":"2023-07-16T19:02:14","date_gmt":"2023-07-16T17:02:14","guid":{"rendered":"https:\/\/www.nds.armentierois.fr\/?page_id=208"},"modified":"2023-07-16T19:02:14","modified_gmt":"2023-07-16T17:02:14","slug":"chemin-de-croix","status":"publish","type":"page","link":"https:\/\/vaast.armentierois.fr\/?page_id=208","title":{"rendered":"Chemin de croix"},"content":{"rendered":"\n<p>Le chemin de croix est constitu\u00e9 de quatorze stations repr\u00e9sentant les \u00e9tapes de la Passion de J\u00e9sus jusqu&#8217;\u00e0 son ensevelissement au tombeau. Il est plac\u00e9 sur les murs des bas-c\u00f4t\u00e9s. Il est particuli\u00e8rement v\u00e9n\u00e9r\u00e9 pendant le car\u00eame et le vendredi saint.<\/p>\n\n\n\n<p>Lorsqu&#8217;on prie le chemin de croix, on revit les derniers instants de la vie de J\u00e9sus \u00e0 travers sa Passion, de sa condamnation \u00e0 mort \u00e0 sa mise au tombeau. Les illustrations sur les tableaux nous aident \u00e0 entrer dans la sc\u00e8ne. La Parole de Dieu nous rejoint et vient parler \u00e0 notre c\u0153ur, elle soutient cette d\u00e9votion. Au fur et \u00e0 mesure que nous avan\u00e7ons dans le chemin de croix, soutenus par une m\u00e9ditation, nous d\u00e9couvrons combien J\u00e9sus nous rejoint, nous accompagne, nous porte et nous rel\u00e8ve dans les \u00e9preuves de nos vies qui ont l&#8217;allure de v\u00e9ritables croix.<\/p>\n\n\n\n<p>On peut commencer le chemin de croix par cette pri\u00e8re:<\/p>\n\n\n\n<p>Au d\u00e9but du chemin de croix, nous pouvons commencer par dire cette pri\u00e8re :<\/p>\n\n\n\n<p><em>\u00ab Dieu, P\u00e8re tr\u00e8s bon, par amour pour nous, tu as envoy\u00e9 ton Fils sur la terre, qui s&#8217;est fait ob\u00e9issant jusqu&#8217;\u00e0 la mort sur une croix, pour nous sauver tous.<\/em><\/p>\n\n\n\n<p><em>Je veux aujourd&#8217;hui suivre en pens\u00e9e le Christ sur le chemin de la Croix, pour ouvrir plus largement mon \u00e2me \u00e0 ta bont\u00e9 sans mesure, et mieux comprendre la gravit\u00e9 de mes p\u00e9ch\u00e9s. Que la contemplation des souffrances de J\u00e9sus \u00e9veille en moi contrition sinc\u00e8re, et la volont\u00e9 de me corriger.<\/em><\/p>\n\n\n\n<p><em>O Marie, m\u00e8re des douleurs, obtiens-moi de J\u00e9sus, cette gr\u00e2ce. Amen. \u00bb<\/em><\/p>\n\n\n\n<p>Les m\u00e9ditations propos\u00e9es ont \u00e9t\u00e9 \u00e9crites par 15 jeunes, \u00e2g\u00e9 de 16 \u00e0 27 ans, il a \u00e9t\u00e9 pri\u00e9 au Colis\u00e9e pour le vendredi saint de l&#8217;ann\u00e9e 2018.<\/p>\n","protected":false},"excerpt":{"rendered":"<p>Le chemin de croix est constitu\u00e9 de quatorze stations repr\u00e9sentant les \u00e9tapes de la Passion de J\u00e9sus jusqu&#8217;\u00e0 son ensevelissement &hellip; <\/p>\n","protected":false},"author":1,"featured_media":0,"parent":0,"menu_order":0,"comment_status":"closed","ping_status":"closed","template":"","meta":{"footnotes":""},"class_list":["post-208","page","type-page","status-publish","hentry"],"_links":{"self":[{"href":"https:\/\/vaast.armentierois.fr\/index.php?rest_route=\/wp\/v2\/pages\/208","targetHints":{"allow":["GET"]}}],"collection":[{"href":"https:\/\/vaast.armentierois.fr\/index.php?rest_route=\/wp\/v2\/pages"}],"about":[{"href":"https:\/\/vaast.armentierois.fr\/index.php?rest_route=\/wp\/v2\/types\/page"}],"author":[{"embeddable":true,"href":"https:\/\/vaast.armentierois.fr\/index.php?rest_route=\/wp\/v2\/users\/1"}],"replies":[{"embeddable":true,"href":"https:\/\/vaast.armentierois.fr\/index.php?rest_route=%2Fwp%2Fv2%2Fcomments&post=208"}],"version-history":[{"count":0,"href":"https:\/\/vaast.armentierois.fr\/index.php?rest_route=\/wp\/v2\/pages\/208\/revisions"}],"wp:attachment":[{"href":"https:\/\/vaast.armentierois.fr\/index.php?rest_route=%2Fwp%2Fv2%2Fmedia&parent=208"}],"curies":[{"name":"wp","href":"https:\/\/api.w.org\/{rel}","templated":true}]}}