{"id":2085,"date":"2023-09-14T10:43:30","date_gmt":"2023-09-14T08:43:30","guid":{"rendered":"https:\/\/vaast.armentierois.fr\/?page_id=2085"},"modified":"2023-09-17T15:30:30","modified_gmt":"2023-09-17T13:30:30","slug":"toile-le-soulagement-des-ames-du-purgatoire","status":"publish","type":"page","link":"https:\/\/vaast.armentierois.fr\/?page_id=2085","title":{"rendered":"le soulagement des \u00e2mes du purgatoire"},"content":{"rendered":"\n<figure class=\"wp-block-image size-large\"><img loading=\"lazy\" decoding=\"async\" width=\"640\" height=\"853\" src=\"https:\/\/i0.wp.com\/vaast.armentierois.fr\/wp-content\/uploads\/2023\/09\/6b4d11db-a25e-47d2-90dc-b1ca095281f8-713-000000d341499ad1_file.jpg?resize=640%2C853&#038;ssl=1\" alt=\"\" class=\"wp-image-2115\" srcset=\"https:\/\/i0.wp.com\/vaast.armentierois.fr\/wp-content\/uploads\/2023\/09\/6b4d11db-a25e-47d2-90dc-b1ca095281f8-713-000000d341499ad1_file-scaled.jpg?resize=768%2C1024&amp;ssl=1 768w, https:\/\/i0.wp.com\/vaast.armentierois.fr\/wp-content\/uploads\/2023\/09\/6b4d11db-a25e-47d2-90dc-b1ca095281f8-713-000000d341499ad1_file-scaled.jpg?resize=225%2C300&amp;ssl=1 225w, https:\/\/i0.wp.com\/vaast.armentierois.fr\/wp-content\/uploads\/2023\/09\/6b4d11db-a25e-47d2-90dc-b1ca095281f8-713-000000d341499ad1_file-scaled.jpg?resize=1152%2C1536&amp;ssl=1 1152w, https:\/\/i0.wp.com\/vaast.armentierois.fr\/wp-content\/uploads\/2023\/09\/6b4d11db-a25e-47d2-90dc-b1ca095281f8-713-000000d341499ad1_file-scaled.jpg?resize=1536%2C2048&amp;ssl=1 1536w, https:\/\/i0.wp.com\/vaast.armentierois.fr\/wp-content\/uploads\/2023\/09\/6b4d11db-a25e-47d2-90dc-b1ca095281f8-713-000000d341499ad1_file-scaled.jpg?w=1920&amp;ssl=1 1920w, https:\/\/i0.wp.com\/vaast.armentierois.fr\/wp-content\/uploads\/2023\/09\/6b4d11db-a25e-47d2-90dc-b1ca095281f8-713-000000d341499ad1_file-scaled.jpg?w=1280&amp;ssl=1 1280w\" sizes=\"auto, (max-width: 640px) 100vw, 640px\" data-recalc-dims=\"1\" \/><figcaption class=\"wp-element-caption\">\u0152uvre du 17\u00e8me si\u00e8cle Ecole Flamande de Vandyck &#8211; inscrite \u00e0 l\u2019inventaire d\u00e9partemental (1969) Restaur\u00e9e en 1923\/1998\/1999 par Alain Bouchardon <\/figcaption><\/figure>\n\n\n\n<h2 class=\"wp-block-heading\" id=\"priere-a-la-sainte-vierge-pour-les-ames-du-purgatoire\">Pri\u00e8re \u00e0 la sainte Vierge pour les \u00e2mes du purgatoire<\/h2>\n\n\n\n<p><em>\u00ab O tr\u00e8s glorieuse Vierge Marie, ayez piti\u00e9 de ces \u00e2mes qui sont actuellement retenues loin de Dieu et loin de vous, dans le lieu des derni\u00e8res expiations et de la purification. M\u00e8re compatissante et toute mis\u00e9ricordieuse, interc\u00e9dez pour leur prompte d\u00e9livrance et abr\u00e9gez le temps douloureux o\u00f9 elles doivent encore satisfaire \u00e0 la justice divine.<br \/>En pr\u00e9sentant vous-m\u00eame au p\u00e8re des mis\u00e9ricordes le pr\u00e9cieux sang de son Fils, qui est aussi le v\u00f4tre, et les m\u00e9rites infinis de sa passion, faites que, d\u00e9li\u00e9es des ultimes cons\u00e9quences de leurs fautes, elles puissent bient\u00f4t \u00eatre introduites dans la patrie c\u00e9leste vers laquelle elles tendent avec tant d&#8217;esp\u00e9rance et d&#8217;amour !<\/em><\/p>\n\n\n\n<p><em>Prenez surtout en piti\u00e9, reine de douce bont\u00e9, les \u00e2mes les plus d\u00e9laiss\u00e9es, celles dont personne ne se soucie, pour lesquelles nulle famille ne prie, pour qui nul ami n&#8217;interc\u00e8de : soyez touch\u00e9e par leurs soupirs et h\u00e2tez le moment de leur d\u00e9livrance.<\/em><\/p>\n\n\n\n<p><em>O tr\u00e8s sainte Vierge Marie, nous confions \u00e0 votre c\u0153ur douloureux et Immacul\u00e9, nos fr\u00e8res et soeurs du purgatoire qui aspirent au moment si ardemment d\u00e9sir\u00e9 de leur compl\u00e8te purification, et nous vous demandons de leur ouvrir vous-m\u00eame les portes du ciel pour les introduire dans le lieu du repos et de la paix o\u00f9 nous esp\u00e9rons les rejoindre un jour aupr\u00e8s de vous. \u00bb&nbsp;<\/em><\/p>\n","protected":false},"excerpt":{"rendered":"<p>Pri\u00e8re \u00e0 la sainte Vierge pour les \u00e2mes du purgatoire \u00ab O tr\u00e8s glorieuse Vierge Marie, ayez piti\u00e9 de ces &hellip; <\/p>\n","protected":false},"author":1,"featured_media":0,"parent":0,"menu_order":0,"comment_status":"closed","ping_status":"closed","template":"","meta":{"footnotes":""},"class_list":["post-2085","page","type-page","status-publish","hentry"],"_links":{"self":[{"href":"https:\/\/vaast.armentierois.fr\/index.php?rest_route=\/wp\/v2\/pages\/2085","targetHints":{"allow":["GET"]}}],"collection":[{"href":"https:\/\/vaast.armentierois.fr\/index.php?rest_route=\/wp\/v2\/pages"}],"about":[{"href":"https:\/\/vaast.armentierois.fr\/index.php?rest_route=\/wp\/v2\/types\/page"}],"author":[{"embeddable":true,"href":"https:\/\/vaast.armentierois.fr\/index.php?rest_route=\/wp\/v2\/users\/1"}],"replies":[{"embeddable":true,"href":"https:\/\/vaast.armentierois.fr\/index.php?rest_route=%2Fwp%2Fv2%2Fcomments&post=2085"}],"version-history":[{"count":4,"href":"https:\/\/vaast.armentierois.fr\/index.php?rest_route=\/wp\/v2\/pages\/2085\/revisions"}],"predecessor-version":[{"id":2341,"href":"https:\/\/vaast.armentierois.fr\/index.php?rest_route=\/wp\/v2\/pages\/2085\/revisions\/2341"}],"wp:attachment":[{"href":"https:\/\/vaast.armentierois.fr\/index.php?rest_route=%2Fwp%2Fv2%2Fmedia&parent=2085"}],"curies":[{"name":"wp","href":"https:\/\/api.w.org\/{rel}","templated":true}]}}