{"id":2087,"date":"2023-09-14T10:45:00","date_gmt":"2023-09-14T08:45:00","guid":{"rendered":"https:\/\/vaast.armentierois.fr\/?page_id=2087"},"modified":"2023-09-17T15:17:12","modified_gmt":"2023-09-17T13:17:12","slug":"toile-invention-de-la-sainte-croix","status":"publish","type":"page","link":"https:\/\/vaast.armentierois.fr\/?page_id=2087","title":{"rendered":"invention de la Sainte Croix"},"content":{"rendered":"\n<figure class=\"wp-block-image size-large\"><img loading=\"lazy\" decoding=\"async\" width=\"640\" height=\"853\" src=\"https:\/\/i0.wp.com\/vaast.armentierois.fr\/wp-content\/uploads\/2023\/09\/ac2ef69a-19da-4556-9156-4690be841e0a-713-000000d38067e384_file.jpg?resize=640%2C853&#038;ssl=1\" alt=\"\" class=\"wp-image-2117\" srcset=\"https:\/\/i0.wp.com\/vaast.armentierois.fr\/wp-content\/uploads\/2023\/09\/ac2ef69a-19da-4556-9156-4690be841e0a-713-000000d38067e384_file-scaled.jpg?resize=768%2C1024&amp;ssl=1 768w, https:\/\/i0.wp.com\/vaast.armentierois.fr\/wp-content\/uploads\/2023\/09\/ac2ef69a-19da-4556-9156-4690be841e0a-713-000000d38067e384_file-scaled.jpg?resize=225%2C300&amp;ssl=1 225w, https:\/\/i0.wp.com\/vaast.armentierois.fr\/wp-content\/uploads\/2023\/09\/ac2ef69a-19da-4556-9156-4690be841e0a-713-000000d38067e384_file-scaled.jpg?resize=1152%2C1536&amp;ssl=1 1152w, https:\/\/i0.wp.com\/vaast.armentierois.fr\/wp-content\/uploads\/2023\/09\/ac2ef69a-19da-4556-9156-4690be841e0a-713-000000d38067e384_file-scaled.jpg?resize=1536%2C2048&amp;ssl=1 1536w, https:\/\/i0.wp.com\/vaast.armentierois.fr\/wp-content\/uploads\/2023\/09\/ac2ef69a-19da-4556-9156-4690be841e0a-713-000000d38067e384_file-scaled.jpg?w=1920&amp;ssl=1 1920w, https:\/\/i0.wp.com\/vaast.armentierois.fr\/wp-content\/uploads\/2023\/09\/ac2ef69a-19da-4556-9156-4690be841e0a-713-000000d38067e384_file-scaled.jpg?w=1280&amp;ssl=1 1280w\" sizes=\"auto, (max-width: 640px) 100vw, 640px\" data-recalc-dims=\"1\" \/><figcaption class=\"wp-element-caption\">\u0152uvre de van Mine 1755 &#8211; Ecole flamande &#8211; inscrite a l\u2019inventaire d\u00e9partemental (1969) restaur\u00e9e en 1923 puis en 2005 par Alain Bouchardon<\/figcaption><\/figure>\n\n\n\n<p><em>\u201cCe sont nos souffrances qu\u2019il a port\u00e9es, c\u2019est de nos douleurs qu\u2019il s\u2019est charg\u00e9\u2026, et c\u2019est par ses meurtrissures que nous sommes gu\u00e9ris\u201d. (<\/em>\u00c9sa\u00efe 53.4-5)<\/p>\n\n\n\n<p>Selon une tradition qui remonte \u00e0&nbsp;saint Ambroise, le bois de la vraie croix aurait \u00e9t\u00e9 retrouv\u00e9 au IVe si\u00e8cle par&nbsp;sainte H\u00e9l\u00e8ne, la m\u00e8re de l&#8217;empereur Constantin. A l&#8217;emplacement o\u00f9 la tradition populaire gardait le souvenir de la Passion, se dressait un temple d&#8217;Aphrodite. Elle obtint de son fils qu&#8217;on op\u00e9r\u00e2t des fouilles qui permirent de d\u00e9couvrir une petite colline et un tombeau. Des miracles accompagn\u00e8rent la d\u00e9couverte des morceaux de bois qui avaient \u00e9t\u00e9 jet\u00e9s dans un puits voisin. Ils furent ainsi reconnus comme \u00e9tant ceux de la passion du Christ et furent d\u00e8s lors l&#8217;objet d&#8217;un culte liturgique.<\/p>\n\n\n\n<p>Sainte H\u00e9l\u00e8ne, m\u00e8re de l&#8217;empereur Constantin, s\u2019\u00e9tait mise \u00e0 la recherche de la croix du Christ qui avait \u00e9t\u00e9 enterr\u00e9e \u00e0 J\u00e9rusalem. Lorsqu\u2019elle a d\u00e9couvert l\u2019endroit o\u00f9 la croix a \u00e9t\u00e9 enfouie, elle a en fait retrouv\u00e9 trois croix : celle de J\u00e9sus et celles des deux larrons qui ont \u00e9t\u00e9 crucifi\u00e9s avec lui. Pour reconna\u00eetre l\u2019instrument du supplice du Christ, on a approch\u00e9 les trois croix d\u2019un cadavre et celui-ci est, toujours selon la l\u00e9gende, ressuscit\u00e9 au contact de la sainte croix. C\u2019est le moment repr\u00e9sent\u00e9 dans ce tableau de Bertholet Fl\u00e9mal : on voit des soldats hissant la croix au pied de laquelle un cadavre se redresse dans son linceul. Sainte H\u00e9l\u00e8ne, somptueusement repr\u00e9sent\u00e9es dans des atours \u00e0 l\u2019antique, assiste, comme en extase, \u00e0 l\u2019\u00e9l\u00e9vation de ce qui est pour les chr\u00e9tiens le symbole de la R\u00e9demption de l\u2019humanit\u00e9.<\/p>\n\n\n\n<h2 class=\"wp-block-heading\" id=\"puissante-priere-dinvocation-a-la-sainte-croix\">Puissante pri\u00e8re d\u2019invocation \u00e0 la Sainte Croix<\/h2>\n\n\n\n<p><em>\u00ab Dieu tout-puissant, qui avez souffert la mort \u00e0 l\u2019arbre patibulaire pour tous nos p\u00e9ch\u00e9s, soyez avec moi ;<\/em><\/p>\n\n\n\n<p><em>Sainte Croix de J\u00e9sus-Christ, ayez piti\u00e9 de moi ;<\/em><\/p>\n\n\n\n<p><em>Sainte Croix de J\u00e9sus-Christ, soyez mon espoir ;<\/em><\/p>\n\n\n\n<p><em>Sainte Croix de J\u00e9sus-Christ, repoussez de moi toute arme tranchante ;<\/em><\/p>\n\n\n\n<p><em>Sainte Croix de J\u00e9sus-Christ, versez en moi tout bien ;<\/em><\/p>\n\n\n\n<p><em>Sainte Croix de J\u00e9sus-Christ, d\u00e9tournez de moi tout mal ;<\/em><\/p>\n\n\n\n<p><em>Sainte Croix de J\u00e9sus-Christ, faites que je parvienne au chemin du salut ;<\/em><\/p>\n\n\n\n<p><em>Sainte Croix de J\u00e9sus-Christ, repoussez de moi toute atteinte de mort ;<\/em><\/p>\n\n\n\n<p><em>Sainte Croix de J\u00e9sus-Christ, pr\u00e9servez moi des accidents corporels et temporels, que j\u2019adore la Sainte Croix de J\u00e9sus-Christ \u00e0 jamais.<\/em><\/p>\n\n\n\n<p><em>J\u00e9sus de Nazareth crucifi\u00e9, ayez piti\u00e9 de moi, faites que l\u2019esprit malin et nuisible fuie de moi, dans tous les si\u00e8cles des si\u00e8cles.<\/em><\/p>\n\n\n\n<p><em>Ainsi soit-il !<\/em><\/p>\n\n\n\n<p><em>En l\u2019honneur du Sang Pr\u00e9cieux de Notre Seigneur J\u00e9sus-Christ, en l\u2019honneur de Son Incarnation, par o\u00f9 Il peut nous conduire \u00e0 la vie \u00e9ternelle, aussi vrai que Notre Seigneur J\u00e9sus-Christ est n\u00e9 le jour de No\u00ebl et qu\u2019Il a \u00e9t\u00e9 crucifi\u00e9 le Vendredi Saint.<\/em><\/p>\n\n\n\n<p><em>Amen<\/em><\/p>\n","protected":false},"excerpt":{"rendered":"<p>\u201cCe sont nos souffrances qu\u2019il a port\u00e9es, c\u2019est de nos douleurs qu\u2019il s\u2019est charg\u00e9\u2026, et c\u2019est par ses meurtrissures que &hellip; <\/p>\n","protected":false},"author":1,"featured_media":0,"parent":0,"menu_order":0,"comment_status":"closed","ping_status":"closed","template":"","meta":{"footnotes":""},"class_list":["post-2087","page","type-page","status-publish","hentry"],"_links":{"self":[{"href":"https:\/\/vaast.armentierois.fr\/index.php?rest_route=\/wp\/v2\/pages\/2087","targetHints":{"allow":["GET"]}}],"collection":[{"href":"https:\/\/vaast.armentierois.fr\/index.php?rest_route=\/wp\/v2\/pages"}],"about":[{"href":"https:\/\/vaast.armentierois.fr\/index.php?rest_route=\/wp\/v2\/types\/page"}],"author":[{"embeddable":true,"href":"https:\/\/vaast.armentierois.fr\/index.php?rest_route=\/wp\/v2\/users\/1"}],"replies":[{"embeddable":true,"href":"https:\/\/vaast.armentierois.fr\/index.php?rest_route=%2Fwp%2Fv2%2Fcomments&post=2087"}],"version-history":[{"count":6,"href":"https:\/\/vaast.armentierois.fr\/index.php?rest_route=\/wp\/v2\/pages\/2087\/revisions"}],"predecessor-version":[{"id":2339,"href":"https:\/\/vaast.armentierois.fr\/index.php?rest_route=\/wp\/v2\/pages\/2087\/revisions\/2339"}],"wp:attachment":[{"href":"https:\/\/vaast.armentierois.fr\/index.php?rest_route=%2Fwp%2Fv2%2Fmedia&parent=2087"}],"curies":[{"name":"wp","href":"https:\/\/api.w.org\/{rel}","templated":true}]}}