{"id":220,"date":"2023-07-16T19:44:28","date_gmt":"2023-07-16T17:44:28","guid":{"rendered":"https:\/\/www.nds.armentierois.fr\/?page_id=220"},"modified":"2023-09-13T19:51:38","modified_gmt":"2023-09-13T17:51:38","slug":"2eme-station-jesus-porte-sa-croix","status":"publish","type":"page","link":"https:\/\/vaast.armentierois.fr\/?page_id=220","title":{"rendered":"2\u00e8me station, J\u00e9sus porte sa croix"},"content":{"rendered":"\n<p class=\"has-light-green-cyan-background-color has-background\">De l\u2019Evangile selon Marc&nbsp;<em>(Mc&nbsp;<\/em>8, 34-35)&nbsp;&nbsp;&nbsp;&nbsp;&nbsp;<\/p>\n\n\n\n<p class=\"has-light-green-cyan-background-color has-background\"><em>Appelant la foule avec ses disciples, [J\u00e9sus] leur dit&nbsp;: \u00ab&nbsp;Si quelqu\u2019un veut marcher \u00e0 ma suite, qu\u2019il renonce \u00e0 lui-m\u00eame, qu\u2019il prenne sa croix et qu\u2019il me suive. Car celui qui veut sauver sa vie la perdra&nbsp;; mais celui qui perdra sa vie \u00e0 cause de moi et de l\u2019Evangile la sauvera&nbsp;\u00bb<\/em>.<\/p>\n\n\n\n<figure class=\"wp-block-image size-large\"><img loading=\"lazy\" decoding=\"async\" width=\"640\" height=\"480\" src=\"https:\/\/i0.wp.com\/vaast.armentierois.fr\/wp-content\/uploads\/2023\/09\/df18c4d6-b42d-4062-9229-85755c604cfe-5624-000003486dc5d8a3_file.jpg?resize=640%2C480&#038;ssl=1\" alt=\"\" class=\"wp-image-1931\" srcset=\"https:\/\/i0.wp.com\/vaast.armentierois.fr\/wp-content\/uploads\/2023\/09\/df18c4d6-b42d-4062-9229-85755c604cfe-5624-000003486dc5d8a3_file-scaled.jpg?resize=1024%2C768&amp;ssl=1 1024w, https:\/\/i0.wp.com\/vaast.armentierois.fr\/wp-content\/uploads\/2023\/09\/df18c4d6-b42d-4062-9229-85755c604cfe-5624-000003486dc5d8a3_file-scaled.jpg?resize=300%2C225&amp;ssl=1 300w, https:\/\/i0.wp.com\/vaast.armentierois.fr\/wp-content\/uploads\/2023\/09\/df18c4d6-b42d-4062-9229-85755c604cfe-5624-000003486dc5d8a3_file-scaled.jpg?resize=768%2C576&amp;ssl=1 768w, https:\/\/i0.wp.com\/vaast.armentierois.fr\/wp-content\/uploads\/2023\/09\/df18c4d6-b42d-4062-9229-85755c604cfe-5624-000003486dc5d8a3_file-scaled.jpg?resize=1536%2C1152&amp;ssl=1 1536w, https:\/\/i0.wp.com\/vaast.armentierois.fr\/wp-content\/uploads\/2023\/09\/df18c4d6-b42d-4062-9229-85755c604cfe-5624-000003486dc5d8a3_file-scaled.jpg?resize=2048%2C1536&amp;ssl=1 2048w, https:\/\/i0.wp.com\/vaast.armentierois.fr\/wp-content\/uploads\/2023\/09\/df18c4d6-b42d-4062-9229-85755c604cfe-5624-000003486dc5d8a3_file-scaled.jpg?w=1280&amp;ssl=1 1280w, https:\/\/i0.wp.com\/vaast.armentierois.fr\/wp-content\/uploads\/2023\/09\/df18c4d6-b42d-4062-9229-85755c604cfe-5624-000003486dc5d8a3_file-scaled.jpg?w=1920&amp;ssl=1 1920w\" sizes=\"auto, (max-width: 640px) 100vw, 640px\" data-recalc-dims=\"1\" \/><\/figure>\n\n\n\n<p>Je te vois, J\u00e9sus, couronn\u00e9 d\u2019\u00e9pines, tandis que tu accueilles ta croix. Tu l\u2019accueilles, comme tu as toujours accueilli tout et tous. Ils te chargent du bois, pesant, rugueux, mais tu ne te rebelles pas, tu ne rejettes pas cet instrument de torture injuste et ignoble. Tu le prends sur toi et tu commences \u00e0 marcher en le portant sur tes \u00e9paules. Combien de foisne me suis-je pas rebell\u00e9 et mis en col\u00e8re contre les t\u00e2ches que j\u2019ai re\u00e7ues, que j\u2019ai per\u00e7ues comme pesantes ou injustes. Tu ne fais pas ainsi. Tu as seulement quelques ann\u00e9es de plus que moi, aujourd\u2019hui on dirait que tu es encore jeune, mais tu es docile, et tu prends au s\u00e9rieux ce que la vie t\u2019offre, chaque occasion qui se pr\u00e9sente \u00e0 toi, comme si tu voulais aller au fond des choses et d\u00e9couvrir qu\u2019il y a toujours quelque chose de plus que ce qui appara\u00eet, un sens cach\u00e9 et surprenant. Gr\u00e2ce \u00e0 toi, je comprends que c\u2019est une croix de salut et de lib\u00e9ration, croix de soutien face \u00e0 l\u2019obstacle, joug l\u00e9ger, fardeau qui ne surcharge pas.<\/p>\n\n\n\n<p>Du scandale de la mort du Fils de Dieu, mort de p\u00e9cheur, mort de malfaiteur, na\u00eet la gr\u00e2ce de red\u00e9couvrir dans la douleur la r\u00e9surrection, dans la souffrance ta gloire, dans l\u2019angoisse ton salut. La croix elle-m\u00eame, symbole pour l\u2019homme d\u2019humiliation et de douleur, se r\u00e9v\u00e8le maintenant, par la gr\u00e2ce de ton sacrifice, comme une promesse&nbsp;: de chaque mort resurgira la vie et dans toute obscurit\u00e9 resplendira la lumi\u00e8re. Et nous pouvons nous exclamer&nbsp;: \u201c&nbsp;Salut \u00f4 croix, unique esp\u00e9rance&nbsp;!\u201d.<\/p>\n\n\n\n<p class=\"has-background\" style=\"background-color:#e4e4e4\">Je te prie, Seigneur, fais qu\u2019\u00e0 la lumi\u00e8re de la Croix, symbole de notre foi,<br \/>nous puissions accepter nos souffrances et, illumin\u00e9s par ton amour,<br \/>embrasser nos croix rendues glorieuses par ta mort et ta r\u00e9surrection.<br \/>Donne-nous la gr\u00e2ce de regarder nos histoires<br \/>et de red\u00e9couvrir en elles ton amour pour nous.<\/p>\n\n\n\n<p class=\"has-background\" style=\"background-color:#7bdbb55e\">On peut prier aussi le Notre P\u00e8re<\/p>\n","protected":false},"excerpt":{"rendered":"<p>De l\u2019Evangile selon Marc&nbsp;(Mc&nbsp;8, 34-35)&nbsp;&nbsp;&nbsp;&nbsp;&nbsp; Appelant la foule avec ses disciples, [J\u00e9sus] leur dit&nbsp;: \u00ab&nbsp;Si quelqu\u2019un veut marcher \u00e0 ma &hellip; <\/p>\n","protected":false},"author":1,"featured_media":0,"parent":0,"menu_order":0,"comment_status":"closed","ping_status":"closed","template":"","meta":{"footnotes":""},"class_list":["post-220","page","type-page","status-publish","hentry"],"_links":{"self":[{"href":"https:\/\/vaast.armentierois.fr\/index.php?rest_route=\/wp\/v2\/pages\/220","targetHints":{"allow":["GET"]}}],"collection":[{"href":"https:\/\/vaast.armentierois.fr\/index.php?rest_route=\/wp\/v2\/pages"}],"about":[{"href":"https:\/\/vaast.armentierois.fr\/index.php?rest_route=\/wp\/v2\/types\/page"}],"author":[{"embeddable":true,"href":"https:\/\/vaast.armentierois.fr\/index.php?rest_route=\/wp\/v2\/users\/1"}],"replies":[{"embeddable":true,"href":"https:\/\/vaast.armentierois.fr\/index.php?rest_route=%2Fwp%2Fv2%2Fcomments&post=220"}],"version-history":[{"count":2,"href":"https:\/\/vaast.armentierois.fr\/index.php?rest_route=\/wp\/v2\/pages\/220\/revisions"}],"predecessor-version":[{"id":1933,"href":"https:\/\/vaast.armentierois.fr\/index.php?rest_route=\/wp\/v2\/pages\/220\/revisions\/1933"}],"wp:attachment":[{"href":"https:\/\/vaast.armentierois.fr\/index.php?rest_route=%2Fwp%2Fv2%2Fmedia&parent=220"}],"curies":[{"name":"wp","href":"https:\/\/api.w.org\/{rel}","templated":true}]}}