{"id":2212,"date":"2023-09-16T11:25:30","date_gmt":"2023-09-16T09:25:30","guid":{"rendered":"https:\/\/vaast.armentierois.fr\/?page_id=2212"},"modified":"2023-09-17T08:10:35","modified_gmt":"2023-09-17T06:10:35","slug":"les-vitraux-2","status":"publish","type":"page","link":"https:\/\/vaast.armentierois.fr\/?page_id=2212","title":{"rendered":"Les vitraux"},"content":{"rendered":"\n<p>116 fen\u00eatres laissent p\u00e9n\u00e9trer la lumi\u00e8re dans cette magnifique \u00e9glise. Les vitraux ont une place tr\u00e8s importante, ils constituaient au Moyen Age la \u00ab&nbsp;Bible des Pauvres&nbsp;\u00bb o\u00f9 l\u2019on apprenait l\u2019essentiel de la foi. On remarque que sur le c\u00f4t\u00e9 gauche qui est au nord c\u2019est le bleu qui domine. C\u00f4t\u00e9 droit, au sud, c\u2019est le rouge \u00e9clatant.&nbsp; Plusieurs interpr\u00e9tations&nbsp;: le bleu, d\u00e9di\u00e9 \u00e0 la Vierge Marie, est la couleur du soleil levant <em>\u00ab Elle&nbsp;s\u2019est lev\u00e9e \u00e0 l\u2019Orient, la lumi\u00e8re du Christ&nbsp;\u00bb<\/em> (phrase cit\u00e9e dans la Bible). Le rouge, couleur du soleil couchant. Les ma\u00eetres verriers donnent une autre explication&nbsp;: Le bleu poss\u00e8de une grande longueur d\u2019onde, permettant d\u2019illuminer largement une \u00e9glise, il est donc utilis\u00e9 pour les vitraux moins bien ensoleill\u00e9s. Le rouge couleur chaude qui exprime la joie obturent un peu la lumi\u00e8re, il est donc utilis\u00e9 pour les vitraux tr\u00e8s ensoleill\u00e9s orient\u00e9s sud.<\/p>\n","protected":false},"excerpt":{"rendered":"<p>116 fen\u00eatres laissent p\u00e9n\u00e9trer la lumi\u00e8re dans cette magnifique \u00e9glise. Les vitraux ont une place tr\u00e8s importante, ils constituaient au &hellip; <\/p>\n","protected":false},"author":1,"featured_media":0,"parent":0,"menu_order":0,"comment_status":"closed","ping_status":"closed","template":"","meta":{"footnotes":""},"class_list":["post-2212","page","type-page","status-publish","hentry"],"_links":{"self":[{"href":"https:\/\/vaast.armentierois.fr\/index.php?rest_route=\/wp\/v2\/pages\/2212","targetHints":{"allow":["GET"]}}],"collection":[{"href":"https:\/\/vaast.armentierois.fr\/index.php?rest_route=\/wp\/v2\/pages"}],"about":[{"href":"https:\/\/vaast.armentierois.fr\/index.php?rest_route=\/wp\/v2\/types\/page"}],"author":[{"embeddable":true,"href":"https:\/\/vaast.armentierois.fr\/index.php?rest_route=\/wp\/v2\/users\/1"}],"replies":[{"embeddable":true,"href":"https:\/\/vaast.armentierois.fr\/index.php?rest_route=%2Fwp%2Fv2%2Fcomments&post=2212"}],"version-history":[{"count":1,"href":"https:\/\/vaast.armentierois.fr\/index.php?rest_route=\/wp\/v2\/pages\/2212\/revisions"}],"predecessor-version":[{"id":2213,"href":"https:\/\/vaast.armentierois.fr\/index.php?rest_route=\/wp\/v2\/pages\/2212\/revisions\/2213"}],"wp:attachment":[{"href":"https:\/\/vaast.armentierois.fr\/index.php?rest_route=%2Fwp%2Fv2%2Fmedia&parent=2212"}],"curies":[{"name":"wp","href":"https:\/\/api.w.org\/{rel}","templated":true}]}}