{"id":2257,"date":"2023-09-17T08:21:12","date_gmt":"2023-09-17T06:21:12","guid":{"rendered":"https:\/\/vaast.armentierois.fr\/?page_id=2257"},"modified":"2023-09-17T08:28:54","modified_gmt":"2023-09-17T06:28:54","slug":"vitraux-representant-les-evangelistes","status":"publish","type":"page","link":"https:\/\/vaast.armentierois.fr\/?page_id=2257","title":{"rendered":"Vitraux repr\u00e9sentant les \u00e9vang\u00e9listes"},"content":{"rendered":"\n<p>Ils pourraient passer inaper\u00e7u tant ils sont fondus dans les couleurs bleues et rouges intenses des bas c\u00f4t\u00e9s. L&#8217;\u0153il averti d\u00e9couvrira que les \u00e9vang\u00e9listes sont au centre de l&#8217;\u00e9glise. Les baies les repr\u00e9sentant sont au dessus des portes des bas c\u00f4t\u00e9s.<\/p>\n\n\n\n<p>Du c\u00f4t\u00e9 nord (quai de Beauvais) deux vitraux \u00e0 dominante bleue repr\u00e9sentent Saint Marc et Saint Luc.<\/p>\n\n\n\n<p>Du c\u00f4t\u00e9 sud (place Saint Vaast) deux vitraux \u00e0 dominante rouge repr\u00e9sentent Saint Matthieu et Saint Jean.<\/p>\n\n\n\n<p>Saint Marc est un t\u00e9moin oculaire de la vie de J\u00e9sus. L\u2019art chr\u00e9tien le repr\u00e9sente par un lion car son \u00e9vangile d\u00e9bute par la pr\u00e9dication de Jean-Baptiste dans le d\u00e9sert.<\/p>\n\n\n\n<figure class=\"wp-block-image size-large\"><img loading=\"lazy\" decoding=\"async\" width=\"640\" height=\"853\" src=\"https:\/\/i0.wp.com\/vaast.armentierois.fr\/wp-content\/uploads\/2023\/09\/img_2587.jpg?resize=640%2C853&#038;ssl=1\" alt=\"\" class=\"wp-image-2262\" srcset=\"https:\/\/i0.wp.com\/vaast.armentierois.fr\/wp-content\/uploads\/2023\/09\/img_2587-scaled.jpg?resize=768%2C1024&amp;ssl=1 768w, https:\/\/i0.wp.com\/vaast.armentierois.fr\/wp-content\/uploads\/2023\/09\/img_2587-scaled.jpg?resize=225%2C300&amp;ssl=1 225w, https:\/\/i0.wp.com\/vaast.armentierois.fr\/wp-content\/uploads\/2023\/09\/img_2587-scaled.jpg?resize=1152%2C1536&amp;ssl=1 1152w, https:\/\/i0.wp.com\/vaast.armentierois.fr\/wp-content\/uploads\/2023\/09\/img_2587-scaled.jpg?resize=1536%2C2048&amp;ssl=1 1536w, https:\/\/i0.wp.com\/vaast.armentierois.fr\/wp-content\/uploads\/2023\/09\/img_2587-scaled.jpg?w=1920&amp;ssl=1 1920w, https:\/\/i0.wp.com\/vaast.armentierois.fr\/wp-content\/uploads\/2023\/09\/img_2587-scaled.jpg?w=1280&amp;ssl=1 1280w\" sizes=\"auto, (max-width: 640px) 100vw, 640px\" data-recalc-dims=\"1\" \/><figcaption class=\"wp-element-caption\">Saint Marc est repr\u00e9sent\u00e9 pat un lion<\/figcaption><\/figure>\n\n\n\n<p>Saint Luc est aussi l\u2019auteur des actes des ap\u00f4tres qui relatent la vie des premi\u00e8res communaut\u00e9s chr\u00e9tiennes. Il est le patron des m\u00e9decins et des peintres. Son embl\u00e8me est le b\u0153uf ou taureau car l\u2019\u00e9vangile de Luc parle du pr\u00eatre Zacharie, membre de la tribu de L\u00e9vi, dont le symbole est le taureau.<\/p>\n\n\n\n<figure class=\"wp-block-image size-large\"><img loading=\"lazy\" decoding=\"async\" width=\"640\" height=\"853\" src=\"https:\/\/i0.wp.com\/vaast.armentierois.fr\/wp-content\/uploads\/2023\/09\/img_2588.jpg?resize=640%2C853&#038;ssl=1\" alt=\"\" class=\"wp-image-2260\" srcset=\"https:\/\/i0.wp.com\/vaast.armentierois.fr\/wp-content\/uploads\/2023\/09\/img_2588-scaled.jpg?resize=768%2C1024&amp;ssl=1 768w, https:\/\/i0.wp.com\/vaast.armentierois.fr\/wp-content\/uploads\/2023\/09\/img_2588-scaled.jpg?resize=225%2C300&amp;ssl=1 225w, https:\/\/i0.wp.com\/vaast.armentierois.fr\/wp-content\/uploads\/2023\/09\/img_2588-scaled.jpg?resize=1152%2C1536&amp;ssl=1 1152w, https:\/\/i0.wp.com\/vaast.armentierois.fr\/wp-content\/uploads\/2023\/09\/img_2588-scaled.jpg?resize=1536%2C2048&amp;ssl=1 1536w, https:\/\/i0.wp.com\/vaast.armentierois.fr\/wp-content\/uploads\/2023\/09\/img_2588-scaled.jpg?w=1920&amp;ssl=1 1920w, https:\/\/i0.wp.com\/vaast.armentierois.fr\/wp-content\/uploads\/2023\/09\/img_2588-scaled.jpg?w=1280&amp;ssl=1 1280w\" sizes=\"auto, (max-width: 640px) 100vw, 640px\" data-recalc-dims=\"1\" \/><figcaption class=\"wp-element-caption\">Saint Luc est repr\u00e9sent\u00e9 par un taureau <\/figcaption><\/figure>\n\n\n\n<p>Saint Matthieu \u00e9tait l\u2019un des douze ap\u00f4tres. Avant sa rencontre avec J\u00e9sus, il \u00e9tait collecteur d\u2019imp\u00f4ts. Il est repr\u00e9sent\u00e9 avec l\u2019ange des apparitions \u00e0 ses c\u00f4t\u00e9s, car son \u00e9vangile commence par la g\u00e9n\u00e9alogie humaine de J\u00e9sus.<\/p>\n\n\n\n<figure class=\"wp-block-image size-large\"><img loading=\"lazy\" decoding=\"async\" width=\"640\" height=\"853\" src=\"https:\/\/i0.wp.com\/vaast.armentierois.fr\/wp-content\/uploads\/2023\/09\/img_2585.jpg?resize=640%2C853&#038;ssl=1\" alt=\"\" class=\"wp-image-2264\" srcset=\"https:\/\/i0.wp.com\/vaast.armentierois.fr\/wp-content\/uploads\/2023\/09\/img_2585-scaled.jpg?resize=768%2C1024&amp;ssl=1 768w, https:\/\/i0.wp.com\/vaast.armentierois.fr\/wp-content\/uploads\/2023\/09\/img_2585-scaled.jpg?resize=225%2C300&amp;ssl=1 225w, https:\/\/i0.wp.com\/vaast.armentierois.fr\/wp-content\/uploads\/2023\/09\/img_2585-scaled.jpg?resize=1152%2C1536&amp;ssl=1 1152w, https:\/\/i0.wp.com\/vaast.armentierois.fr\/wp-content\/uploads\/2023\/09\/img_2585-scaled.jpg?resize=1536%2C2048&amp;ssl=1 1536w, https:\/\/i0.wp.com\/vaast.armentierois.fr\/wp-content\/uploads\/2023\/09\/img_2585-scaled.jpg?w=1920&amp;ssl=1 1920w, https:\/\/i0.wp.com\/vaast.armentierois.fr\/wp-content\/uploads\/2023\/09\/img_2585-scaled.jpg?w=1280&amp;ssl=1 1280w\" sizes=\"auto, (max-width: 640px) 100vw, 640px\" data-recalc-dims=\"1\" \/><figcaption class=\"wp-element-caption\">Matthieu est repr\u00e9sent\u00e9 par un ange<\/figcaption><\/figure>\n\n\n\n<p>Saint Jean est un des douze ap\u00f4tres. Il est le seul des ap\u00f4tres qui accompagna J\u00e9sus au calvaire, et se tint debout pr\u00e8s de la croix avec Marie. Il est aussi l\u2019auteur du livre de l\u2019Apocalypse. Son embl\u00e8me est l\u2019aigle des visions apocalyptiques.<\/p>\n\n\n\n<figure class=\"wp-block-image size-large\"><img loading=\"lazy\" decoding=\"async\" width=\"640\" height=\"853\" src=\"https:\/\/i0.wp.com\/vaast.armentierois.fr\/wp-content\/uploads\/2023\/09\/img_2586.jpg?resize=640%2C853&#038;ssl=1\" alt=\"\" class=\"wp-image-2263\" srcset=\"https:\/\/i0.wp.com\/vaast.armentierois.fr\/wp-content\/uploads\/2023\/09\/img_2586-scaled.jpg?resize=768%2C1024&amp;ssl=1 768w, https:\/\/i0.wp.com\/vaast.armentierois.fr\/wp-content\/uploads\/2023\/09\/img_2586-scaled.jpg?resize=225%2C300&amp;ssl=1 225w, https:\/\/i0.wp.com\/vaast.armentierois.fr\/wp-content\/uploads\/2023\/09\/img_2586-scaled.jpg?resize=1152%2C1536&amp;ssl=1 1152w, https:\/\/i0.wp.com\/vaast.armentierois.fr\/wp-content\/uploads\/2023\/09\/img_2586-scaled.jpg?resize=1536%2C2048&amp;ssl=1 1536w, https:\/\/i0.wp.com\/vaast.armentierois.fr\/wp-content\/uploads\/2023\/09\/img_2586-scaled.jpg?w=1920&amp;ssl=1 1920w, https:\/\/i0.wp.com\/vaast.armentierois.fr\/wp-content\/uploads\/2023\/09\/img_2586-scaled.jpg?w=1280&amp;ssl=1 1280w\" sizes=\"auto, (max-width: 640px) 100vw, 640px\" data-recalc-dims=\"1\" \/><figcaption class=\"wp-element-caption\">Saint Jean est repr\u00e9sent\u00e9 par un aigle<\/figcaption><\/figure>\n\n\n\n<p>Ces quatre symboles r\u00e9capitulent la vie de J\u00e9sus&nbsp;:<\/p>\n\n\n\n<ul class=\"wp-block-list\">\n<li>Incarnation (Matthieu)<\/li>\n\n\n\n<li>Retraite au d\u00e9sert (Marc)<\/li>\n\n\n\n<li>Sacrifice de la passion (Luc)<\/li>\n\n\n\n<li>Mont\u00e9e au ciel (Jean)<\/li>\n<\/ul>\n","protected":false},"excerpt":{"rendered":"<p>Ils pourraient passer inaper\u00e7u tant ils sont fondus dans les couleurs bleues et rouges intenses des bas c\u00f4t\u00e9s. L&#8217;\u0153il averti &hellip; <\/p>\n","protected":false},"author":1,"featured_media":0,"parent":0,"menu_order":0,"comment_status":"closed","ping_status":"closed","template":"","meta":{"footnotes":""},"class_list":["post-2257","page","type-page","status-publish","hentry"],"_links":{"self":[{"href":"https:\/\/vaast.armentierois.fr\/index.php?rest_route=\/wp\/v2\/pages\/2257","targetHints":{"allow":["GET"]}}],"collection":[{"href":"https:\/\/vaast.armentierois.fr\/index.php?rest_route=\/wp\/v2\/pages"}],"about":[{"href":"https:\/\/vaast.armentierois.fr\/index.php?rest_route=\/wp\/v2\/types\/page"}],"author":[{"embeddable":true,"href":"https:\/\/vaast.armentierois.fr\/index.php?rest_route=\/wp\/v2\/users\/1"}],"replies":[{"embeddable":true,"href":"https:\/\/vaast.armentierois.fr\/index.php?rest_route=%2Fwp%2Fv2%2Fcomments&post=2257"}],"version-history":[{"count":4,"href":"https:\/\/vaast.armentierois.fr\/index.php?rest_route=\/wp\/v2\/pages\/2257\/revisions"}],"predecessor-version":[{"id":2266,"href":"https:\/\/vaast.armentierois.fr\/index.php?rest_route=\/wp\/v2\/pages\/2257\/revisions\/2266"}],"wp:attachment":[{"href":"https:\/\/vaast.armentierois.fr\/index.php?rest_route=%2Fwp%2Fv2%2Fmedia&parent=2257"}],"curies":[{"name":"wp","href":"https:\/\/api.w.org\/{rel}","templated":true}]}}