{"id":227,"date":"2023-07-16T19:48:10","date_gmt":"2023-07-16T17:48:10","guid":{"rendered":"https:\/\/www.nds.armentierois.fr\/?page_id=227"},"modified":"2023-09-13T19:59:55","modified_gmt":"2023-09-13T17:59:55","slug":"14eme-station-le-corps-de-jesus-est-mis-au-tombeau","status":"publish","type":"page","link":"https:\/\/vaast.armentierois.fr\/?page_id=227","title":{"rendered":"14\u00e8me station, le corps de J\u00e9sus est mis au tombeau"},"content":{"rendered":"\n<p class=\"has-light-green-cyan-background-color has-background\">De l\u2019Evangile selon Jean (<em>Jn&nbsp;<\/em>19, 41-42)<\/p>\n\n\n\n<p class=\"has-light-green-cyan-background-color has-background\"><em>A l\u2019endroit o\u00f9 J\u00e9sus avait \u00e9t\u00e9 crucifi\u00e9, il y avait un jardin et, dans ce jardin, un tombeau neuf dans lequel on n\u2019avait encore d\u00e9pos\u00e9 personne. A cause de la Pr\u00e9paration de la P\u00e2que juive, et comme ce tombeau \u00e9tait proche, c\u2019est l\u00e0 qu\u2019ils d\u00e9pos\u00e8rent J\u00e9sus<\/em>.<\/p>\n\n\n\n<figure class=\"wp-block-image size-large\"><img loading=\"lazy\" decoding=\"async\" width=\"640\" height=\"480\" src=\"https:\/\/i0.wp.com\/vaast.armentierois.fr\/wp-content\/uploads\/2023\/09\/6825025f-b9e3-4c55-a24e-d59a878d87e4-5624-0000034b2808d3e4_file.jpg?resize=640%2C480&#038;ssl=1\" alt=\"\" class=\"wp-image-1951\" srcset=\"https:\/\/i0.wp.com\/vaast.armentierois.fr\/wp-content\/uploads\/2023\/09\/6825025f-b9e3-4c55-a24e-d59a878d87e4-5624-0000034b2808d3e4_file-scaled.jpg?resize=1024%2C768&amp;ssl=1 1024w, https:\/\/i0.wp.com\/vaast.armentierois.fr\/wp-content\/uploads\/2023\/09\/6825025f-b9e3-4c55-a24e-d59a878d87e4-5624-0000034b2808d3e4_file-scaled.jpg?resize=300%2C225&amp;ssl=1 300w, https:\/\/i0.wp.com\/vaast.armentierois.fr\/wp-content\/uploads\/2023\/09\/6825025f-b9e3-4c55-a24e-d59a878d87e4-5624-0000034b2808d3e4_file-scaled.jpg?resize=768%2C576&amp;ssl=1 768w, https:\/\/i0.wp.com\/vaast.armentierois.fr\/wp-content\/uploads\/2023\/09\/6825025f-b9e3-4c55-a24e-d59a878d87e4-5624-0000034b2808d3e4_file-scaled.jpg?resize=1536%2C1152&amp;ssl=1 1536w, https:\/\/i0.wp.com\/vaast.armentierois.fr\/wp-content\/uploads\/2023\/09\/6825025f-b9e3-4c55-a24e-d59a878d87e4-5624-0000034b2808d3e4_file-scaled.jpg?resize=2048%2C1536&amp;ssl=1 2048w, https:\/\/i0.wp.com\/vaast.armentierois.fr\/wp-content\/uploads\/2023\/09\/6825025f-b9e3-4c55-a24e-d59a878d87e4-5624-0000034b2808d3e4_file-scaled.jpg?w=1280&amp;ssl=1 1280w, https:\/\/i0.wp.com\/vaast.armentierois.fr\/wp-content\/uploads\/2023\/09\/6825025f-b9e3-4c55-a24e-d59a878d87e4-5624-0000034b2808d3e4_file-scaled.jpg?w=1920&amp;ssl=1 1920w\" sizes=\"auto, (max-width: 640px) 100vw, 640px\" data-recalc-dims=\"1\" \/><\/figure>\n\n\n\n<p>Je ne te vois plus, J\u00e9sus, maintenant il fait nuit. De longues ombres tombent des collines, et les lanternes du Sabbat foisonnent \u00e0 J\u00e9rusalem, hors des maisons et dans les chambres. Elles frappent aux portes du ciel, ferm\u00e9 et imp\u00e9n\u00e9trable&nbsp;: pour qui est une telle solitude&nbsp;? Qui peut dormir&nbsp;dans une telle nuit? La ville r\u00e9sonne des pleurs des enfants, des chants de leurs m\u00e8res, des patrouilles des soldats&nbsp;: ce jour meurt, et seul tu t\u2019es endormi. Tu dors&nbsp;? Et sur quel lit ? Quelle couverture te cache au monde&nbsp;?<\/p>\n\n\n\n<p>De loin, Joseph d\u2019Arimathie a suivi tes pas, et maintenant sur la pointe des pieds, il t\u2019accompagne dans ton sommeil, il te soustrait aux regards des indign\u00e9s et des m\u00e9chants. Un linceul enveloppe ton corps froid, \u00e9ponge le sang et la sueur et les larmes. De la croix tu tombes, mais avec l\u00e9g\u00e8ret\u00e9, Joseph te hisse sur ses \u00e9paules, mais tu es l\u00e9ger&nbsp;: tu ne portes pas le poids de la mort, ni de la haine, ni de la ranc\u0153ur. Tu dors comme lorsque tu \u00e9tais envelopp\u00e9 dans la paille ti\u00e8de et qu\u2019un autre Joseph te tenait dans ses bras. Comme \u00e0 l\u2019\u00e9poque il n\u2019y avait pas de place pour toi, maintenant tu n\u2019as rien o\u00f9 poser la t\u00eate : mais sur le Calvaire, sur la dure t\u00eate du monde, l\u00e0-bas s\u2019\u00e9l\u00e8ve un jardin o\u00f9 personne encore n\u2019a \u00e9t\u00e9 enterr\u00e9.<\/p>\n\n\n\n<p>O\u00f9 es-tu all\u00e9 J\u00e9sus&nbsp;? O\u00f9 es-tu descendu, si ce n\u2019est dans les profondeurs&nbsp;? O\u00f9, si ce n\u2019est dans cet endroit encore vierge, dans la prison la plus \u00e9troite&nbsp;? Tu es pris dans nos propres pi\u00e8ges, tu es emprisonn\u00e9 dans notre propre tristesse&nbsp;: comme nous tu as chemin\u00e9 sur la terre, et maintenant sous la terre, comme nous, tu prends place.<\/p>\n\n\n\n<p>Je voudrais courir loin, mais tu es au dedans de moi&nbsp;; je n\u2019ai pas \u00e0 sortir \u00e0 ta recherche, parce que tu frappes \u00e0 ma porte.<\/p>\n\n\n\n<p class=\"has-background\" style=\"background:linear-gradient(71deg,rgb(2,3,129) 0%,rgb(40,116,252) 19%)\">Je te prie, Seigneur, toi qui ne t\u2019es pas manifest\u00e9 dans la gloire<br \/>mais dans le silence d\u2019une nuit obscure.<br \/>Toi qui ne regardes pas la surface, mais qui vois dans le secret<br \/>et qui entres dans les profondeurs,<br \/>des profondeurs \u00e9coute notre voix&nbsp;:<br \/>fais que, fatigu\u00e9s, nous puissions nous reposer en toi,<br \/>reconna\u00eetre en toi notre nature,<br \/>voir dans l\u2019amour de ton visage endormi<br \/>notre beaut\u00e9 perdue.<\/p>\n\n\n\n<p class=\"has-background\" style=\"background:linear-gradient(71deg,rgb(2,3,129) 0%,rgb(40,116,252) 19%)\">On peut prier le Notre P\u00e8re.<\/p>\n","protected":false},"excerpt":{"rendered":"<p>De l\u2019Evangile selon Jean (Jn&nbsp;19, 41-42) A l\u2019endroit o\u00f9 J\u00e9sus avait \u00e9t\u00e9 crucifi\u00e9, il y avait un jardin et, dans &hellip; <\/p>\n","protected":false},"author":1,"featured_media":0,"parent":0,"menu_order":0,"comment_status":"closed","ping_status":"closed","template":"","meta":{"footnotes":""},"class_list":["post-227","page","type-page","status-publish","hentry"],"_links":{"self":[{"href":"https:\/\/vaast.armentierois.fr\/index.php?rest_route=\/wp\/v2\/pages\/227","targetHints":{"allow":["GET"]}}],"collection":[{"href":"https:\/\/vaast.armentierois.fr\/index.php?rest_route=\/wp\/v2\/pages"}],"about":[{"href":"https:\/\/vaast.armentierois.fr\/index.php?rest_route=\/wp\/v2\/types\/page"}],"author":[{"embeddable":true,"href":"https:\/\/vaast.armentierois.fr\/index.php?rest_route=\/wp\/v2\/users\/1"}],"replies":[{"embeddable":true,"href":"https:\/\/vaast.armentierois.fr\/index.php?rest_route=%2Fwp%2Fv2%2Fcomments&post=227"}],"version-history":[{"count":2,"href":"https:\/\/vaast.armentierois.fr\/index.php?rest_route=\/wp\/v2\/pages\/227\/revisions"}],"predecessor-version":[{"id":1953,"href":"https:\/\/vaast.armentierois.fr\/index.php?rest_route=\/wp\/v2\/pages\/227\/revisions\/1953"}],"wp:attachment":[{"href":"https:\/\/vaast.armentierois.fr\/index.php?rest_route=%2Fwp%2Fv2%2Fmedia&parent=227"}],"curies":[{"name":"wp","href":"https:\/\/api.w.org\/{rel}","templated":true}]}}