{"id":229,"date":"2023-07-16T19:49:17","date_gmt":"2023-07-16T17:49:17","guid":{"rendered":"https:\/\/www.nds.armentierois.fr\/?page_id=229"},"modified":"2023-09-13T20:00:49","modified_gmt":"2023-09-13T18:00:49","slug":"13eme-station-jesus-est-descendu-de-la-croix-et-son-corps-est-rendu-a-sa-mere","status":"publish","type":"page","link":"https:\/\/vaast.armentierois.fr\/?page_id=229","title":{"rendered":"13\u00e8me station, J\u00e9sus est descendu de la croix et son corps est rendu \u00e0 sa m\u00e8re"},"content":{"rendered":"\n<p class=\"has-light-green-cyan-background-color has-background\">De l\u2019Evangile selon Jean (<em>Jn<\/em>&nbsp;19, 38-40)<\/p>\n\n\n\n<p class=\"has-light-green-cyan-background-color has-background\"><em>Apr\u00e8s cela, Joseph d\u2019Arimathie, qui \u00e9tait disciple de J\u00e9sus, mais en secret par crainte des Juifs, demanda \u00e0 Pilate de pouvoir enlever le corps de J\u00e9sus. Et Pilate le permit. Joseph vint donc enlever le corps de J\u00e9sus. Nicod\u00e8me \u2013 celui qui, au d\u00e9but, \u00e9tait venu trouver J\u00e9sus pendant la nuit \u2013 vint lui aussi&nbsp;; il apportait un m\u00e9lange de myrrhe et d\u2019alo\u00e8s pesant environ cent livres. Ils prirent donc le corps de J\u00e9sus, qu\u2019ils li\u00e8rent de linges, en employant les aromates selon la coutume juive d\u2019ensevelir les morts<\/em>.<\/p>\n\n\n\n<figure class=\"wp-block-image size-large\"><img loading=\"lazy\" decoding=\"async\" width=\"640\" height=\"480\" src=\"https:\/\/i0.wp.com\/vaast.armentierois.fr\/wp-content\/uploads\/2023\/09\/c7a592ca-1b89-47a1-a006-dd90265eaa36-5624-0000034b7c1f3aee_file.jpg?resize=640%2C480&#038;ssl=1\" alt=\"\" class=\"wp-image-1954\" srcset=\"https:\/\/i0.wp.com\/vaast.armentierois.fr\/wp-content\/uploads\/2023\/09\/c7a592ca-1b89-47a1-a006-dd90265eaa36-5624-0000034b7c1f3aee_file-scaled.jpg?resize=1024%2C768&amp;ssl=1 1024w, https:\/\/i0.wp.com\/vaast.armentierois.fr\/wp-content\/uploads\/2023\/09\/c7a592ca-1b89-47a1-a006-dd90265eaa36-5624-0000034b7c1f3aee_file-scaled.jpg?resize=300%2C225&amp;ssl=1 300w, https:\/\/i0.wp.com\/vaast.armentierois.fr\/wp-content\/uploads\/2023\/09\/c7a592ca-1b89-47a1-a006-dd90265eaa36-5624-0000034b7c1f3aee_file-scaled.jpg?resize=768%2C576&amp;ssl=1 768w, https:\/\/i0.wp.com\/vaast.armentierois.fr\/wp-content\/uploads\/2023\/09\/c7a592ca-1b89-47a1-a006-dd90265eaa36-5624-0000034b7c1f3aee_file-scaled.jpg?resize=1536%2C1152&amp;ssl=1 1536w, https:\/\/i0.wp.com\/vaast.armentierois.fr\/wp-content\/uploads\/2023\/09\/c7a592ca-1b89-47a1-a006-dd90265eaa36-5624-0000034b7c1f3aee_file-scaled.jpg?resize=2048%2C1536&amp;ssl=1 2048w, https:\/\/i0.wp.com\/vaast.armentierois.fr\/wp-content\/uploads\/2023\/09\/c7a592ca-1b89-47a1-a006-dd90265eaa36-5624-0000034b7c1f3aee_file-scaled.jpg?w=1280&amp;ssl=1 1280w, https:\/\/i0.wp.com\/vaast.armentierois.fr\/wp-content\/uploads\/2023\/09\/c7a592ca-1b89-47a1-a006-dd90265eaa36-5624-0000034b7c1f3aee_file-scaled.jpg?w=1920&amp;ssl=1 1920w\" sizes=\"auto, (max-width: 640px) 100vw, 640px\" data-recalc-dims=\"1\" \/><\/figure>\n\n\n\n<p>Je te vois, J\u00e9sus, encore, l\u00e0, sur la croix. Un homme en chair et en os, avec ses fragilit\u00e9s, avec ses peurs. Comme tu as souffert&nbsp;! C\u2019est une sc\u00e8ne insoutenable, peut-\u00eatre justement parce qu\u2019elle est empreinte d\u2019humanit\u00e9&nbsp;: c\u2019est cela le mot-clef, la marque de ton chemin, jalonn\u00e9 de souffrance et de fatigue. Pr\u00e9cis\u00e9ment cette humanit\u00e9 que nous oublions souvent de reconna\u00eetre en toi et de chercher en nous-m\u00eames et dans les autres, trop absorb\u00e9s par une vie qui appuie sur l\u2019acc\u00e9l\u00e9rateur, aveugles et sourds face aux difficult\u00e9s et aux souffrances des autres.<\/p>\n\n\n\n<p>Je te vois, J\u00e9sus&nbsp;: maintenant tu n\u2019es plus l\u00e0, sur la croix&nbsp;; tu es retourn\u00e9 l\u00e0 d\u2019o\u00f9 tu es venu, \u00e9tendu sur le sein de la terre, sur le sein de ta m\u00e8re. Maintenant, la souffrance est pass\u00e9e, elle a disparu. C\u2019est l\u2019heure de la compassion. Dans ton corps sans vie retentit la force avec laquelle tu as affront\u00e9 la souffrance&nbsp;; le sens que tu as r\u00e9ussi \u00e0 lui donner se refl\u00e8te dans les yeux de celui qui est encore l\u00e0 et qui est rest\u00e9 \u00e0 tes c\u00f4t\u00e9s et qui toujours le restera dans l\u2019amour, donn\u00e9 et re\u00e7u. S\u2019ouvre pour toi, pour nous, une nouvelle vie, celle-l\u00e0 c\u00e9leste, sous le signe de ce qui r\u00e9siste et n\u2019est pas bris\u00e9 par la mort&nbsp;: l\u2019amour. Tu es l\u00e0, avec nous, \u00e0 chaque instant, \u00e0 chaque pas, \u00e0 chaque h\u00e9sitation, \u00e0 chaque obscurit\u00e9. Alors que l\u2019ombre du s\u00e9pulcre s\u2019\u00e9tend sur ton corps gisant entre les bras de ta m\u00e8re, je te vois et j\u2019ai peur mais je ne d\u00e9sesp\u00e8re pas, j\u2019ai confiance que la lumi\u00e8re, ta lumi\u00e8re, resplendira de nouveau.<\/p>\n\n\n\n<p class=\"has-background\" style=\"background:linear-gradient(218deg,rgb(6,147,227) 0%,rgb(255,255,255) 93%,rgb(155,81,224) 100%)\">Je te prie, Seigneur,<br \/>fais que, en nous, soit toujours vive l\u2019esp\u00e9rance,<br \/>la foi en ton amour inconditionnel.<br \/>Que nous puissions maintenir toujours vivant et ouvert<br \/>le regard vers le salut \u00e9ternel,<br \/>et que nous r\u00e9ussissions \u00e0 trouver repos et paix sur notre chemin.<\/p>\n\n\n\n<p class=\"has-background\" style=\"background:linear-gradient(218deg,rgb(6,147,227) 0%,rgb(255,255,255) 93%,rgb(155,81,224) 100%)\">On peut prier le Notre P\u00e8re.<\/p>\n","protected":false},"excerpt":{"rendered":"<p>De l\u2019Evangile selon Jean (Jn&nbsp;19, 38-40) Apr\u00e8s cela, Joseph d\u2019Arimathie, qui \u00e9tait disciple de J\u00e9sus, mais en secret par crainte &hellip; <\/p>\n","protected":false},"author":1,"featured_media":0,"parent":0,"menu_order":0,"comment_status":"closed","ping_status":"closed","template":"","meta":{"footnotes":""},"class_list":["post-229","page","type-page","status-publish","hentry"],"_links":{"self":[{"href":"https:\/\/vaast.armentierois.fr\/index.php?rest_route=\/wp\/v2\/pages\/229","targetHints":{"allow":["GET"]}}],"collection":[{"href":"https:\/\/vaast.armentierois.fr\/index.php?rest_route=\/wp\/v2\/pages"}],"about":[{"href":"https:\/\/vaast.armentierois.fr\/index.php?rest_route=\/wp\/v2\/types\/page"}],"author":[{"embeddable":true,"href":"https:\/\/vaast.armentierois.fr\/index.php?rest_route=\/wp\/v2\/users\/1"}],"replies":[{"embeddable":true,"href":"https:\/\/vaast.armentierois.fr\/index.php?rest_route=%2Fwp%2Fv2%2Fcomments&post=229"}],"version-history":[{"count":2,"href":"https:\/\/vaast.armentierois.fr\/index.php?rest_route=\/wp\/v2\/pages\/229\/revisions"}],"predecessor-version":[{"id":1956,"href":"https:\/\/vaast.armentierois.fr\/index.php?rest_route=\/wp\/v2\/pages\/229\/revisions\/1956"}],"wp:attachment":[{"href":"https:\/\/vaast.armentierois.fr\/index.php?rest_route=%2Fwp%2Fv2%2Fmedia&parent=229"}],"curies":[{"name":"wp","href":"https:\/\/api.w.org\/{rel}","templated":true}]}}