{"id":57,"date":"2023-07-15T15:58:55","date_gmt":"2023-07-15T13:58:55","guid":{"rendered":"http:\/\/www.nds.armentierois.fr\/?page_id=57"},"modified":"2023-09-13T15:49:13","modified_gmt":"2023-09-13T13:49:13","slug":"jean-marie-vianney-cure-dars","status":"publish","type":"page","link":"https:\/\/vaast.armentierois.fr\/?page_id=57","title":{"rendered":"Jean-Marie Vianney, cur\u00e9 d&#8217;ars"},"content":{"rendered":"\n<p class=\"has-medium-font-size\"><strong>Sa vie<\/strong><\/p>\n\n\n\n<p><strong>Jean-Marie Vianney<\/strong>&nbsp;na\u00eet \u00e0&nbsp;<strong>Dardilly<\/strong>, pr\u00e8s de Lyon, le 8 mai 1786. Ses parents sont des paysans \u00e0 la foi solide. Il apprend de sa m\u00e8re la vie chr\u00e9tienne et montre tr\u00e8s jeune un vif int\u00e9r\u00eat pour le Seigneur et la&nbsp;<strong>Vierge Marie<\/strong>. A neuf ans il va \u00e0 l\u2019\u00e9cole \u00e0 Dardilly mais y reste tr\u00e8s peu car il est plus utile au travail agricole. Profond\u00e9ment marqu\u00e9 par la r\u00e9volution, le petit Jean-Marie fait sa premi\u00e8re communion et premi\u00e8re confession clandestinement.<\/p>\n\n\n\n<figure class=\"wp-block-image size-large\"><img loading=\"lazy\" decoding=\"async\" width=\"640\" height=\"853\" src=\"https:\/\/i0.wp.com\/vaast.armentierois.fr\/wp-content\/uploads\/2023\/09\/68b087f1-070f-456c-834b-20786a8c74d5-4064-000003159c895fc9_file.jpg?resize=640%2C853&#038;ssl=1\" alt=\"\" class=\"wp-image-1820\" srcset=\"https:\/\/i0.wp.com\/vaast.armentierois.fr\/wp-content\/uploads\/2023\/09\/68b087f1-070f-456c-834b-20786a8c74d5-4064-000003159c895fc9_file-scaled.jpg?resize=768%2C1024&amp;ssl=1 768w, https:\/\/i0.wp.com\/vaast.armentierois.fr\/wp-content\/uploads\/2023\/09\/68b087f1-070f-456c-834b-20786a8c74d5-4064-000003159c895fc9_file-scaled.jpg?resize=225%2C300&amp;ssl=1 225w, https:\/\/i0.wp.com\/vaast.armentierois.fr\/wp-content\/uploads\/2023\/09\/68b087f1-070f-456c-834b-20786a8c74d5-4064-000003159c895fc9_file-scaled.jpg?resize=1152%2C1536&amp;ssl=1 1152w, https:\/\/i0.wp.com\/vaast.armentierois.fr\/wp-content\/uploads\/2023\/09\/68b087f1-070f-456c-834b-20786a8c74d5-4064-000003159c895fc9_file-scaled.jpg?resize=1536%2C2048&amp;ssl=1 1536w, https:\/\/i0.wp.com\/vaast.armentierois.fr\/wp-content\/uploads\/2023\/09\/68b087f1-070f-456c-834b-20786a8c74d5-4064-000003159c895fc9_file-scaled.jpg?w=1920&amp;ssl=1 1920w, https:\/\/i0.wp.com\/vaast.armentierois.fr\/wp-content\/uploads\/2023\/09\/68b087f1-070f-456c-834b-20786a8c74d5-4064-000003159c895fc9_file-scaled.jpg?w=1280&amp;ssl=1 1280w\" sizes=\"auto, (max-width: 640px) 100vw, 640px\" data-recalc-dims=\"1\" \/><figcaption class=\"wp-element-caption\">Saint Jean-Marie Vianney, cur\u00e9 d\u2019ars<\/figcaption><\/figure>\n\n\n\n<p>A dix-sept ans il exprime son d\u00e9sir de devenir&nbsp;<strong>pr\u00eatre<\/strong>, sa m\u00e8re est tr\u00e8s heureuse mais son p\u00e8re ne peut s\u2019y r\u00e9soudre car son travail est n\u00e9cessaire \u00e0 la ferme. Apr\u00e8s deux ans, le p\u00e8re Vianney accepte mais Jean-Marie n\u2019a pas l\u2019instruction n\u00e9cessaire pour entrer au s\u00e9minaire. L\u2019abb\u00e9 Balley, cur\u00e9 d&#8217;Ecully, prend le jeune homme sous sa protection et gr\u00e2ce \u00e0 lui il peut commencer sa formation. Tout au long de ses \u00e9tudes, le jeune Jean-Marie est pieux, humble et anim\u00e9 d\u2019un grand esprit de p\u00e9nitence, en revanche il \u00e9prouve beaucoup de difficult\u00e9s scolaires notamment pour m\u00e9moriser le latin. Il entreprend un p\u00e8lerinage \u00e0 La Louvesc au tombeau de saint Jean-Fran\u00e7ois R\u00e9gis, et y re\u00e7oit la gr\u00e2ce de pouvoir finir ses \u00e9tudes. En 1807, il re\u00e7oit la confirmation et prend pour patron saint Jean-Baptiste. En 1809, Jean-Marie est r\u00e9quisitionn\u00e9 pour rejoindre l\u2019arm\u00e9e napol\u00e9onienne, cependant gr\u00e2ce \u00e0 un concours de circonstances il ne pourra se rendre au front. En 1811 il re\u00e7oit la tonsure et part pour le petit s\u00e9minaire de Verri\u00e8res.<\/p>\n\n\n\n<p>Il est ordonn\u00e9<strong>&nbsp;pr\u00eatre<\/strong>&nbsp;le 13 ao\u00fbt 1815 \u00e0 29 ans et nomm\u00e9 vicaire \u00e0 \u00c9cully. En 1818, l\u2019\u00e9v\u00eaque le nomme cur\u00e9 \u00e0&nbsp;<strong>Ars<\/strong>, il se met imm\u00e9diatement \u00e0 sa t\u00e2che : convertir ses paroissiens et les ramener \u00e0 une vie sainte. Le cur\u00e9 d\u2019Ars n\u2019aura de cesse de rappeler ses fid\u00e8les \u00e0 l\u2019ordre, les invitant constamment \u00e0 rejeter le p\u00e9ch\u00e9. Il est connu pour ses sermons s\u00e9v\u00e8res et cela lui vaut d\u2019\u00eatre calomni\u00e9 et pers\u00e9cut\u00e9. Pourtant \u00e0 Ars la paroisse est tout \u00e0 fait renouvel\u00e9e. Le saint pr\u00eatre fonde dans le village une&nbsp;<strong>\u00e9cole&nbsp;<\/strong>puis un orphelinat nomm\u00e9 la \u00ab Providence \u00bb, plusieurs&nbsp;<strong>miracles&nbsp;<\/strong>s\u2019y produisent.<\/p>\n\n\n\n<p>Alors qu\u2019il vit extr\u00eamement pauvrement, le&nbsp;<strong>cur\u00e9 d\u2019Ars&nbsp;<\/strong>a souci d\u2019embellir son \u00e9glise par des r\u00e9novations et d\u00e9corations. Il met tous ses soins \u00e0 la c\u00e9l\u00e9bration de la&nbsp;<strong>messe&nbsp;<\/strong>et&nbsp;<strong>Ars&nbsp;<\/strong>est r\u00e9put\u00e9e pour la beaut\u00e9 de ses offices, les processions de la F\u00eate-Dieu ont un \u00e9clat exceptionnel. Pendant trente ans, le cur\u00e9 Vianney re\u00e7oit des attaques directes du&nbsp;<strong>diable&nbsp;<\/strong>qu\u2019il appelle le&nbsp;<em>\u00ab grappin \u00bb<\/em>. A la fin de sa vie, les foules affluent \u00e0 Ars, on compte jusqu\u2019\u00e0 120 000 personnes par an. Le rayonnement de celui qu\u2019on appelle d\u00e9j\u00e0 le saint grandit, les nombreux voyageurs d\u00e9sirent se confesser au p\u00e8re Vianney qui passe jusqu\u2019\u00e0 quinze heures dans son confessionnal. Il \u00e9tait connu pour avoir le don de<strong>&nbsp;lire dans les \u00e2mes<\/strong>. Il obtient beaucoup de miracles par l\u2019interm\u00e9diaire de&nbsp;<strong>sainte Philom\u00e8ne<\/strong>,&nbsp;<em>\u00ab sa petite sainte \u00bb.<\/em><\/p>\n\n\n\n<p>Apr\u00e8s avoir travaill\u00e9 sans rel\u00e2che plus de quarante ans, mangeant et dormant extr\u00eamement peu, il meurt le 4 ao\u00fbt 1859 \u00e0 Ars-sur-Formans.<\/p>\n\n\n\n<figure class=\"wp-block-image size-large\"><img decoding=\"async\" src=\"https:\/\/i0.wp.com\/martin.armentierois.fr\/wp-content\/uploads\/2023\/08\/855abee1-b9c3-4603-a003-a96b7b882f46-21055-00000cf6f6b0af58_file-1024x768.jpg?resize=640%2C480&#038;ssl=1\" alt=\"\" class=\"wp-image-972\" data-recalc-dims=\"1\"\/><\/figure>\n\n\n\n<p class=\"has-medium-font-size\"><strong>Pourquoi demander son aide ?<\/strong><\/p>\n\n\n\n<p class=\"has-pale-cyan-blue-background-color has-background\"><strong>Le saint cur\u00e9 d\u2019Ars \u00e9tait un homme de pri\u00e8re et de p\u00e9nitence. Il obtenait par-l\u00e0 de nombreuses gr\u00e2ces. Beaucoup de faits extraordinaires ayant eu lieu par son intercession ont \u00e9t\u00e9 rapport\u00e9s. Il confia \u00e0 un ami :&nbsp;<em>\u00ab J\u2019obtenais du bon Dieu tout ce que je voulais, pour moi comme pour les autres \u00bb.<\/em> Il est aujourd\u2019hui encore sollicit\u00e9 par de nombreux chr\u00e9tiens pour obtenir l\u2019aide du Seigneur.<\/strong><\/p>\n\n\n\n<h2 class=\"wp-block-heading\" id=\"les-miracles-du-cure-dars\"><strong>Prier avec Saint Jean-Marie Vianney<\/strong><\/h2>\n\n\n\n<p class=\"has-luminous-vivid-amber-background-color has-background\"><em>\u00ab&nbsp;Je Vous aime, \u00d4 mon Dieu, et mon seul d\u00e9sir est de Vous aimer jusqu\u2019au dernier soupir de ma vie. Je Vous aime, \u00d4 mon Dieu infiniment aimable, et j\u2019aime mieux mourir en Vous aimant que de vivre un seul instant sans Vous aimer. Je Vous aime, \u00d4 mon Dieu, et je ne d\u00e9sire le Ciel que pour avoir le bonheur de Vous aimer parfaitement. Je Vous aime, \u00d4 mon Dieu, et n\u2019appr\u00e9hende l\u2019enfer que parce qu\u2019on n\u2019y aura pas la douce consolation de Vous aimer. \u00d4 mon Dieu, si ma langue ne peut dire \u00e0 tout moment que je Vous aime, du moins je veux que mon c\u0153ur Vous le r\u00e9p\u00e8te autant de fois que je respire. Ah&nbsp;! Faites-moi la Gr\u00e2ce de souffrir en Vous aimant, de Vous aimer en souffrant et d\u2019expirer un jour en Vous aimant et en sentant que je Vous aime. Et plus j\u2019approche de ma fin, plus je Vous conjure d\u2019accroitre mon amour et de le perfectionner. <\/em>Amen<em>! \u00bb<\/em><\/p>\n","protected":false},"excerpt":{"rendered":"<p>Sa vie Jean-Marie Vianney&nbsp;na\u00eet \u00e0&nbsp;Dardilly, pr\u00e8s de Lyon, le 8 mai 1786. Ses parents sont des paysans \u00e0 la foi &hellip; <\/p>\n","protected":false},"author":1,"featured_media":0,"parent":0,"menu_order":0,"comment_status":"closed","ping_status":"closed","template":"","meta":{"footnotes":""},"class_list":["post-57","page","type-page","status-publish","hentry"],"_links":{"self":[{"href":"https:\/\/vaast.armentierois.fr\/index.php?rest_route=\/wp\/v2\/pages\/57","targetHints":{"allow":["GET"]}}],"collection":[{"href":"https:\/\/vaast.armentierois.fr\/index.php?rest_route=\/wp\/v2\/pages"}],"about":[{"href":"https:\/\/vaast.armentierois.fr\/index.php?rest_route=\/wp\/v2\/types\/page"}],"author":[{"embeddable":true,"href":"https:\/\/vaast.armentierois.fr\/index.php?rest_route=\/wp\/v2\/users\/1"}],"replies":[{"embeddable":true,"href":"https:\/\/vaast.armentierois.fr\/index.php?rest_route=%2Fwp%2Fv2%2Fcomments&post=57"}],"version-history":[{"count":2,"href":"https:\/\/vaast.armentierois.fr\/index.php?rest_route=\/wp\/v2\/pages\/57\/revisions"}],"predecessor-version":[{"id":1822,"href":"https:\/\/vaast.armentierois.fr\/index.php?rest_route=\/wp\/v2\/pages\/57\/revisions\/1822"}],"wp:attachment":[{"href":"https:\/\/vaast.armentierois.fr\/index.php?rest_route=%2Fwp%2Fv2%2Fmedia&parent=57"}],"curies":[{"name":"wp","href":"https:\/\/api.w.org\/{rel}","templated":true}]}}