{"id":69,"date":"2023-07-15T16:01:43","date_gmt":"2023-07-15T14:01:43","guid":{"rendered":"http:\/\/www.nds.armentierois.fr\/?page_id=69"},"modified":"2023-09-16T17:45:27","modified_gmt":"2023-09-16T15:45:27","slug":"therese-de-lisieux","status":"publish","type":"page","link":"https:\/\/vaast.armentierois.fr\/?page_id=69","title":{"rendered":"Th\u00e9r\u00e8se de Lisieux"},"content":{"rendered":"\n<p class=\"has-medium-font-size\"><strong>Sa vie<\/strong><\/p>\n\n\n\n<figure class=\"wp-block-image size-large\"><img loading=\"lazy\" decoding=\"async\" width=\"640\" height=\"853\" src=\"https:\/\/i0.wp.com\/vaast.armentierois.fr\/wp-content\/uploads\/2023\/09\/80a8fdc4-c4db-4d38-90bd-381d42fd5c21-713-000000bc09e0fb12_file.jpg?resize=640%2C853&#038;ssl=1\" alt=\"\" class=\"wp-image-2034\" srcset=\"https:\/\/i0.wp.com\/vaast.armentierois.fr\/wp-content\/uploads\/2023\/09\/80a8fdc4-c4db-4d38-90bd-381d42fd5c21-713-000000bc09e0fb12_file-scaled.jpg?resize=768%2C1024&amp;ssl=1 768w, https:\/\/i0.wp.com\/vaast.armentierois.fr\/wp-content\/uploads\/2023\/09\/80a8fdc4-c4db-4d38-90bd-381d42fd5c21-713-000000bc09e0fb12_file-scaled.jpg?resize=225%2C300&amp;ssl=1 225w, https:\/\/i0.wp.com\/vaast.armentierois.fr\/wp-content\/uploads\/2023\/09\/80a8fdc4-c4db-4d38-90bd-381d42fd5c21-713-000000bc09e0fb12_file-scaled.jpg?resize=1152%2C1536&amp;ssl=1 1152w, https:\/\/i0.wp.com\/vaast.armentierois.fr\/wp-content\/uploads\/2023\/09\/80a8fdc4-c4db-4d38-90bd-381d42fd5c21-713-000000bc09e0fb12_file-scaled.jpg?resize=1536%2C2048&amp;ssl=1 1536w, https:\/\/i0.wp.com\/vaast.armentierois.fr\/wp-content\/uploads\/2023\/09\/80a8fdc4-c4db-4d38-90bd-381d42fd5c21-713-000000bc09e0fb12_file-scaled.jpg?w=1920&amp;ssl=1 1920w, https:\/\/i0.wp.com\/vaast.armentierois.fr\/wp-content\/uploads\/2023\/09\/80a8fdc4-c4db-4d38-90bd-381d42fd5c21-713-000000bc09e0fb12_file-scaled.jpg?w=1280&amp;ssl=1 1280w\" sizes=\"auto, (max-width: 640px) 100vw, 640px\" data-recalc-dims=\"1\" \/><figcaption class=\"wp-element-caption\">La petite Th\u00e9r\u00e8se <\/figcaption><\/figure>\n\n\n\n<p>Fran\u00e7oise Marie Th\u00e9r\u00e8se Martin na\u00eet le 2 janvier 1873 \u00e0 Alen\u00e7on. Elle est la derni\u00e8re des neuf enfants de&nbsp;<strong>Louis et Z\u00e9lie Martin<\/strong>. Sa m\u00e8re meurt lorsqu\u2019elle a 4 ans et cela laisse une profonde blessure \u00e0 la petite&nbsp;<strong>Th\u00e9r\u00e8se<\/strong>. Elle qui \u00e9tait une petite fille enjou\u00e9e au caract\u00e8re imp\u00e9tueux devient apr\u00e8s la mort de sa m\u00e8re&nbsp;<em>\u00ab timide et douce, sensible \u00e0 l\u2019exc\u00e8s \u00bb<\/em>. En 1877, son p\u00e8re s\u2019installe avec ses filles \u00e0&nbsp;<strong>Lisieux&nbsp;<\/strong>dans la maison des&nbsp;<strong>Buissonnets<\/strong>. Alors que Th\u00e9r\u00e8se a neuf ans, sa s\u0153ur Pauline qui avait jou\u00e9 le r\u00f4le de seconde maman entre au&nbsp;<strong>Carmel&nbsp;<\/strong>puis sa s\u0153ur Marie y entre \u00e9galement. Ces deux d\u00e9parts de celles qui l\u2019ont \u00e9lev\u00e9e font revivre \u00e0 Th\u00e9r\u00e8se le sentiment d\u2019abandon ressenti lors de la perte de sa maman.<\/p>\n\n\n\n<p>En 1882, Th\u00e9r\u00e8se tombe malade et souffre de malaises et maux de t\u00eate, son \u00e9tat s\u2019aggrave rapidement. La famille, tr\u00e8s inqui\u00e8te, prie Notre Dame des Victoires. Le 13 mai 1883, les s\u0153urs de Th\u00e9r\u00e8se, r\u00e9unies en pri\u00e8re, se tournent vers la statue de la Vierge. Th\u00e9r\u00e8se qui prie avec ses s\u0153urs voit alors la Vierge lui sourire. D\u00e8s cet instant elle est parfaitement gu\u00e9rie. \u00c0 No\u00ebl 1886, elle re\u00e7oit une gr\u00e2ce de conversion qui la fait sortir de l\u2019enfance et avancer spirituellement. En 1887, \u00e0 l\u2019issue d\u2019une messe dominicale Th\u00e9r\u00e8se re\u00e7oit la r\u00e9v\u00e9lation de sa mission : <em>\u00ab sauver des \u00e2mes par la pri\u00e8re et le sacrifice \u00bb<\/em>.<\/p>\n\n\n\n<p>A quinze ans Th\u00e9r\u00e8se d\u00e9sire elle aussi entrer au Carmel. Le sup\u00e9rieur du Carmel s\u2019y oppose formellement en raison de son jeune \u00e2ge. Son p\u00e8re l\u2019emmena \u00e0 Rome o\u00f9 elle eut une audience avec le pape L\u00e9on XIII, \u00e0 sa demande de lui donner la permission d\u2019entrer au&nbsp;<strong>Carmel<\/strong>, il lui dit :&nbsp;<em>\u00ab mon enfant faite ce que vos sup\u00e9rieurs d\u00e9cident \u00bb<\/em>. En avril 1888 Th\u00e9r\u00e8se peut enfin entrer au Carmel, elle prend le nom de&nbsp;<strong>s\u0153ur Th\u00e9r\u00e8se de l\u2019Enfant J\u00e9sus et de la sainte face<\/strong>, elle prononce ses v\u0153ux d\u00e9finitifs deux ans plus tard. Sa s\u0153ur C\u00e9line entre aussi dans la communaut\u00e9 et sa s\u0153ur L\u00e9onie entre dans l\u2019ordre de la Visitation.&nbsp;<strong>S\u0153ur Th\u00e9r\u00e8se de l\u2019Enfant J\u00e9sus<\/strong>&nbsp;est vite confront\u00e9e \u00e0 la dure vie du Carmel, elle dit :&nbsp;<em>\u00ab J\u2019ai trouv\u00e9 la vie religieuse telle que je me l\u2019\u00e9tais figur\u00e9e\u2026 mes premiers pas ont rencontr\u00e9 plus d\u2019\u00e9pines que de roses \u00bb<\/em>. En 1894, Th\u00e9r\u00e8se d\u00e9couvre sa&nbsp;<strong><em>petite voie<\/em><\/strong>&nbsp;et va jusqu&#8217;\u00e0 s&#8217;offrir \u00e0 l&#8217;amour mis\u00e9ricordieux le 9 juin 1895 par son<strong>&nbsp;acte d\u2019offrande<\/strong>. \u00c0 la demande de sa s\u0153ur Pauline, m\u00e8re Agn\u00e8s de J\u00e9sus, elle commence la r\u00e9daction de ses<strong>&nbsp;souvenirs d\u2019enfance<\/strong>, qui deviendront une partie de \u00ab&nbsp;Histoire d\u2019une \u00e2me&nbsp;\u00bb.<\/p>\n\n\n\n<p>Dans la nuit du jeudi au vendredi saint 1896, Th\u00e9r\u00e8se se met \u00e0 cracher du sang, elle per\u00e7oit cela&nbsp;<em>\u00ab comme un doux et lointain murmure qui m&#8217;annon\u00e7ait l\u2019arriv\u00e9e de l\u2019Epoux \u00bb<\/em>. A partir de ce moment, elle est plong\u00e9e dans d\u2019\u00e9paisses t\u00e9n\u00e8bres spirituelles dont elle ne sortira plus. Th\u00e9r\u00e8se est donc atteinte de tuberculose et sa sant\u00e9 se d\u00e9grade rapidement, on l\u2019installe \u00e0 l\u2019infirmerie o\u00f9 elle supporte r\u00e9solument et sans se plaindre ses souffrances qu\u2019elle offre pour le salut des \u00e2mes. Sur la demande de la m\u00e8re sup\u00e9rieure, elle \u00e9crit ses&nbsp;souvenirs de carm\u00e9lite&nbsp;y usant de ses derni\u00e8res forces.<\/p>\n\n\n\n<p>Elle meurt le 30 septembre 1897 \u00e0 l\u2019\u00e2ge de 24 ans, elle disait  \u00ab<em> Je ne meurs pas, j\u2019entre dans la vie \u00bb<\/em>. D\u00e8s lors une \u201c<strong>pluie de rose<\/strong>\u201d va se r\u00e9pandre sur la terre selon les mots de Th\u00e9r\u00e8se elle-m\u00eame. Ce sont tous les miracles qui vont avoir lieu apr\u00e8s sa mort, aupr\u00e8s de sa <strong>tombe <\/strong>notamment.<\/p>\n\n\n\n<p class=\"has-medium-font-size\"><strong>Pourquoi prier avec Sainte-Th\u00e9r\u00e8se de Lisieux ?<\/strong><\/p>\n\n\n\n<p>Consid\u00e9r\u00e9e comme la plus grande sainte des temps modernes par le pape Pie X, la petite Th\u00e9r\u00e8se interc\u00e8de pour nous avec puissance. Elle obtient tellement de gr\u00e2ces que certains parlent d\u2019ouragan de gloire ! On peut prier sainte Th\u00e9r\u00e8se en tout temps, et pour toute intention. Toutefois, elle est connue pour certaines intercessions bien sp\u00e9cifiques.&nbsp;<\/p>\n\n\n\n<p>Il est courant de recourir \u00e0 ses gr\u00e2ces lors d\u2019une&nbsp;pri\u00e8re de gu\u00e9rison&nbsp;pour les malades, ou bien pour lui demander d\u2019acc\u00e9der \u00e0 la&nbsp;petite voie&nbsp;<strong>th\u00e9r\u00e9sienne<\/strong>.<\/p>\n\n\n\n<p class=\"has-medium-font-size\"><strong>Pri\u00e8re pour demander une gr\u00e2ce sp\u00e9cifique<\/strong><\/p>\n\n\n\n<p><em>\u201c\u00d4 glorieuse sainte Th\u00e9r\u00e8se,&nbsp;<\/em><br><em>\u00c9lev\u00e9e par Dieu Tout-Puissant pour aider et conseiller l\u2019humanit\u00e9,&nbsp;<\/em><br><em>J\u2019implore votre miraculeuse intercession.&nbsp;<\/em><br><em>Vous \u00eates \u00e0 tel point puissante pour obtenir aupr\u00e8s de Dieu les faveurs et les gr\u00e2ces,&nbsp;<\/em><br><em>Que la sainte M\u00e8re l\u2019\u00c9glise vous a nomm\u00e9e la plus grande Sainte des temps modernes.<\/em><br><em>Avec ferveur, je vous supplie de r\u00e9pondre \u00e0 ma demande. (&#8230; sp\u00e9cifier votre demande&#8230;),<\/em><br><em>En plus de r\u00e9aliser vos promesses de vous trouver en Paradis pour faire du bien sur la Terre,<\/em><br><em>Et de faire tomber depuis le Ciel une pluie de roses.&nbsp;<\/em><br><em>D\u00e8s lors, ch\u00e8re petite fleur, je ferai en sorte que votre appel soit partout connu,&nbsp;<\/em><br><em>Et je ne cesserai pas de conduire les gens vers J\u00e9sus \u00e0 travers vous.&nbsp;<\/em><br><em>Amen !\u201d<\/em><\/p>\n\n\n\n<h3 class=\"wp-block-heading\" id=\"priere-pour-apprendre-a-vivre-dans-lamour\">Pri\u00e8re pour apprendre \u00e0 vivre dans l\u2019amour<\/h3>\n\n\n\n<p><em>\u201c\u00d4 sainte Th\u00e9r\u00e8se de l\u2019Enfant J\u00e9sus,<\/em><br><em>Toi qui as su trouver la voie de la confiance et de l\u2019amour,<\/em><br><em>Par ton intercession, que nous soit accord\u00e9e la gr\u00e2ce de suivre cette voie avec confiance.<\/em><br><em>\u00d4 sainte Th\u00e9r\u00e8se, interc\u00e8de pour nous.<\/em><br><em>Obtiens-nous de ne pas compter sur nos propres forces, et de mettre notre esp\u00e9rance en Dieu seul,<\/em><br><em>De savoir accepter nos imperfections comme dons de Dieu,<\/em><br><em>De savoir nous effacer, pour laisser en nous toute la place pour J\u00e9sus,<\/em><br><em>De ne pas \u00eatre en recherche d\u2019honneurs et de puissance, mais de savoir, \u00e0 ton image, nous cacher avec amour dans les bras de J\u00e9sus,<\/em><br><em>Obtiens-nous d\u2019\u0153uvrer en tout temps pour r\u00e9pondre \u00e0 la soif d\u2019amour de J\u00e9sus,<\/em><br><em>D\u2019\u00eatre capables de voir les qualit\u00e9s de nos prochains et non leurs faiblesses,<\/em><br><em>De savoir rester humbles,&nbsp;<\/em><br><em>De rendre gr\u00e2ce \u00e0 Dieu en toute chose,<\/em><br><em>Obtiens-nous, enfin, d\u2019avoir une absolue confiance en l\u2019amour de Dieu pour chacun de nous.<\/em><br><em>Sainte Th\u00e9r\u00e8se de Lisieux, prie pour nous !\u201d<\/em><\/p>\n","protected":false},"excerpt":{"rendered":"<p>Sa vie Fran\u00e7oise Marie Th\u00e9r\u00e8se Martin na\u00eet le 2 janvier 1873 \u00e0 Alen\u00e7on. Elle est la derni\u00e8re des neuf enfants &hellip; <\/p>\n","protected":false},"author":1,"featured_media":955,"parent":0,"menu_order":0,"comment_status":"closed","ping_status":"closed","template":"","meta":{"footnotes":""},"class_list":["post-69","page","type-page","status-publish","has-post-thumbnail","hentry"],"_links":{"self":[{"href":"https:\/\/vaast.armentierois.fr\/index.php?rest_route=\/wp\/v2\/pages\/69","targetHints":{"allow":["GET"]}}],"collection":[{"href":"https:\/\/vaast.armentierois.fr\/index.php?rest_route=\/wp\/v2\/pages"}],"about":[{"href":"https:\/\/vaast.armentierois.fr\/index.php?rest_route=\/wp\/v2\/types\/page"}],"author":[{"embeddable":true,"href":"https:\/\/vaast.armentierois.fr\/index.php?rest_route=\/wp\/v2\/users\/1"}],"replies":[{"embeddable":true,"href":"https:\/\/vaast.armentierois.fr\/index.php?rest_route=%2Fwp%2Fv2%2Fcomments&post=69"}],"version-history":[{"count":1,"href":"https:\/\/vaast.armentierois.fr\/index.php?rest_route=\/wp\/v2\/pages\/69\/revisions"}],"predecessor-version":[{"id":2230,"href":"https:\/\/vaast.armentierois.fr\/index.php?rest_route=\/wp\/v2\/pages\/69\/revisions\/2230"}],"wp:featuredmedia":[{"embeddable":true,"href":"https:\/\/vaast.armentierois.fr\/index.php?rest_route=\/"}],"wp:attachment":[{"href":"https:\/\/vaast.armentierois.fr\/index.php?rest_route=%2Fwp%2Fv2%2Fmedia&parent=69"}],"curies":[{"name":"wp","href":"https:\/\/api.w.org\/{rel}","templated":true}]}}